{"id":19670,"date":"2023-07-24T11:14:40","date_gmt":"2023-07-24T09:14:40","guid":{"rendered":"https:\/\/cst.cat\/agenda\/iii-jornada-de-obstetricia-y-ginecologia-ginecologia-en-la-adolescencia-ampliando-la-mirada\/"},"modified":"2023-11-13T20:27:35","modified_gmt":"2023-11-13T19:27:35","slug":"iii-jornada-de-obstetricia-y-ginecologia-ginecologia-en-la-adolescencia-ampliando-la-mirada","status":"publish","type":"agenda","link":"https:\/\/cst.cat\/es\/agenda\/iii-jornada-de-obstetricia-y-ginecologia-ginecologia-en-la-adolescencia-ampliando-la-mirada\/","title":{"rendered":"III JORNADA DE OBSTETRICIA Y GINECOLOG\u00cdA \u00abGINECOLOG\u00cdA EN LA ADOLESCENCIA: AMPLIANDO LA MIRADA\u00bb"},"content":{"rendered":"<div class=\"wp-block-image\">\n<figure class=\"aligncenter size-large is-resized\"><img loading=\"lazy\" decoding=\"async\" width=\"966\" height=\"1366\" src=\"https:\/\/cst.cat\/wp-content\/uploads\/2023\/11\/POSTER-JORNADA-GINECOLOGIA-I-ADOLESCENCIA-V2-966x1366.jpg\" alt=\"\" class=\"wp-image-21502\" style=\"width:481px;height:681px\" srcset=\"https:\/\/cst.cat\/wp-content\/uploads\/2023\/11\/POSTER-JORNADA-GINECOLOGIA-I-ADOLESCENCIA-V2-966x1366.jpg 966w, https:\/\/cst.cat\/wp-content\/uploads\/2023\/11\/POSTER-JORNADA-GINECOLOGIA-I-ADOLESCENCIA-V2-424x600.jpg 424w, https:\/\/cst.cat\/wp-content\/uploads\/2023\/11\/POSTER-JORNADA-GINECOLOGIA-I-ADOLESCENCIA-V2-212x300.jpg 212w, https:\/\/cst.cat\/wp-content\/uploads\/2023\/11\/POSTER-JORNADA-GINECOLOGIA-I-ADOLESCENCIA-V2-768x1086.jpg 768w, https:\/\/cst.cat\/wp-content\/uploads\/2023\/11\/POSTER-JORNADA-GINECOLOGIA-I-ADOLESCENCIA-V2-1086x1536.jpg 1086w, https:\/\/cst.cat\/wp-content\/uploads\/2023\/11\/POSTER-JORNADA-GINECOLOGIA-I-ADOLESCENCIA-V2.jpg 1123w\" sizes=\"auto, (max-width: 966px) 100vw, 966px\" \/><\/figure>\n<\/div>\n\n\n<hr class=\"wp-block-separator has-css-opacity\"\/>\n\n\n\n<p class=\"has-medium-font-size\"><strong>Objetivo de la Jornada:<\/strong> <\/p>\n\n\n\n<p>El objetivo principal de esta jornada es realizar una actualizaci\u00f3n de conocimientos, no s\u00f3lo sobre algunos de los principales trastornos ginecol\u00f3gicos frecuentes al adolescente, sino tambi\u00e9n para entender el contexto biopsicosocial del adolescente y as\u00ed mejorar la comunicaci\u00f3n, la relaci\u00f3n m\u00e9dico-paciente y, de este modo, la asistencia cl\u00ednica.<\/p>\n\n\n\n<hr class=\"wp-block-separator has-css-opacity\"\/>\n\n\n\n<p><strong>Acreditaci\u00f3n:<\/strong><\/p>\n\n\n\n<p>Actividad&nbsp;<strong>09\/035483-MD<\/strong>&nbsp;acreditada por el Consell Catal\u00e0 de Formaci\u00f3 Continuada de les Professions Sanit\u00e0ries -Comisi\u00f3n de Formaci\u00f3n Continuada del Sistema Nacional de Salud- con&nbsp;<strong>0,9 cr\u00e9ditos<\/strong>&nbsp;(7,5 horas lectivas otorgadas).<\/p>\n\n\n\n<p>Es imprescindible haber asistido al 100% de la jornada para recibir el certificado de asistencia acreditado.<\/p>\n\n\n\n<p>Esta jornada cuenta con el Aval Cient\u00edfico de la&nbsp;<a href=\"https:\/\/webs.academia.cat\/societats\/ginecol\/?p=page\/html\/formacio\/resum-dia\/id\/87\/date\/2023-11-16\">Societat Catalana d\u2019Obstetricia i Ginecologia<\/a>.<\/p>\n\n\n<div class=\"wp-block-image\">\n<figure class=\"aligncenter size-full\"><img loading=\"lazy\" decoding=\"async\" width=\"258\" height=\"82\" src=\"https:\/\/cst.cat\/wp-content\/uploads\/2023\/09\/logo_SCOG.png\" alt=\"\" class=\"wp-image-20105\"\/><\/figure>\n<\/div>\n\n\n<hr class=\"wp-block-separator has-text-color has-cyan-bluish-gray-color has-alpha-channel-opacity has-cyan-bluish-gray-background-color has-background\"\/>\n\n\n\n<p class=\"has-medium-font-size\"><strong>Dirigido a: <\/strong><\/p>\n\n\n\n<p><strong>Colectivo principal:<\/strong> Todo el personal asistencial del \u00e1mbito materno infantil en contacto con el adolescente, ginecolog\u00eda y pediatr\u00eda, tanto del \u00e1mbito hospitalario como de la Atenci\u00f3n Primaria.<\/p>\n\n\n\n<p><strong>Colectivos secundarios:<\/strong> Otras especialidades sanitarias en contacto con adolescentes como psiquiatr\u00eda, psicolog\u00eda, trabajo social, diet\u00e9tica y nutrici\u00f3n.<\/p>\n\n\n\n<hr class=\"wp-block-separator has-css-opacity\"\/>\n\n\n\n<p class=\"has-medium-font-size\"><strong>Informaci\u00f3n e inscripciones: <\/strong><\/p>\n\n\n\n<p><strong>Personal interno: GRATUITO<\/strong> <a href=\"https:\/\/cst.web.lsessions.com\/\"><strong>CSTAprend<\/strong><\/a><\/p>\n\n\n\n<p><strong>Personal externo: <strong>100\u20ac<\/strong><\/strong> y es necesario rellenar el siguiente <strong><a href=\"https:\/\/forms.office.com\/e\/95hAuD5ufz\">FORMULARIO<\/a><\/strong><\/p>\n\n\n\n<p>Transferencia a la Fundaci\u00f3n Joan Costa Roma indicando nombre + jornadagine: <strong>ES66 0182 6035 4002 0000 4941<\/strong><\/p>\n\n\n\n<p>Fecha l\u00edmite de inscripci\u00f3n <strong>: 10 de noviembre de 2023<\/strong><\/p>\n\n\n\n<p>Aforo limitado, los participantes ser\u00e1n admitidos por riguroso orden de inscripci\u00f3n.<\/p>\n\n\n\n<p>Los asistentes a la jornada tendr\u00e1n una tarifa reducida del parking de <strong>1,5\u20ac\/d\u00eda<\/strong> .<\/p>\n","protected":false},"featured_media":19657,"template":"","categories":[153,156,181,276,666,975,1442],"tags":[292,328,356,409,452],"class_list":["post-19670","agenda","type-agenda","status-publish","has-post-thumbnail","hentry","category-espacio-mujer","category-jornadas-y-congresos","category-cst-es","category-pediatria-es","category-departamento-de-salud","category-fjcr-es","category-ginecologia-es","tag-adolescencia-es","tag-espacio-mujer","tag-salud","tag-cst-es","tag-hospital-de-terrassa-es"],"acf":[],"yoast_head":"<!-- This site is optimized with the Yoast SEO plugin v27.2 - https:\/\/yoast.com\/product\/yoast-seo-wordpress\/ -->\n<title>III JORNADA DE OBSTETRICIA Y GINECOLOG\u00cdA &quot;GINECOLOG\u00cdA EN LA ADOLESCENCIA: AMPLIANDO LA MIRADA&quot; - CST<\/title>\n<meta name=\"robots\" content=\"index, follow, max-snippet:-1, max-image-preview:large, max-video-preview:-1\" \/>\n<link rel=\"canonical\" href=\"https:\/\/cst.cat\/es\/agenda\/iii-jornada-de-obstetricia-y-ginecologia-ginecologia-en-la-adolescencia-ampliando-la-mirada\/\" \/>\n<meta property=\"og:locale\" content=\"es_ES\" \/>\n<meta property=\"og:type\" content=\"article\" \/>\n<meta property=\"og:title\" content=\"III JORNADA DE OBSTETRICIA Y GINECOLOG\u00cdA &quot;GINECOLOG\u00cdA EN LA ADOLESCENCIA: AMPLIANDO LA MIRADA&quot; - CST\" \/>\n<meta property=\"og:description\" content=\"Objetivo de la Jornada: El objetivo principal de esta jornada es realizar una actualizaci\u00f3n de conocimientos, no s\u00f3lo sobre algunos de los principales trastornos ginecol\u00f3gicos frecuentes al adolescente, sino tambi\u00e9n para entender el contexto biopsicosocial del adolescente y as\u00ed mejorar la comunicaci\u00f3n, la relaci\u00f3n m\u00e9dico-paciente y, de este modo, la asistencia cl\u00ednica. Acreditaci\u00f3n: Actividad&nbsp;09\/035483-MD&nbsp;acreditada por [&hellip;]\" \/>\n<meta property=\"og:url\" content=\"https:\/\/cst.cat\/es\/agenda\/iii-jornada-de-obstetricia-y-ginecologia-ginecologia-en-la-adolescencia-ampliando-la-mirada\/\" \/>\n<meta property=\"og:site_name\" content=\"CST\" \/>\n<meta property=\"article:modified_time\" content=\"2023-11-13T19:27:35+00:00\" \/>\n<meta property=\"og:image\" content=\"https:\/\/cst.cat\/wp-content\/uploads\/2023\/07\/IMATGE-WEB-CST.png\" \/>\n\t<meta property=\"og:image:width\" content=\"700\" \/>\n\t<meta property=\"og:image:height\" content=\"468\" \/>\n\t<meta property=\"og:image:type\" content=\"image\/png\" \/>\n<meta name=\"twitter:card\" content=\"summary_large_image\" \/>\n<meta name=\"twitter:label1\" content=\"Tiempo de lectura\" \/>\n\t<meta name=\"twitter:data1\" content=\"1 minuto\" \/>\n<script type=\"application\/ld+json\" class=\"yoast-schema-graph\">{\"@context\":\"https:\/\/schema.org\",\"@graph\":[{\"@type\":\"WebPage\",\"@id\":\"https:\/\/cst.cat\/es\/agenda\/iii-jornada-de-obstetricia-y-ginecologia-ginecologia-en-la-adolescencia-ampliando-la-mirada\/\",\"url\":\"https:\/\/cst.cat\/es\/agenda\/iii-jornada-de-obstetricia-y-ginecologia-ginecologia-en-la-adolescencia-ampliando-la-mirada\/\",\"name\":\"III JORNADA DE OBSTETRICIA Y GINECOLOG\u00cdA \\\"GINECOLOG\u00cdA EN LA ADOLESCENCIA: AMPLIANDO LA MIRADA\\\" - CST\",\"isPartOf\":{\"@id\":\"https:\/\/cst.cat\/es\/#website\"},\"primaryImageOfPage\":{\"@id\":\"https:\/\/cst.cat\/es\/agenda\/iii-jornada-de-obstetricia-y-ginecologia-ginecologia-en-la-adolescencia-ampliando-la-mirada\/#primaryimage\"},\"image\":{\"@id\":\"https:\/\/cst.cat\/es\/agenda\/iii-jornada-de-obstetricia-y-ginecologia-ginecologia-en-la-adolescencia-ampliando-la-mirada\/#primaryimage\"},\"thumbnailUrl\":\"https:\/\/cst.cat\/wp-content\/uploads\/2023\/07\/IMATGE-WEB-CST.png\",\"datePublished\":\"2023-07-24T09:14:40+00:00\",\"dateModified\":\"2023-11-13T19:27:35+00:00\",\"breadcrumb\":{\"@id\":\"https:\/\/cst.cat\/es\/agenda\/iii-jornada-de-obstetricia-y-ginecologia-ginecologia-en-la-adolescencia-ampliando-la-mirada\/#breadcrumb\"},\"inLanguage\":\"es\",\"potentialAction\":[{\"@type\":\"ReadAction\",\"target\":[\"https:\/\/cst.cat\/es\/agenda\/iii-jornada-de-obstetricia-y-ginecologia-ginecologia-en-la-adolescencia-ampliando-la-mirada\/\"]}]},{\"@type\":\"ImageObject\",\"inLanguage\":\"es\",\"@id\":\"https:\/\/cst.cat\/es\/agenda\/iii-jornada-de-obstetricia-y-ginecologia-ginecologia-en-la-adolescencia-ampliando-la-mirada\/#primaryimage\",\"url\":\"https:\/\/cst.cat\/wp-content\/uploads\/2023\/07\/IMATGE-WEB-CST.png\",\"contentUrl\":\"https:\/\/cst.cat\/wp-content\/uploads\/2023\/07\/IMATGE-WEB-CST.png\",\"width\":700,\"height\":468},{\"@type\":\"BreadcrumbList\",\"@id\":\"https:\/\/cst.cat\/es\/agenda\/iii-jornada-de-obstetricia-y-ginecologia-ginecologia-en-la-adolescencia-ampliando-la-mirada\/#breadcrumb\",\"itemListElement\":[{\"@type\":\"ListItem\",\"position\":1,\"name\":\"Inici\",\"item\":\"https:\/\/cst.cat\/es\/\"},{\"@type\":\"ListItem\",\"position\":2,\"name\":\"III JORNADA DE OBSTETRICIA Y GINECOLOG\u00cdA &#8220;GINECOLOG\u00cdA EN LA ADOLESCENCIA: AMPLIANDO LA MIRADA&#8221;\"}]},{\"@type\":\"WebSite\",\"@id\":\"https:\/\/cst.cat\/es\/#website\",\"url\":\"https:\/\/cst.cat\/es\/\",\"name\":\"CST\",\"description\":\"\",\"publisher\":{\"@id\":\"https:\/\/cst.cat\/es\/#organization\"},\"potentialAction\":[{\"@type\":\"SearchAction\",\"target\":{\"@type\":\"EntryPoint\",\"urlTemplate\":\"https:\/\/cst.cat\/es\/?s={search_term_string}\"},\"query-input\":{\"@type\":\"PropertyValueSpecification\",\"valueRequired\":true,\"valueName\":\"search_term_string\"}}],\"inLanguage\":\"es\"},{\"@type\":\"Organization\",\"@id\":\"https:\/\/cst.cat\/es\/#organization\",\"name\":\"Consorci Sanitari de Terrassa\",\"url\":\"https:\/\/cst.cat\/es\/\",\"logo\":{\"@type\":\"ImageObject\",\"inLanguage\":\"es\",\"@id\":\"https:\/\/cst.cat\/es\/#\/schema\/logo\/image\/\",\"url\":\"https:\/\/cst.cat\/wp-content\/uploads\/2021\/09\/logo-header.svg\",\"contentUrl\":\"https:\/\/cst.cat\/wp-content\/uploads\/2021\/09\/logo-header.svg\",\"width\":90,\"height\":32,\"caption\":\"Consorci Sanitari de Terrassa\"},\"image\":{\"@id\":\"https:\/\/cst.cat\/es\/#\/schema\/logo\/image\/\"}}]}<\/script>\n<!-- \/ Yoast SEO plugin. -->","yoast_head_json":{"title":"III JORNADA DE OBSTETRICIA Y GINECOLOG\u00cdA \"GINECOLOG\u00cdA EN LA ADOLESCENCIA: AMPLIANDO LA MIRADA\" - CST","robots":{"index":"index","follow":"follow","max-snippet":"max-snippet:-1","max-image-preview":"max-image-preview:large","max-video-preview":"max-video-preview:-1"},"canonical":"https:\/\/cst.cat\/es\/agenda\/iii-jornada-de-obstetricia-y-ginecologia-ginecologia-en-la-adolescencia-ampliando-la-mirada\/","og_locale":"es_ES","og_type":"article","og_title":"III JORNADA DE OBSTETRICIA Y GINECOLOG\u00cdA \"GINECOLOG\u00cdA EN LA ADOLESCENCIA: AMPLIANDO LA MIRADA\" - CST","og_description":"Objetivo de la Jornada: El objetivo principal de esta jornada es realizar una actualizaci\u00f3n de conocimientos, no s\u00f3lo sobre algunos de los principales trastornos ginecol\u00f3gicos frecuentes al adolescente, sino tambi\u00e9n para entender el contexto biopsicosocial del adolescente y as\u00ed mejorar la comunicaci\u00f3n, la relaci\u00f3n m\u00e9dico-paciente y, de este modo, la asistencia cl\u00ednica. Acreditaci\u00f3n: Actividad&nbsp;09\/035483-MD&nbsp;acreditada por [&hellip;]","og_url":"https:\/\/cst.cat\/es\/agenda\/iii-jornada-de-obstetricia-y-ginecologia-ginecologia-en-la-adolescencia-ampliando-la-mirada\/","og_site_name":"CST","article_modified_time":"2023-11-13T19:27:35+00:00","og_image":[{"width":700,"height":468,"url":"https:\/\/cst.cat\/wp-content\/uploads\/2023\/07\/IMATGE-WEB-CST.png","type":"image\/png"}],"twitter_card":"summary_large_image","twitter_misc":{"Tiempo de lectura":"1 minuto"},"schema":{"@context":"https:\/\/schema.org","@graph":[{"@type":"WebPage","@id":"https:\/\/cst.cat\/es\/agenda\/iii-jornada-de-obstetricia-y-ginecologia-ginecologia-en-la-adolescencia-ampliando-la-mirada\/","url":"https:\/\/cst.cat\/es\/agenda\/iii-jornada-de-obstetricia-y-ginecologia-ginecologia-en-la-adolescencia-ampliando-la-mirada\/","name":"III JORNADA DE OBSTETRICIA Y GINECOLOG\u00cdA \"GINECOLOG\u00cdA EN LA ADOLESCENCIA: AMPLIANDO LA MIRADA\" - CST","isPartOf":{"@id":"https:\/\/cst.cat\/es\/#website"},"primaryImageOfPage":{"@id":"https:\/\/cst.cat\/es\/agenda\/iii-jornada-de-obstetricia-y-ginecologia-ginecologia-en-la-adolescencia-ampliando-la-mirada\/#primaryimage"},"image":{"@id":"https:\/\/cst.cat\/es\/agenda\/iii-jornada-de-obstetricia-y-ginecologia-ginecologia-en-la-adolescencia-ampliando-la-mirada\/#primaryimage"},"thumbnailUrl":"https:\/\/cst.cat\/wp-content\/uploads\/2023\/07\/IMATGE-WEB-CST.png","datePublished":"2023-07-24T09:14:40+00:00","dateModified":"2023-11-13T19:27:35+00:00","breadcrumb":{"@id":"https:\/\/cst.cat\/es\/agenda\/iii-jornada-de-obstetricia-y-ginecologia-ginecologia-en-la-adolescencia-ampliando-la-mirada\/#breadcrumb"},"inLanguage":"es","potentialAction":[{"@type":"ReadAction","target":["https:\/\/cst.cat\/es\/agenda\/iii-jornada-de-obstetricia-y-ginecologia-ginecologia-en-la-adolescencia-ampliando-la-mirada\/"]}]},{"@type":"ImageObject","inLanguage":"es","@id":"https:\/\/cst.cat\/es\/agenda\/iii-jornada-de-obstetricia-y-ginecologia-ginecologia-en-la-adolescencia-ampliando-la-mirada\/#primaryimage","url":"https:\/\/cst.cat\/wp-content\/uploads\/2023\/07\/IMATGE-WEB-CST.png","contentUrl":"https:\/\/cst.cat\/wp-content\/uploads\/2023\/07\/IMATGE-WEB-CST.png","width":700,"height":468},{"@type":"BreadcrumbList","@id":"https:\/\/cst.cat\/es\/agenda\/iii-jornada-de-obstetricia-y-ginecologia-ginecologia-en-la-adolescencia-ampliando-la-mirada\/#breadcrumb","itemListElement":[{"@type":"ListItem","position":1,"name":"Inici","item":"https:\/\/cst.cat\/es\/"},{"@type":"ListItem","position":2,"name":"III JORNADA DE OBSTETRICIA Y GINECOLOG\u00cdA &#8220;GINECOLOG\u00cdA EN LA ADOLESCENCIA: AMPLIANDO LA MIRADA&#8221;"}]},{"@type":"WebSite","@id":"https:\/\/cst.cat\/es\/#website","url":"https:\/\/cst.cat\/es\/","name":"CST","description":"","publisher":{"@id":"https:\/\/cst.cat\/es\/#organization"},"potentialAction":[{"@type":"SearchAction","target":{"@type":"EntryPoint","urlTemplate":"https:\/\/cst.cat\/es\/?s={search_term_string}"},"query-input":{"@type":"PropertyValueSpecification","valueRequired":true,"valueName":"search_term_string"}}],"inLanguage":"es"},{"@type":"Organization","@id":"https:\/\/cst.cat\/es\/#organization","name":"Consorci Sanitari de Terrassa","url":"https:\/\/cst.cat\/es\/","logo":{"@type":"ImageObject","inLanguage":"es","@id":"https:\/\/cst.cat\/es\/#\/schema\/logo\/image\/","url":"https:\/\/cst.cat\/wp-content\/uploads\/2021\/09\/logo-header.svg","contentUrl":"https:\/\/cst.cat\/wp-content\/uploads\/2021\/09\/logo-header.svg","width":90,"height":32,"caption":"Consorci Sanitari de Terrassa"},"image":{"@id":"https:\/\/cst.cat\/es\/#\/schema\/logo\/image\/"}}]}},"_links":{"self":[{"href":"https:\/\/cst.cat\/es\/wp-json\/wp\/v2\/agenda\/19670","targetHints":{"allow":["GET"]}}],"collection":[{"href":"https:\/\/cst.cat\/es\/wp-json\/wp\/v2\/agenda"}],"about":[{"href":"https:\/\/cst.cat\/es\/wp-json\/wp\/v2\/types\/agenda"}],"wp:featuredmedia":[{"embeddable":true,"href":"https:\/\/cst.cat\/es\/wp-json\/wp\/v2\/media\/19657"}],"wp:attachment":[{"href":"https:\/\/cst.cat\/es\/wp-json\/wp\/v2\/media?parent=19670"}],"wp:term":[{"taxonomy":"category","embeddable":true,"href":"https:\/\/cst.cat\/es\/wp-json\/wp\/v2\/categories?post=19670"},{"taxonomy":"post_tag","embeddable":true,"href":"https:\/\/cst.cat\/es\/wp-json\/wp\/v2\/tags?post=19670"}],"curies":[{"name":"wp","href":"https:\/\/api.w.org\/{rel}","templated":true}]}}