{"id":33147,"date":"2025-11-13T11:15:18","date_gmt":"2025-11-13T10:15:18","guid":{"rendered":"https:\/\/cst.cat\/agenda\/ii-jornada-de-dermatologia-pediatrica-del-cst-cuando-la-piel-habla-retos-en-dermatologia-pediatrica\/"},"modified":"2026-01-27T10:24:32","modified_gmt":"2026-01-27T09:24:32","slug":"ii-jornada-de-dermatologia-pediatrica-del-cst-cuando-la-piel-habla-retos-en-dermatologia-pediatrica","status":"publish","type":"agenda","link":"https:\/\/cst.cat\/es\/agenda\/ii-jornada-de-dermatologia-pediatrica-del-cst-cuando-la-piel-habla-retos-en-dermatologia-pediatrica\/","title":{"rendered":"II Jornada de Dermatolog\u00eda Pedi\u00e1trica del CST. Cuando la piel habla: retos en dermatolog\u00eda pedi\u00e1trica"},"content":{"rendered":"<div class=\"wp-block-image is-style-default\">\n<figure class=\"aligncenter size-full is-resized\"><a href=\"https:\/\/cst.cat\/wp-content\/uploads\/2025\/11\/CARATULA-XXSS-CAT.jpg\" target=\"_blank\" rel=\"noreferrer noopener\"><img loading=\"lazy\" decoding=\"async\" width=\"1123\" height=\"794\" src=\"https:\/\/cst.cat\/wp-content\/uploads\/2025\/11\/CARATULA-XXSS-CAT.jpg\" alt=\"\" class=\"wp-image-33141\" style=\"aspect-ratio:1.7777777777777777;object-fit:cover;width:772px;height:auto\" srcset=\"https:\/\/cst.cat\/wp-content\/uploads\/2025\/11\/CARATULA-XXSS-CAT.jpg 1123w, https:\/\/cst.cat\/wp-content\/uploads\/2025\/11\/CARATULA-XXSS-CAT-600x424.jpg 600w, https:\/\/cst.cat\/wp-content\/uploads\/2025\/11\/CARATULA-XXSS-CAT-300x212.jpg 300w, https:\/\/cst.cat\/wp-content\/uploads\/2025\/11\/CARATULA-XXSS-CAT-768x543.jpg 768w\" sizes=\"auto, (max-width: 1123px) 100vw, 1123px\" \/><\/a><\/figure>\n<\/div>\n\n\n<hr class=\"wp-block-separator has-css-opacity\"\/>\n\n\n\n<p class=\"has-medium-font-size\"><strong>Objetivos generales de la Jornada:<\/strong> <\/p>\n\n\n\n<p>La <strong>II Jornada de Dermatolog\u00eda Pedi\u00e1trica del Consorcio Sanitario de Terrassa<\/strong> , con el t\u00edtulo <strong>\u201cCuando la piel habla: retos en dermatolog\u00eda pedi\u00e1trica\u201d<\/strong> , nace con la voluntad de ofrecer un espacio de encuentro y actualizaci\u00f3n para los profesionales que atienden a ni\u00f1os y adolescentes con patolog\u00eda cut\u00e1nea.<\/p>\n\n\n\n<hr class=\"wp-block-separator has-css-opacity\"\/>\n\n\n\n<p><strong>Acreditaci\u00f3n:<\/strong><\/p>\n\n\n\n<p>La actividad <strong>09\/041560-MD<\/strong> est\u00e1 acreditada por el Consejo Catal\u00e1n de Formaci\u00f3n Continua de las Profesiones Sanitarias -Comisi\u00f3n de Formaci\u00f3n Continua del Sistema Nacional de Salud- con 0.6 cr\u00e9ditos (5 horas lectivas otorgadas).<\/p>\n\n\n\n<p><em>Para la obtenci\u00f3n del Certificado Acreditado, es requisito indispensable<\/em> <strong><em>haber asistido al 100%<\/em><\/strong> <em>de la jornada<\/em><\/p>\n\n\n\n<hr class=\"wp-block-separator has-text-color has-cyan-bluish-gray-color has-alpha-channel-opacity has-cyan-bluish-gray-background-color has-background\"\/>\n\n\n\n<p class=\"has-medium-font-size\"><strong>Dirigido a: <\/strong><\/p>\n\n\n\n<p>Esta jornada est\u00e1 dirigida a <strong>m\u00e9dicos y m\u00e9dicas de Pediatr\u00eda, de Medicina Familiar y Comunitaria, Dermatolog\u00eda y personal de enfermer\u00eda de estas especialidades.<\/strong> <\/p>\n\n\n\n<hr class=\"wp-block-separator has-css-opacity\"\/>\n\n\n\n<p class=\"has-medium-font-size\"><strong>Informaci\u00f3n e inscripciones: <\/strong><\/p>\n\n\n\n<p><strong>Personal interno:<\/strong> <a href=\"https:\/\/cst.iformalia.es\/Publico\/Portal\/FormacionFormulario.aspx?idg=y51lAPaEMjQ=&amp;return=no&amp;returnurl=\" target=\"_blank\" rel=\"noreferrer noopener\">CSTForma&#8217;t<\/a><\/p>\n\n\n\n<p><strong>Personal externo : <a href=\"https:\/\/forms.office.com\/pages\/responsepage.aspx?id=MJBK9WozfU6tK-0hdeCdftzk2kcO_QNOvM7FItRs805UOUc5Q1Q0VFlMUTFSQ1E5UUtUMjg3TTVWWC4u&amp;route=shorturl\" target=\"_blank\" rel=\"noreferrer noopener\">FORM<\/a><a href=\"https:\/\/cst.iformalia.es\/Publico\/Portal\/FormacionFormulario.aspx?idg=y51lAPaEMjQ=&amp;return=no&amp;returnurl=\" target=\"_blank\" rel=\"noreferrer noopener\">ULARIO<\/a><\/strong><\/p>\n\n\n\n<p>Fecha l\u00edmite de inscripci\u00f3n <strong>: 28 de enero de 2026<\/strong><\/p>\n\n\n\n<p><em>Aforo limitado. Los participantes ser\u00e1n admitidos por riguroso orden de inscripci\u00f3n. Se priorizar\u00e1n a las personas en lista de espera de anteriores jornadas.<\/em><\/p>\n\n\n\n<p><em>Anulaciones hasta el 4 de febrero.<\/em><\/p>\n\n\n\n<p><strong><em>Se recomienda utilizar el transporte p\u00fablico para asistir a la jornada.<\/em><\/strong> <strong><em>Si<\/em><\/strong> <strong><em>vienes<\/em><\/strong> <strong><em>en<\/em><\/strong> <strong><em>veh\u00edculo<\/em><\/strong><strong><em> <\/em><\/strong><strong><em>privado<\/em><\/strong> <strong><em>, se puede utilizar el parking del tanatorio cuando no haya disponibilidad de aparcamiento en el CST.<\/em><\/strong><\/p>\n\n\n\n<hr class=\"wp-block-separator has-alpha-channel-opacity\"\/>\n\n\n\n<p><strong>Patrocinan:<\/strong><\/p>\n\n\n\n<p><em>Oro:<\/em><\/p>\n\n\n\n<p><a href=\"https:\/\/www.pfizer.es\/\">Pfizer<\/a><\/p>\n\n\n\n<p><em>Plata:<\/em><\/p>\n\n\n\n<p><a href=\"https:\/\/www.almirall.es\/\">Almirall<\/a><\/p>\n\n\n\n<p><a href=\"https:\/\/alexion.com\/\">Alexion AstraZeneca Rare Disease<\/a><\/p>\n\n\n\n<p><a href=\"https:\/\/unipharma.com\/es\/\">Laboratorios UniPharma, s.a.<\/a><\/p>\n\n\n\n<p><a href=\"https:\/\/www.sanofi.com\/es\/espana\">Sanofi<\/a><\/p>\n\n\n\n<p><a href=\"https:\/\/www.regeneron.es\/\">Regeneron<\/a><\/p>\n\n\n\n<p><em>Bronce:<\/em><\/p>\n\n\n\n<p><a href=\"https:\/\/www.vinas.es\/\">Laboratorios Vi\u00f1as<\/a><\/p>\n\n\n\n<p><a href=\"https:\/\/www.viatris.es\/\">Viatris<\/a><\/p>\n\n\n\n<p><a href=\"https:\/\/www.lilly.com\/es\/\">Lilly<\/a><\/p>\n","protected":false},"featured_media":33146,"template":"","categories":[156],"tags":[352,409,1326,1456],"class_list":["post-33147","agenda","type-agenda","status-publish","has-post-thumbnail","hentry","category-jornadas-y-congresos","tag-pediatria-es","tag-cst-es","tag-dermatologia-es","tag-hospital-universitario-de-terrassa"],"acf":[],"yoast_head":"<!-- This site is optimized with the Yoast SEO plugin v27.2 - https:\/\/yoast.com\/product\/yoast-seo-wordpress\/ -->\n<title>II Jornada de Dermatolog\u00eda Pedi\u00e1trica del CST. Cuando la piel habla: retos en dermatolog\u00eda pedi\u00e1trica - CST<\/title>\n<meta name=\"robots\" content=\"index, follow, max-snippet:-1, max-image-preview:large, max-video-preview:-1\" \/>\n<link rel=\"canonical\" href=\"https:\/\/cst.cat\/es\/agenda\/ii-jornada-de-dermatologia-pediatrica-del-cst-cuando-la-piel-habla-retos-en-dermatologia-pediatrica\/\" \/>\n<meta property=\"og:locale\" content=\"es_ES\" \/>\n<meta property=\"og:type\" content=\"article\" \/>\n<meta property=\"og:title\" content=\"II Jornada de Dermatolog\u00eda Pedi\u00e1trica del CST. Cuando la piel habla: retos en dermatolog\u00eda pedi\u00e1trica - CST\" \/>\n<meta property=\"og:description\" content=\"Objetivos generales de la Jornada: La II Jornada de Dermatolog\u00eda Pedi\u00e1trica del Consorcio Sanitario de Terrassa , con el t\u00edtulo \u201cCuando la piel habla: retos en dermatolog\u00eda pedi\u00e1trica\u201d , nace con la voluntad de ofrecer un espacio de encuentro y actualizaci\u00f3n para los profesionales que atienden a ni\u00f1os y adolescentes con patolog\u00eda cut\u00e1nea. Acreditaci\u00f3n: La [&hellip;]\" \/>\n<meta property=\"og:url\" content=\"https:\/\/cst.cat\/es\/agenda\/ii-jornada-de-dermatologia-pediatrica-del-cst-cuando-la-piel-habla-retos-en-dermatologia-pediatrica\/\" \/>\n<meta property=\"og:site_name\" content=\"CST\" \/>\n<meta property=\"article:modified_time\" content=\"2026-01-27T09:24:32+00:00\" \/>\n<meta property=\"og:image\" content=\"https:\/\/cst.cat\/wp-content\/uploads\/2025\/11\/Diseno-sin-titulo-2025-11-13T101034.464.png\" \/>\n\t<meta property=\"og:image:width\" content=\"700\" \/>\n\t<meta property=\"og:image:height\" content=\"468\" \/>\n\t<meta property=\"og:image:type\" content=\"image\/png\" \/>\n<meta name=\"twitter:card\" content=\"summary_large_image\" \/>\n<meta name=\"twitter:label1\" content=\"Tiempo de lectura\" \/>\n\t<meta name=\"twitter:data1\" content=\"1 minuto\" \/>\n<script type=\"application\/ld+json\" class=\"yoast-schema-graph\">{\"@context\":\"https:\/\/schema.org\",\"@graph\":[{\"@type\":\"WebPage\",\"@id\":\"https:\/\/cst.cat\/es\/agenda\/ii-jornada-de-dermatologia-pediatrica-del-cst-cuando-la-piel-habla-retos-en-dermatologia-pediatrica\/\",\"url\":\"https:\/\/cst.cat\/es\/agenda\/ii-jornada-de-dermatologia-pediatrica-del-cst-cuando-la-piel-habla-retos-en-dermatologia-pediatrica\/\",\"name\":\"II Jornada de Dermatolog\u00eda Pedi\u00e1trica del CST. Cuando la piel habla: retos en dermatolog\u00eda pedi\u00e1trica - CST\",\"isPartOf\":{\"@id\":\"https:\/\/cst.cat\/es\/#website\"},\"primaryImageOfPage\":{\"@id\":\"https:\/\/cst.cat\/es\/agenda\/ii-jornada-de-dermatologia-pediatrica-del-cst-cuando-la-piel-habla-retos-en-dermatologia-pediatrica\/#primaryimage\"},\"image\":{\"@id\":\"https:\/\/cst.cat\/es\/agenda\/ii-jornada-de-dermatologia-pediatrica-del-cst-cuando-la-piel-habla-retos-en-dermatologia-pediatrica\/#primaryimage\"},\"thumbnailUrl\":\"https:\/\/cst.cat\/wp-content\/uploads\/2025\/11\/Diseno-sin-titulo-2025-11-13T101034.464.png\",\"datePublished\":\"2025-11-13T10:15:18+00:00\",\"dateModified\":\"2026-01-27T09:24:32+00:00\",\"breadcrumb\":{\"@id\":\"https:\/\/cst.cat\/es\/agenda\/ii-jornada-de-dermatologia-pediatrica-del-cst-cuando-la-piel-habla-retos-en-dermatologia-pediatrica\/#breadcrumb\"},\"inLanguage\":\"es\",\"potentialAction\":[{\"@type\":\"ReadAction\",\"target\":[\"https:\/\/cst.cat\/es\/agenda\/ii-jornada-de-dermatologia-pediatrica-del-cst-cuando-la-piel-habla-retos-en-dermatologia-pediatrica\/\"]}]},{\"@type\":\"ImageObject\",\"inLanguage\":\"es\",\"@id\":\"https:\/\/cst.cat\/es\/agenda\/ii-jornada-de-dermatologia-pediatrica-del-cst-cuando-la-piel-habla-retos-en-dermatologia-pediatrica\/#primaryimage\",\"url\":\"https:\/\/cst.cat\/wp-content\/uploads\/2025\/11\/Diseno-sin-titulo-2025-11-13T101034.464.png\",\"contentUrl\":\"https:\/\/cst.cat\/wp-content\/uploads\/2025\/11\/Diseno-sin-titulo-2025-11-13T101034.464.png\",\"width\":700,\"height\":468},{\"@type\":\"BreadcrumbList\",\"@id\":\"https:\/\/cst.cat\/es\/agenda\/ii-jornada-de-dermatologia-pediatrica-del-cst-cuando-la-piel-habla-retos-en-dermatologia-pediatrica\/#breadcrumb\",\"itemListElement\":[{\"@type\":\"ListItem\",\"position\":1,\"name\":\"Inici\",\"item\":\"https:\/\/cst.cat\/es\/\"},{\"@type\":\"ListItem\",\"position\":2,\"name\":\"II Jornada de Dermatolog\u00eda Pedi\u00e1trica del CST. Cuando la piel habla: retos en dermatolog\u00eda pedi\u00e1trica\"}]},{\"@type\":\"WebSite\",\"@id\":\"https:\/\/cst.cat\/es\/#website\",\"url\":\"https:\/\/cst.cat\/es\/\",\"name\":\"CST\",\"description\":\"\",\"publisher\":{\"@id\":\"https:\/\/cst.cat\/es\/#organization\"},\"potentialAction\":[{\"@type\":\"SearchAction\",\"target\":{\"@type\":\"EntryPoint\",\"urlTemplate\":\"https:\/\/cst.cat\/es\/?s={search_term_string}\"},\"query-input\":{\"@type\":\"PropertyValueSpecification\",\"valueRequired\":true,\"valueName\":\"search_term_string\"}}],\"inLanguage\":\"es\"},{\"@type\":\"Organization\",\"@id\":\"https:\/\/cst.cat\/es\/#organization\",\"name\":\"Consorci Sanitari de Terrassa\",\"url\":\"https:\/\/cst.cat\/es\/\",\"logo\":{\"@type\":\"ImageObject\",\"inLanguage\":\"es\",\"@id\":\"https:\/\/cst.cat\/es\/#\/schema\/logo\/image\/\",\"url\":\"https:\/\/cst.cat\/wp-content\/uploads\/2021\/09\/logo-header.svg\",\"contentUrl\":\"https:\/\/cst.cat\/wp-content\/uploads\/2021\/09\/logo-header.svg\",\"width\":90,\"height\":32,\"caption\":\"Consorci Sanitari de Terrassa\"},\"image\":{\"@id\":\"https:\/\/cst.cat\/es\/#\/schema\/logo\/image\/\"}}]}<\/script>\n<!-- \/ Yoast SEO plugin. -->","yoast_head_json":{"title":"II Jornada de Dermatolog\u00eda Pedi\u00e1trica del CST. Cuando la piel habla: retos en dermatolog\u00eda pedi\u00e1trica - CST","robots":{"index":"index","follow":"follow","max-snippet":"max-snippet:-1","max-image-preview":"max-image-preview:large","max-video-preview":"max-video-preview:-1"},"canonical":"https:\/\/cst.cat\/es\/agenda\/ii-jornada-de-dermatologia-pediatrica-del-cst-cuando-la-piel-habla-retos-en-dermatologia-pediatrica\/","og_locale":"es_ES","og_type":"article","og_title":"II Jornada de Dermatolog\u00eda Pedi\u00e1trica del CST. Cuando la piel habla: retos en dermatolog\u00eda pedi\u00e1trica - CST","og_description":"Objetivos generales de la Jornada: La II Jornada de Dermatolog\u00eda Pedi\u00e1trica del Consorcio Sanitario de Terrassa , con el t\u00edtulo \u201cCuando la piel habla: retos en dermatolog\u00eda pedi\u00e1trica\u201d , nace con la voluntad de ofrecer un espacio de encuentro y actualizaci\u00f3n para los profesionales que atienden a ni\u00f1os y adolescentes con patolog\u00eda cut\u00e1nea. Acreditaci\u00f3n: La [&hellip;]","og_url":"https:\/\/cst.cat\/es\/agenda\/ii-jornada-de-dermatologia-pediatrica-del-cst-cuando-la-piel-habla-retos-en-dermatologia-pediatrica\/","og_site_name":"CST","article_modified_time":"2026-01-27T09:24:32+00:00","og_image":[{"width":700,"height":468,"url":"https:\/\/cst.cat\/wp-content\/uploads\/2025\/11\/Diseno-sin-titulo-2025-11-13T101034.464.png","type":"image\/png"}],"twitter_card":"summary_large_image","twitter_misc":{"Tiempo de lectura":"1 minuto"},"schema":{"@context":"https:\/\/schema.org","@graph":[{"@type":"WebPage","@id":"https:\/\/cst.cat\/es\/agenda\/ii-jornada-de-dermatologia-pediatrica-del-cst-cuando-la-piel-habla-retos-en-dermatologia-pediatrica\/","url":"https:\/\/cst.cat\/es\/agenda\/ii-jornada-de-dermatologia-pediatrica-del-cst-cuando-la-piel-habla-retos-en-dermatologia-pediatrica\/","name":"II Jornada de Dermatolog\u00eda Pedi\u00e1trica del CST. Cuando la piel habla: retos en dermatolog\u00eda pedi\u00e1trica - CST","isPartOf":{"@id":"https:\/\/cst.cat\/es\/#website"},"primaryImageOfPage":{"@id":"https:\/\/cst.cat\/es\/agenda\/ii-jornada-de-dermatologia-pediatrica-del-cst-cuando-la-piel-habla-retos-en-dermatologia-pediatrica\/#primaryimage"},"image":{"@id":"https:\/\/cst.cat\/es\/agenda\/ii-jornada-de-dermatologia-pediatrica-del-cst-cuando-la-piel-habla-retos-en-dermatologia-pediatrica\/#primaryimage"},"thumbnailUrl":"https:\/\/cst.cat\/wp-content\/uploads\/2025\/11\/Diseno-sin-titulo-2025-11-13T101034.464.png","datePublished":"2025-11-13T10:15:18+00:00","dateModified":"2026-01-27T09:24:32+00:00","breadcrumb":{"@id":"https:\/\/cst.cat\/es\/agenda\/ii-jornada-de-dermatologia-pediatrica-del-cst-cuando-la-piel-habla-retos-en-dermatologia-pediatrica\/#breadcrumb"},"inLanguage":"es","potentialAction":[{"@type":"ReadAction","target":["https:\/\/cst.cat\/es\/agenda\/ii-jornada-de-dermatologia-pediatrica-del-cst-cuando-la-piel-habla-retos-en-dermatologia-pediatrica\/"]}]},{"@type":"ImageObject","inLanguage":"es","@id":"https:\/\/cst.cat\/es\/agenda\/ii-jornada-de-dermatologia-pediatrica-del-cst-cuando-la-piel-habla-retos-en-dermatologia-pediatrica\/#primaryimage","url":"https:\/\/cst.cat\/wp-content\/uploads\/2025\/11\/Diseno-sin-titulo-2025-11-13T101034.464.png","contentUrl":"https:\/\/cst.cat\/wp-content\/uploads\/2025\/11\/Diseno-sin-titulo-2025-11-13T101034.464.png","width":700,"height":468},{"@type":"BreadcrumbList","@id":"https:\/\/cst.cat\/es\/agenda\/ii-jornada-de-dermatologia-pediatrica-del-cst-cuando-la-piel-habla-retos-en-dermatologia-pediatrica\/#breadcrumb","itemListElement":[{"@type":"ListItem","position":1,"name":"Inici","item":"https:\/\/cst.cat\/es\/"},{"@type":"ListItem","position":2,"name":"II Jornada de Dermatolog\u00eda Pedi\u00e1trica del CST. Cuando la piel habla: retos en dermatolog\u00eda pedi\u00e1trica"}]},{"@type":"WebSite","@id":"https:\/\/cst.cat\/es\/#website","url":"https:\/\/cst.cat\/es\/","name":"CST","description":"","publisher":{"@id":"https:\/\/cst.cat\/es\/#organization"},"potentialAction":[{"@type":"SearchAction","target":{"@type":"EntryPoint","urlTemplate":"https:\/\/cst.cat\/es\/?s={search_term_string}"},"query-input":{"@type":"PropertyValueSpecification","valueRequired":true,"valueName":"search_term_string"}}],"inLanguage":"es"},{"@type":"Organization","@id":"https:\/\/cst.cat\/es\/#organization","name":"Consorci Sanitari de Terrassa","url":"https:\/\/cst.cat\/es\/","logo":{"@type":"ImageObject","inLanguage":"es","@id":"https:\/\/cst.cat\/es\/#\/schema\/logo\/image\/","url":"https:\/\/cst.cat\/wp-content\/uploads\/2021\/09\/logo-header.svg","contentUrl":"https:\/\/cst.cat\/wp-content\/uploads\/2021\/09\/logo-header.svg","width":90,"height":32,"caption":"Consorci Sanitari de Terrassa"},"image":{"@id":"https:\/\/cst.cat\/es\/#\/schema\/logo\/image\/"}}]}},"_links":{"self":[{"href":"https:\/\/cst.cat\/es\/wp-json\/wp\/v2\/agenda\/33147","targetHints":{"allow":["GET"]}}],"collection":[{"href":"https:\/\/cst.cat\/es\/wp-json\/wp\/v2\/agenda"}],"about":[{"href":"https:\/\/cst.cat\/es\/wp-json\/wp\/v2\/types\/agenda"}],"wp:featuredmedia":[{"embeddable":true,"href":"https:\/\/cst.cat\/es\/wp-json\/wp\/v2\/media\/33146"}],"wp:attachment":[{"href":"https:\/\/cst.cat\/es\/wp-json\/wp\/v2\/media?parent=33147"}],"wp:term":[{"taxonomy":"category","embeddable":true,"href":"https:\/\/cst.cat\/es\/wp-json\/wp\/v2\/categories?post=33147"},{"taxonomy":"post_tag","embeddable":true,"href":"https:\/\/cst.cat\/es\/wp-json\/wp\/v2\/tags?post=33147"}],"curies":[{"name":"wp","href":"https:\/\/api.w.org\/{rel}","templated":true}]}}