{"id":33884,"date":"2026-01-19T09:59:20","date_gmt":"2026-01-19T08:59:20","guid":{"rendered":"https:\/\/cst.cat\/agenda\/i-jornada-de-enfermedades-minoritarias-del-consorci-sanitari-de-terrassa-enfermedades-minoritarias-poco-frecuentes-no-invisbles\/"},"modified":"2026-03-02T11:34:17","modified_gmt":"2026-03-02T10:34:17","slug":"i-jornada-de-enfermedades-minoritarias-del-consorci-sanitari-de-terrassa-enfermedades-minoritarias-poco-frecuentes-no-invisbles","status":"publish","type":"agenda","link":"https:\/\/cst.cat\/es\/agenda\/i-jornada-de-enfermedades-minoritarias-del-consorci-sanitari-de-terrassa-enfermedades-minoritarias-poco-frecuentes-no-invisbles\/","title":{"rendered":"I Jornada de enfermedades minoritarias del Consorci Sanitari de Terrassa. Enfermedades minoritarias: poco frecuentes, no invisbles."},"content":{"rendered":"\n<figure class=\"wp-block-image size-full is-resized\"><img loading=\"lazy\" decoding=\"async\" width=\"1123\" height=\"794\" src=\"https:\/\/cst.cat\/wp-content\/uploads\/2026\/01\/CARATULA-XXSS-CAT.jpg\" alt=\"\" class=\"wp-image-33878\" style=\"aspect-ratio:1.4143576826196473;width:813px;height:auto\" srcset=\"https:\/\/cst.cat\/wp-content\/uploads\/2026\/01\/CARATULA-XXSS-CAT.jpg 1123w, https:\/\/cst.cat\/wp-content\/uploads\/2026\/01\/CARATULA-XXSS-CAT-600x424.jpg 600w, https:\/\/cst.cat\/wp-content\/uploads\/2026\/01\/CARATULA-XXSS-CAT-300x212.jpg 300w, https:\/\/cst.cat\/wp-content\/uploads\/2026\/01\/CARATULA-XXSS-CAT-768x543.jpg 768w\" sizes=\"auto, (max-width: 1123px) 100vw, 1123px\" \/><\/figure>\n\n\n\n<hr class=\"wp-block-separator has-css-opacity\"\/>\n\n\n\n<p class=\"has-medium-font-size\"><strong>Presentaci\u00f3n:<\/strong> <\/p>\n\n\n\n<p>Con motivo del D\u00eda Mundial de las Enfermedades Minoritarias, el <strong>Consorcio Sanitario de Terrassa<\/strong> junto con la <strong>Asociaci\u00f3n de Terrassa de Enfermedades Minoritarias<\/strong> , organizan la 1\u00aa Jornada sobre Enfermedades Minoritarias en Terrassa, bajo el lema \u201c <strong>Enfermedades minoritarias: poco frecuentes, no invisibles<\/strong> \u201d.<\/p>\n\n\n\n<p>Esta jornada quiere dar visibilidad a la realidad de las personas que conviven con una enfermedad minoritaria, poniendo el foco en los retos del diagn\u00f3stico, la coordinaci\u00f3n asistencial, el impacto social y emocional y los avances en investigaci\u00f3n e innovaci\u00f3n.<\/p>\n\n\n\n<p>El programa incluye ponencias y mesas de debate con profesionales de distintos \u00e1mbitos, pacientes y representantes de asociaciones, con el objetivo de compartir conocimiento, experiencias y buenas pr\u00e1cticas, reforzando un abordaje integral, coordinado y centrado en la persona.<\/p>\n\n\n\n<p>Con esta iniciativa, el CST reafirma su compromiso con una atenci\u00f3n m\u00e1s equitativa, humana y participativa, alineada con los valores del <strong>D\u00eda Mundial de las Enfermedades Minoritarias<\/strong> .<\/p>\n\n\n\n<hr class=\"wp-block-separator has-text-color has-cyan-bluish-gray-color has-alpha-channel-opacity has-cyan-bluish-gray-background-color has-background\"\/>\n\n\n\n<p class=\"has-medium-font-size\"><strong>Dirigido a: <\/strong><\/p>\n\n\n\n<p>Todos los profesionales de la salud que est\u00e9n interesados, pacientes, cuidadores de pacientes y miembros de asociaciones de pacientes.<\/p>\n\n\n\n<hr class=\"wp-block-separator has-css-opacity\"\/>\n\n\n\n<p class=\"has-medium-font-size\"><strong>Informaci\u00f3n e inscripciones: <\/strong><\/p>\n\n\n\n<p>Gratuitas a trav\u00e9s del <strong><a href=\"https:\/\/cst.iformalia.es\/Publico\/Portal\/FormacionFormulario.aspx?idg=8VwBV0yZx4s=&amp;return=no&amp;returnurl=\">CSTForma&#8217;t<\/a><\/strong><\/p>\n\n\n\n<p>Fecha l\u00edmite de inscripci\u00f3n <strong>: 20 de febrero de 2026<\/strong><\/p>\n\n\n\n<p><em>Aforo limitado. Los participantes ser\u00e1n admitidos por riguroso orden de inscripci\u00f3n. Se priorizar\u00e1n a las personas en lista de espera de anteriores jornadas.<\/em><\/p>\n\n\n\n<p><em>Anulaciones hasta el 27 de febrero.<\/em><\/p>\n\n\n\n<p><strong><em>Se recomienda utilizar el transporte p\u00fablico para asistir a la jornada.<\/em><\/strong> <strong><em>Si<\/em><\/strong> <strong><em>vienes<\/em><\/strong> <strong><em>en<\/em><\/strong> <strong><em>veh\u00edculo<\/em><\/strong><strong><em> <\/em><\/strong><strong><em>privado<\/em><\/strong> <strong><em>, se puede utilizar el parking del tanatorio cuando no haya disponibilidad de aparcamiento en el CST.<\/em><\/strong><\/p>\n","protected":false},"featured_media":33883,"template":"","categories":[156],"tags":[409,1409],"class_list":["post-33884","agenda","type-agenda","status-publish","has-post-thumbnail","hentry","category-jornadas-y-congresos","tag-cst-es","tag-enfermedades-minoritarias-es"],"acf":[],"yoast_head":"<!-- This site is optimized with the Yoast SEO plugin v27.2 - https:\/\/yoast.com\/product\/yoast-seo-wordpress\/ -->\n<title>I Jornada de enfermedades minoritarias del Consorci Sanitari de Terrassa. Enfermedades minoritarias: poco frecuentes, no invisbles. - CST<\/title>\n<meta name=\"robots\" content=\"index, follow, max-snippet:-1, max-image-preview:large, max-video-preview:-1\" \/>\n<link rel=\"canonical\" href=\"https:\/\/cst.cat\/es\/agenda\/i-jornada-de-enfermedades-minoritarias-del-consorci-sanitari-de-terrassa-enfermedades-minoritarias-poco-frecuentes-no-invisbles\/\" \/>\n<meta property=\"og:locale\" content=\"es_ES\" \/>\n<meta property=\"og:type\" content=\"article\" \/>\n<meta property=\"og:title\" content=\"I Jornada de enfermedades minoritarias del Consorci Sanitari de Terrassa. Enfermedades minoritarias: poco frecuentes, no invisbles. - CST\" \/>\n<meta property=\"og:description\" content=\"Presentaci\u00f3n: Con motivo del D\u00eda Mundial de las Enfermedades Minoritarias, el Consorcio Sanitario de Terrassa junto con la Asociaci\u00f3n de Terrassa de Enfermedades Minoritarias , organizan la 1\u00aa Jornada sobre Enfermedades Minoritarias en Terrassa, bajo el lema \u201c Enfermedades minoritarias: poco frecuentes, no invisibles \u201d. Esta jornada quiere dar visibilidad a la realidad de las [&hellip;]\" \/>\n<meta property=\"og:url\" content=\"https:\/\/cst.cat\/es\/agenda\/i-jornada-de-enfermedades-minoritarias-del-consorci-sanitari-de-terrassa-enfermedades-minoritarias-poco-frecuentes-no-invisbles\/\" \/>\n<meta property=\"og:site_name\" content=\"CST\" \/>\n<meta property=\"article:modified_time\" content=\"2026-03-02T10:34:17+00:00\" \/>\n<meta property=\"og:image\" content=\"https:\/\/cst.cat\/wp-content\/uploads\/2026\/01\/Diseno-sin-titulo-2026-01-19T095844.966.png\" \/>\n\t<meta property=\"og:image:width\" content=\"700\" \/>\n\t<meta property=\"og:image:height\" content=\"468\" \/>\n\t<meta property=\"og:image:type\" content=\"image\/png\" \/>\n<meta name=\"twitter:card\" content=\"summary_large_image\" \/>\n<meta name=\"twitter:label1\" content=\"Tiempo de lectura\" \/>\n\t<meta name=\"twitter:data1\" content=\"1 minuto\" \/>\n<script type=\"application\/ld+json\" class=\"yoast-schema-graph\">{\"@context\":\"https:\/\/schema.org\",\"@graph\":[{\"@type\":\"WebPage\",\"@id\":\"https:\/\/cst.cat\/es\/agenda\/i-jornada-de-enfermedades-minoritarias-del-consorci-sanitari-de-terrassa-enfermedades-minoritarias-poco-frecuentes-no-invisbles\/\",\"url\":\"https:\/\/cst.cat\/es\/agenda\/i-jornada-de-enfermedades-minoritarias-del-consorci-sanitari-de-terrassa-enfermedades-minoritarias-poco-frecuentes-no-invisbles\/\",\"name\":\"I Jornada de enfermedades minoritarias del Consorci Sanitari de Terrassa. Enfermedades minoritarias: poco frecuentes, no invisbles. - CST\",\"isPartOf\":{\"@id\":\"https:\/\/cst.cat\/es\/#website\"},\"primaryImageOfPage\":{\"@id\":\"https:\/\/cst.cat\/es\/agenda\/i-jornada-de-enfermedades-minoritarias-del-consorci-sanitari-de-terrassa-enfermedades-minoritarias-poco-frecuentes-no-invisbles\/#primaryimage\"},\"image\":{\"@id\":\"https:\/\/cst.cat\/es\/agenda\/i-jornada-de-enfermedades-minoritarias-del-consorci-sanitari-de-terrassa-enfermedades-minoritarias-poco-frecuentes-no-invisbles\/#primaryimage\"},\"thumbnailUrl\":\"https:\/\/cst.cat\/wp-content\/uploads\/2026\/01\/Diseno-sin-titulo-2026-01-19T095844.966.png\",\"datePublished\":\"2026-01-19T08:59:20+00:00\",\"dateModified\":\"2026-03-02T10:34:17+00:00\",\"breadcrumb\":{\"@id\":\"https:\/\/cst.cat\/es\/agenda\/i-jornada-de-enfermedades-minoritarias-del-consorci-sanitari-de-terrassa-enfermedades-minoritarias-poco-frecuentes-no-invisbles\/#breadcrumb\"},\"inLanguage\":\"es\",\"potentialAction\":[{\"@type\":\"ReadAction\",\"target\":[\"https:\/\/cst.cat\/es\/agenda\/i-jornada-de-enfermedades-minoritarias-del-consorci-sanitari-de-terrassa-enfermedades-minoritarias-poco-frecuentes-no-invisbles\/\"]}]},{\"@type\":\"ImageObject\",\"inLanguage\":\"es\",\"@id\":\"https:\/\/cst.cat\/es\/agenda\/i-jornada-de-enfermedades-minoritarias-del-consorci-sanitari-de-terrassa-enfermedades-minoritarias-poco-frecuentes-no-invisbles\/#primaryimage\",\"url\":\"https:\/\/cst.cat\/wp-content\/uploads\/2026\/01\/Diseno-sin-titulo-2026-01-19T095844.966.png\",\"contentUrl\":\"https:\/\/cst.cat\/wp-content\/uploads\/2026\/01\/Diseno-sin-titulo-2026-01-19T095844.966.png\",\"width\":700,\"height\":468},{\"@type\":\"BreadcrumbList\",\"@id\":\"https:\/\/cst.cat\/es\/agenda\/i-jornada-de-enfermedades-minoritarias-del-consorci-sanitari-de-terrassa-enfermedades-minoritarias-poco-frecuentes-no-invisbles\/#breadcrumb\",\"itemListElement\":[{\"@type\":\"ListItem\",\"position\":1,\"name\":\"Inici\",\"item\":\"https:\/\/cst.cat\/es\/\"},{\"@type\":\"ListItem\",\"position\":2,\"name\":\"I Jornada de enfermedades minoritarias del Consorci Sanitari de Terrassa. Enfermedades minoritarias: poco frecuentes, no invisbles.\"}]},{\"@type\":\"WebSite\",\"@id\":\"https:\/\/cst.cat\/es\/#website\",\"url\":\"https:\/\/cst.cat\/es\/\",\"name\":\"CST\",\"description\":\"\",\"publisher\":{\"@id\":\"https:\/\/cst.cat\/es\/#organization\"},\"potentialAction\":[{\"@type\":\"SearchAction\",\"target\":{\"@type\":\"EntryPoint\",\"urlTemplate\":\"https:\/\/cst.cat\/es\/?s={search_term_string}\"},\"query-input\":{\"@type\":\"PropertyValueSpecification\",\"valueRequired\":true,\"valueName\":\"search_term_string\"}}],\"inLanguage\":\"es\"},{\"@type\":\"Organization\",\"@id\":\"https:\/\/cst.cat\/es\/#organization\",\"name\":\"Consorci Sanitari de Terrassa\",\"url\":\"https:\/\/cst.cat\/es\/\",\"logo\":{\"@type\":\"ImageObject\",\"inLanguage\":\"es\",\"@id\":\"https:\/\/cst.cat\/es\/#\/schema\/logo\/image\/\",\"url\":\"https:\/\/cst.cat\/wp-content\/uploads\/2021\/09\/logo-header.svg\",\"contentUrl\":\"https:\/\/cst.cat\/wp-content\/uploads\/2021\/09\/logo-header.svg\",\"width\":90,\"height\":32,\"caption\":\"Consorci Sanitari de Terrassa\"},\"image\":{\"@id\":\"https:\/\/cst.cat\/es\/#\/schema\/logo\/image\/\"}}]}<\/script>\n<!-- \/ Yoast SEO plugin. -->","yoast_head_json":{"title":"I Jornada de enfermedades minoritarias del Consorci Sanitari de Terrassa. Enfermedades minoritarias: poco frecuentes, no invisbles. - CST","robots":{"index":"index","follow":"follow","max-snippet":"max-snippet:-1","max-image-preview":"max-image-preview:large","max-video-preview":"max-video-preview:-1"},"canonical":"https:\/\/cst.cat\/es\/agenda\/i-jornada-de-enfermedades-minoritarias-del-consorci-sanitari-de-terrassa-enfermedades-minoritarias-poco-frecuentes-no-invisbles\/","og_locale":"es_ES","og_type":"article","og_title":"I Jornada de enfermedades minoritarias del Consorci Sanitari de Terrassa. Enfermedades minoritarias: poco frecuentes, no invisbles. - CST","og_description":"Presentaci\u00f3n: Con motivo del D\u00eda Mundial de las Enfermedades Minoritarias, el Consorcio Sanitario de Terrassa junto con la Asociaci\u00f3n de Terrassa de Enfermedades Minoritarias , organizan la 1\u00aa Jornada sobre Enfermedades Minoritarias en Terrassa, bajo el lema \u201c Enfermedades minoritarias: poco frecuentes, no invisibles \u201d. Esta jornada quiere dar visibilidad a la realidad de las [&hellip;]","og_url":"https:\/\/cst.cat\/es\/agenda\/i-jornada-de-enfermedades-minoritarias-del-consorci-sanitari-de-terrassa-enfermedades-minoritarias-poco-frecuentes-no-invisbles\/","og_site_name":"CST","article_modified_time":"2026-03-02T10:34:17+00:00","og_image":[{"width":700,"height":468,"url":"https:\/\/cst.cat\/wp-content\/uploads\/2026\/01\/Diseno-sin-titulo-2026-01-19T095844.966.png","type":"image\/png"}],"twitter_card":"summary_large_image","twitter_misc":{"Tiempo de lectura":"1 minuto"},"schema":{"@context":"https:\/\/schema.org","@graph":[{"@type":"WebPage","@id":"https:\/\/cst.cat\/es\/agenda\/i-jornada-de-enfermedades-minoritarias-del-consorci-sanitari-de-terrassa-enfermedades-minoritarias-poco-frecuentes-no-invisbles\/","url":"https:\/\/cst.cat\/es\/agenda\/i-jornada-de-enfermedades-minoritarias-del-consorci-sanitari-de-terrassa-enfermedades-minoritarias-poco-frecuentes-no-invisbles\/","name":"I Jornada de enfermedades minoritarias del Consorci Sanitari de Terrassa. Enfermedades minoritarias: poco frecuentes, no invisbles. - CST","isPartOf":{"@id":"https:\/\/cst.cat\/es\/#website"},"primaryImageOfPage":{"@id":"https:\/\/cst.cat\/es\/agenda\/i-jornada-de-enfermedades-minoritarias-del-consorci-sanitari-de-terrassa-enfermedades-minoritarias-poco-frecuentes-no-invisbles\/#primaryimage"},"image":{"@id":"https:\/\/cst.cat\/es\/agenda\/i-jornada-de-enfermedades-minoritarias-del-consorci-sanitari-de-terrassa-enfermedades-minoritarias-poco-frecuentes-no-invisbles\/#primaryimage"},"thumbnailUrl":"https:\/\/cst.cat\/wp-content\/uploads\/2026\/01\/Diseno-sin-titulo-2026-01-19T095844.966.png","datePublished":"2026-01-19T08:59:20+00:00","dateModified":"2026-03-02T10:34:17+00:00","breadcrumb":{"@id":"https:\/\/cst.cat\/es\/agenda\/i-jornada-de-enfermedades-minoritarias-del-consorci-sanitari-de-terrassa-enfermedades-minoritarias-poco-frecuentes-no-invisbles\/#breadcrumb"},"inLanguage":"es","potentialAction":[{"@type":"ReadAction","target":["https:\/\/cst.cat\/es\/agenda\/i-jornada-de-enfermedades-minoritarias-del-consorci-sanitari-de-terrassa-enfermedades-minoritarias-poco-frecuentes-no-invisbles\/"]}]},{"@type":"ImageObject","inLanguage":"es","@id":"https:\/\/cst.cat\/es\/agenda\/i-jornada-de-enfermedades-minoritarias-del-consorci-sanitari-de-terrassa-enfermedades-minoritarias-poco-frecuentes-no-invisbles\/#primaryimage","url":"https:\/\/cst.cat\/wp-content\/uploads\/2026\/01\/Diseno-sin-titulo-2026-01-19T095844.966.png","contentUrl":"https:\/\/cst.cat\/wp-content\/uploads\/2026\/01\/Diseno-sin-titulo-2026-01-19T095844.966.png","width":700,"height":468},{"@type":"BreadcrumbList","@id":"https:\/\/cst.cat\/es\/agenda\/i-jornada-de-enfermedades-minoritarias-del-consorci-sanitari-de-terrassa-enfermedades-minoritarias-poco-frecuentes-no-invisbles\/#breadcrumb","itemListElement":[{"@type":"ListItem","position":1,"name":"Inici","item":"https:\/\/cst.cat\/es\/"},{"@type":"ListItem","position":2,"name":"I Jornada de enfermedades minoritarias del Consorci Sanitari de Terrassa. Enfermedades minoritarias: poco frecuentes, no invisbles."}]},{"@type":"WebSite","@id":"https:\/\/cst.cat\/es\/#website","url":"https:\/\/cst.cat\/es\/","name":"CST","description":"","publisher":{"@id":"https:\/\/cst.cat\/es\/#organization"},"potentialAction":[{"@type":"SearchAction","target":{"@type":"EntryPoint","urlTemplate":"https:\/\/cst.cat\/es\/?s={search_term_string}"},"query-input":{"@type":"PropertyValueSpecification","valueRequired":true,"valueName":"search_term_string"}}],"inLanguage":"es"},{"@type":"Organization","@id":"https:\/\/cst.cat\/es\/#organization","name":"Consorci Sanitari de Terrassa","url":"https:\/\/cst.cat\/es\/","logo":{"@type":"ImageObject","inLanguage":"es","@id":"https:\/\/cst.cat\/es\/#\/schema\/logo\/image\/","url":"https:\/\/cst.cat\/wp-content\/uploads\/2021\/09\/logo-header.svg","contentUrl":"https:\/\/cst.cat\/wp-content\/uploads\/2021\/09\/logo-header.svg","width":90,"height":32,"caption":"Consorci Sanitari de Terrassa"},"image":{"@id":"https:\/\/cst.cat\/es\/#\/schema\/logo\/image\/"}}]}},"_links":{"self":[{"href":"https:\/\/cst.cat\/es\/wp-json\/wp\/v2\/agenda\/33884","targetHints":{"allow":["GET"]}}],"collection":[{"href":"https:\/\/cst.cat\/es\/wp-json\/wp\/v2\/agenda"}],"about":[{"href":"https:\/\/cst.cat\/es\/wp-json\/wp\/v2\/types\/agenda"}],"wp:featuredmedia":[{"embeddable":true,"href":"https:\/\/cst.cat\/es\/wp-json\/wp\/v2\/media\/33883"}],"wp:attachment":[{"href":"https:\/\/cst.cat\/es\/wp-json\/wp\/v2\/media?parent=33884"}],"wp:term":[{"taxonomy":"category","embeddable":true,"href":"https:\/\/cst.cat\/es\/wp-json\/wp\/v2\/categories?post=33884"},{"taxonomy":"post_tag","embeddable":true,"href":"https:\/\/cst.cat\/es\/wp-json\/wp\/v2\/tags?post=33884"}],"curies":[{"name":"wp","href":"https:\/\/api.w.org\/{rel}","templated":true}]}}