{"id":15612,"date":"2023-01-17T11:22:48","date_gmt":"2023-01-17T10:22:48","guid":{"rendered":"https:\/\/cst.cat\/preguntas-frecuentes\/"},"modified":"2025-11-27T12:10:17","modified_gmt":"2025-11-27T11:10:17","slug":"preguntas-frecuentes","status":"publish","type":"page","link":"https:\/\/cst.cat\/es\/preguntas-frecuentes\/","title":{"rendered":"Preguntas Frecuentes"},"content":{"rendered":"\r\n    <!-- block: breadcum header -->\r\n    <section class=\"block-breadcum-header  agenda-title-sec\">\r\n        <div class=\"row\">\r\n            <div class=\"bred-crum\">\r\n                <ul><li><a href='https:\/\/cst.cat\/es\/'>Inicio<\/a><\/li><li><a href='https:\/\/cst.cat\/es\/preguntas-frecuentes\/'>Preguntas Frecuentes<\/a><\/li><\/ul>            <\/div>\r\n            <div class=\"clear:both;\"><\/div>\r\n            \n\n<h1 class=\"wp-block-heading has-white-color has-text-color\">Preguntas frecuentes<\/h1>\n\n\r\n        <\/div>\r\n    <\/section>\r\n    <!-- end block: breadcum header -->\r\n\n\n\r\n    \r\n    <!-- block: banner-header -->\r\n    <style>\r\n        @media screen and (max-width: 767px) {\r\n            .block-banner-header.inner-banner {\r\n                height: auto !important;\r\n            }\r\n        }\r\n    <\/style>\r\n    <section class=\"block-banner-header  left inner-banner\">\r\n        <div>\r\n            <img decoding=\"async\" width=\"100%\" height=\"100%\" loading=\"lazy\" src=\"https:\/\/cst.cat\/wp-content\/uploads\/2023\/01\/info-preguntes-frequents-1.jpg\" srcset=\"https:\/\/cst.cat\/wp-content\/uploads\/2023\/01\/info-preguntes-frequents-1.jpg 1600w, https:\/\/cst.cat\/wp-content\/uploads\/2023\/01\/info-preguntes-frequents-1-600x110.jpg 600w, https:\/\/cst.cat\/wp-content\/uploads\/2023\/01\/info-preguntes-frequents-1-1366x250.jpg 1366w, https:\/\/cst.cat\/wp-content\/uploads\/2023\/01\/info-preguntes-frequents-1-768x141.jpg 768w, https:\/\/cst.cat\/wp-content\/uploads\/2023\/01\/info-preguntes-frequents-1-1536x281.jpg 1536w\" alt=\"\">\r\n        <\/div>\r\n        <div class=\"inner-banner-cnt\">\r\n            <div class=\"row\">\r\n                <h2><\/h2>\r\n                <p><\/p>\r\n                <div class=\"aero\">\r\n                    <a href=\"javascript:void(0);\">\r\n                        <img decoding=\"async\" src=\"https:\/\/cst.cat\/wp-content\/themes\/cst\/inc\/blocks\/cst\/banner-header\/images\/double-arrw-down.svg\">\r\n                    <\/a>\r\n                <\/div>\r\n            <\/div>\r\n        <\/div>\r\n    <\/section>\r\n    <!-- end block: banner-header -->\r\n\n\n\n<div style=\"height:40px\" aria-hidden=\"true\" class=\"wp-block-spacer\"><\/div>\n\n\n\n<div class=\"wp-block-group row\"><div class=\"wp-block-group__inner-container is-layout-constrained wp-block-group-is-layout-constrained\">\r\n    <!-- block: cst-faqs -->\r\n            <section class=\"block-cst-faqs  uni-cnt\">\r\n            <select class=\"select2-faqs\" name=\"faqs-selector\">\r\n                <option><\/option>\r\n                                    <option value=\"0\">C\u00f3mo puedo solicitar documentaci\u00f3n cl\u00ednica? <\/option>\r\n                                    <option value=\"1\">\u00bfC\u00f3mo puedo darme de alta en Mi Salud?<\/option>\r\n                                    <option value=\"2\">Gu\u00eda de entidades de salud de Terrassa<\/option>\r\n                                    <option value=\"3\">\u00bfQu\u00e9 vacunas necesito para realizar un viaje?<\/option>\r\n                                    <option value=\"4\">\u00bfC\u00f3mo comunicar los nacimientos en el Registro Civil?<\/option>\r\n                                    <option value=\"5\">\u00bfC\u00f3mo tramitar una Incapacidad Temporal por ingreso hospitalario?<\/option>\r\n                                    <option value=\"6\">\u00bfEs importante que llene la encuesta del CST que he recibido por SMS?<\/option>\r\n                                    <option value=\"7\">\u00bfC\u00f3mo solicitar la valoraci\u00f3n de la dependencia? <\/option>\r\n                                    <option value=\"8\">\u00bfC\u00f3mo solicitar la valoraci\u00f3n de discapacidad?<\/option>\r\n                                    <option value=\"9\">He adquirido una discapacidad, qu\u00e9 hago a partir de ahora?<\/option>\r\n                                    <option value=\"10\">Dispensaci\u00f3n de medicamentos para pacientes externos<\/option>\r\n                            <\/select>\r\n            <ul class=\"demo-accordion accordionjs faqs-list\" data-active-index=\"false\">\r\n                                    <!-- FAQ 1 -->\r\n                    <li id=\"faq-0\">\r\n                        <div>\r\n                            <h3>C\u00f3mo puedo solicitar documentaci\u00f3n cl\u00ednica? <\/h3>\r\n                        <\/div>\r\n                        <div>\r\n                            <p>La documentaci\u00f3n cl\u00ednica es el conjunto de documentos y registros que recogen toda la informaci\u00f3n relacionada con la salud y la atenci\u00f3n m\u00e9dica de un paciente. \u200b\u200b<\/p>\n<p>Esta documentaci\u00f3n est\u00e1 elaborada por los profesionales sanitarios durante el proceso asistencial y incluye datos relevantes para el diagn\u00f3stico, tratamiento y seguimiento de la salud del paciente.\u200b<\/p>\n<ul>\n<li>\n<p data-start=\"206\" data-end=\"239\"><strong data-start=\"206\" data-end=\"239\">La Meva Salut<\/strong><\/p>\n<p>Es el portal digital oficial de la Generalitat de Catalunya que permite a los ciudadanos acceder de manera segura y f\u00e1cil a su informaci\u00f3n y servicios de salud.<\/li>\n<li>\n<p data-start=\"206\" data-end=\"239\"><strong data-start=\"206\" data-end=\"239\">Solicitud presencial al CST<\/strong><\/p>\n<p data-start=\"241\" data-end=\"446\">Para realizar la solicitud de manera presencial, puede dirigirse a cualquier unidad administrativa del CST. A continuaci\u00f3n, se detallan los documentos necesarios segundos el tipo de solicitante:<\/p>\n<ul data-start=\"448\" data-end=\"752\">\n<li data-start=\"448\" data-end=\"516\">\n<p data-start=\"450\" data-end=\"516\"><strong data-start=\"450\" data-end=\"481\">Titular de la documentaci\u00f3n:<\/strong> Documento de identificaci\u00f3n personal.<\/p>\n<\/li>\n<li data-start=\"517\" data-end=\"643\">\n<p data-start=\"519\" data-end=\"643\"><strong data-start=\"519\" data-end=\"553\">No titular de la documentaci\u00f3n:<\/strong> Autorizaci\u00f3n firmada y documento de identificaci\u00f3n de la persona que recoge la documentaci\u00f3n.<\/p>\n<\/li>\n<li data-start=\"644\" data-end=\"752\">\n<p data-start=\"646\" data-end=\"752\"><strong data-start=\"646\" data-end=\"663\">Menor de edad:<\/strong> Documento acreditativo (ej. libro de familia) y documento de identificaci\u00f3n del tutor legal.<\/p>\n<\/li>\n<\/ul>\n<\/li>\n<\/ul>\n<p><a href=\"https:\/\/cst.cat\/wp-content\/uploads\/2025\/10\/salvapantalles-vacunacio-2025-4.png\" target=\"_blank\" rel=\"noopener\"><img decoding=\"async\" class=\"aligncenter\" src=\"https:\/\/cst.cat\/wp-content\/uploads\/2025\/10\/Diseno-sin-titulo-2025-10-31T124437.475.png\" \/><\/a><\/p>\n                        <\/div>\r\n                    <\/li>\r\n                                    <!-- FAQ 2 -->\r\n                    <li id=\"faq-1\">\r\n                        <div>\r\n                            <h3>\u00bfC\u00f3mo puedo darme de alta en Mi Salud?<\/h3>\r\n                        <\/div>\r\n                        <div>\r\n                            <p class=\"p1\">Mi Salud es un espacio digital personal e intransferible que permite realizar tr\u00e1mites como:<\/p>\n<ul>\n<li class=\"p1\">Hacer eConsulta con su m\u00e9dico.<\/li>\n<li class=\"p1\">Consultar y descargar resultados de pruebas, informes y diagn\u00f3sticos.<\/li>\n<li class=\"p1\">Descargar el plan de medicaci\u00f3n.<\/li>\n<li class=\"p1\">Pedir, cambiar o anular visitas.<\/li>\n<\/ul>\n<p class=\"p1\">Para darte de alta en <strong>La Meva Salut, <\/strong>se tiene que pedir hora de manera presencial en el Centro de Atenci\u00f3n Primaria (CAP). Para m\u00e1s informaci\u00f3n: <a href=\"https:\/\/lamevasalut.gencat.cat\/web\/cps\/acces-amb-codi-d-usuari-i-contrasenya\" target=\"_blank\" rel=\"noopener\">https:\/\/lamevasalut.gencat.cat\/web\/cps\/acces-amb-codi-d-usuari-i-contrasenya\u00a0<\/a><\/p>\n                        <\/div>\r\n                    <\/li>\r\n                                    <!-- FAQ 3 -->\r\n                    <li id=\"faq-2\">\r\n                        <div>\r\n                            <h3>Gu\u00eda de entidades de salud de Terrassa<\/h3>\r\n                        <\/div>\r\n                        <div>\r\n                            <p>El Ayuntamiento de Terrassa ha editado una gu\u00eda de <a href=\"https:\/\/cst.cat\/wp-content\/uploads\/2022\/10\/GUIA_ENTITATS_SALUT.pdf\">entidades del \u00e1mbito<\/a> de la salud para que la ciudadan\u00eda sepa d\u00f3nde dirigirse en caso necesario.<\/p>\n<p>Algunas entidades prestan servicios cuando existen demencias, problemas neurol\u00f3gicos, trastornos o adicciones a las drogas, para mejorar la calidad de vida de las personas afectadas, sus familias y las personas cuidadoras mientras la comunidad cient\u00edfica estudia para mejorar los tratamientos.<\/p>\n<p>Otras entidades luchan por recaudar fondos para la investigaci\u00f3n cient\u00edfica para curar enfermedades, a veces minoritarias, que invalidan y\/o acortan la vida. Muchas veces son enfermedades que surgen desde beb\u00e9.<\/p>\n<p><strong>M\u00e1s informaci\u00f3n:<\/strong><\/p>\n<p>Servei de Salut i Comunitat. Ajuntament de Terrassa<\/p>\n<dl>\n<dt>Tel\u00e9fono: 937 315 982<\/dt>\n<dt><\/dt>\n<dt><\/dt>\n<dt>Email: <a href=\"mailto:salut.comunitaria@terrassa.cat\">salut.comunitaria@terrassa.cat<\/a><\/dt>\n<dt><\/dt>\n<dt><\/dt>\n<dt>CP: Ctra. de Montcada, 596 (08223 Terrassa)<\/dt>\n<\/dl>\n                        <\/div>\r\n                    <\/li>\r\n                                    <!-- FAQ 4 -->\r\n                    <li id=\"faq-3\">\r\n                        <div>\r\n                            <h3>\u00bfQu\u00e9 vacunas necesito para realizar un viaje?<\/h3>\r\n                        <\/div>\r\n                        <div>\r\n                            <p>El CST dispone del Centro de vacunaci\u00f3n internacional de Terrassa \u2013 Unidad del viajero, un servicio encargado de aconsejar de forma individualizada a cualquier persona que tenga que realizar un viaje sobre aquellas enfermedades derivadas de los cambios de clima, de la alimentaci\u00f3n o de las llamadas enfermedades tropicales.<\/p>\n<p>Para obtener m\u00e1s informaci\u00f3n, puede escribir un correo electr\u00f3nico a la direcci\u00f3n\u00a0<a href=\"mailto:salutimes@cst.cat\">salutimes@cst.cat<\/a>\u00a0o llamar al tel\u00e9fono 93 700 36 79.<\/p>\n                        <\/div>\r\n                    <\/li>\r\n                                    <!-- FAQ 5 -->\r\n                    <li id=\"faq-4\">\r\n                        <div>\r\n                            <h3>\u00bfC\u00f3mo comunicar los nacimientos en el Registro Civil?<\/h3>\r\n                        <\/div>\r\n                        <div>\r\n                            <ul>\n<li>Si el beb\u00e9 ha nacido en el Hospital de Terrassa se podr\u00e1 tramitar desde el propio hospital, los d\u00edas laborables de 08.00 a 20.00h, durante las primeras 72h horas de vida del beb\u00e9, aportando los documentos de identificaci\u00f3n de los progenitores y el libro de familia si la tiene.<\/li>\n<\/ul>\n<p>Durante el ingreso les dar\u00e1n toda la informaci\u00f3n necesaria para realizar el registro.<\/p>\n<ul>\n<li>Si dispone de libro de familia y quiere actualizarlo con el nuevo nacimiento, deber\u00e1 solicitar cita previa en el apartado Libro de Familia del registro civil de Terrassa: <a href=\"https:\/\/seujudicial.gencat.cat\/ca\/que_cal_fer\/registre -civil\/barcelona\/terraza\/libro-familia\/\">https:\/\/seujudicial.gencat.cat\/ca\/que_cal_fer\/registre -civil\/barcelona\/terraza\/libro-familia\/<\/a><\/li>\n<li>Si no se ha podido comunicar el nacimiento en las primeras 72h, podr\u00e1 realizar el tr\u00e1mite directamente con el Registro Civil, pidiendo cita previa <a href=\"https:\/\/web.gencat.cat\/ca\/actualitat\/detall\/Registre-Civil-de-Terrassa\">https:\/\/web.gencat.cat\/ca\/actualitat\/detall\/Registre-Civil-de-Terrassa<\/a><\/li>\n<li>Si el beb\u00e9 no ha nacido en el Hospital de Terrassa, deber\u00e1 realizar el tr\u00e1mite directamente con el Registro Civil, pidiendo cita previa\u00a0 <a href=\"https:\/\/web.gencat.cat\/ca\/actualitat\/detall\/Registre-Civil-de-Terrassa\">https:\/\/web.gencat.cat\/ca\/actualitat\/detall\/Registre-Civil-de-Terrassa<\/a><\/li>\n<\/ul>\n                        <\/div>\r\n                    <\/li>\r\n                                    <!-- FAQ 6 -->\r\n                    <li id=\"faq-5\">\r\n                        <div>\r\n                            <h3>\u00bfC\u00f3mo tramitar una Incapacidad Temporal por ingreso hospitalario?<\/h3>\r\n                        <\/div>\r\n                        <div>\r\n                            <p>El paciente o acompa\u00f1ante acreditado podr\u00e1 solicitar la gesti\u00f3n los d\u00edas laborables:<\/p>\n<p>&nbsp;<\/p>\n<ul>\n<li>Admisiones entrada Principal de 7.30 a 21h.<\/li>\n<li>Unidad Administrativa de hospitalizaci\u00f3n de planta de 8 a 15h.<\/li>\n<li>Si 7 d\u00edas despu\u00e9s de tramitarla en el hospital sigue ingresado, se generar\u00e1 el primer comunicado de confirmaci\u00f3n con validez para 14 d\u00edas.<\/li>\n<li>Si es dado de alta antes de los 7 d\u00edas de ingreso, tambi\u00e9n se generar\u00e1 el parte de confirmaci\u00f3n con validez para 14 d\u00edas.<\/li>\n<\/ul>\n<p>El resto de comunicados de confirmaci\u00f3n y el alta ser\u00e1 necesario gestionarlos en el CAP.<\/p>\n<p>Tanto la IT como los comunicados los tendr\u00e1 accesibles a trav\u00e9s del portal Mi Salud<\/p>\n                        <\/div>\r\n                    <\/li>\r\n                                    <!-- FAQ 7 -->\r\n                    <li id=\"faq-6\">\r\n                        <div>\r\n                            <h3>\u00bfEs importante que llene la encuesta del CST que he recibido por SMS?<\/h3>\r\n                        <\/div>\r\n                        <div>\r\n                            <p>Queremos conocer su experiencia en nuestro centro, por eso recibir\u00e1 por SMS y en un plazo posterior a las 48 horas del alta hospitalaria un enlace con una encuesta digital con la que podr\u00e1 valorar diferentes aspectos sobre su ingreso que nos servir\u00e1n para mejorar nuestra calidad asistencial. Este v\u00ednculo es totalmente seguro y confidencial.<\/p>\n                        <\/div>\r\n                    <\/li>\r\n                                    <!-- FAQ 8 -->\r\n                    <li id=\"faq-7\">\r\n                        <div>\r\n                            <h3>\u00bfC\u00f3mo solicitar la valoraci\u00f3n de la dependencia? <\/h3>\r\n                        <\/div>\r\n                        <div>\r\n                            <p>El reconocimiento oficial de la situaci\u00f3n de dependencia en alguno de los grados establecidos es un requisito b\u00e1sico para acceder a las prestaciones econ\u00f3micas y de servicios sociales reconocidas por la Ley de la dependencia.<\/p>\n<p>Para acceder a las prestaciones econ\u00f3micas y de servicios sociales reconocidas por la Ley de la dependencia, hay que tener el reconocimiento oficial de algunos de los grados establecidos (grado 1, 2 o 3). Estas prestaciones y servicios incluyen la cartera de servicios para gente mayor (centros de d\u00eda, centros residenciales), o servicios de atenci\u00f3n domiciliar\u00eda, entre otras.<\/p>\n<p><a href=\"https:\/\/dretssocials.gencat.cat\/ca\/ambits_tematics\/persones_amb_dependencia\/que_es_i_com_es_reconeix_la_situacio_de_dependencia\/index.html#googtrans(ca|es)\">https:\/\/dretssocials.gencat.cat\/ca\/ambits_tematics\/persones_amb_dependencia\/que_es_i_com_es_reconeix_la_situacio_de_dependencia\/index.html#googtrans(ca|es)<\/a><\/p>\n<p>&nbsp;<\/p>\n                        <\/div>\r\n                    <\/li>\r\n                                    <!-- FAQ 9 -->\r\n                    <li id=\"faq-8\">\r\n                        <div>\r\n                            <h3>\u00bfC\u00f3mo solicitar la valoraci\u00f3n de discapacidad?<\/h3>\r\n                        <\/div>\r\n                        <div>\r\n                            <p>La discapacidad es el resultado de la interacci\u00f3n entre la deficiencia de una persona y las barreras del entorno, que supone una limitaci\u00f3n en la actividad y la consiguiente restricci\u00f3n en la participaci\u00f3n en igualdad de condiciones que el resto de ciudadanos.<\/p>\n<p>Tener reconocido un grado de discapacidad del 33% o m\u00e1s y residir en Catalu\u00f1a, te garantiza el acceso a diferentes recursos de la Cartera de Servicios Sociales, entre otras ventajas, que puedes encontrar aqu\u00ed:<\/p>\n<p><a href=\"https:\/\/dretssocials.gencat.cat\/web\/.contento\/*03ambits_*tematics\/*11discapacitat\/*DEST_columna_derecha\/ventajas_persones_discapacidad.pdf\">https:\/\/dretssocials.gencat.cat\/web\/.contento\/*03ambits_*tematics\/*11discapacitat\/*DEST_columna_derecha\/ventajas_persones_discapacidad.pdf<\/a><\/p>\n<p>Para solicitar la valoraci\u00f3n de discapacidad:<\/p>\n<p><a href=\"https:\/\/web.gencat.cat\/es\/tramits\/tramits-temes\/Reconeixement-o-revisio-del-grau-de-la-discapacitat\">https:\/\/web.gencat.cat\/es\/tramits\/tramits-temes\/Reconeixement-o-revisio-del-grau-de-la-discapacitat<\/a><\/p>\n                        <\/div>\r\n                    <\/li>\r\n                                    <!-- FAQ 10 -->\r\n                    <li id=\"faq-9\">\r\n                        <div>\r\n                            <h3>He adquirido una discapacidad, qu\u00e9 hago a partir de ahora?<\/h3>\r\n                        <\/div>\r\n                        <div>\r\n                            <p>Esta gu\u00eda recoge los diferentes servicios y recursos a los cuales pueden acceder las persones j\u00f3venes y adultas con una discapacidad adquirida.<\/p>\n<p><a href=\"https:\/\/cst.cat\/wp-content\/uploads\/2023\/01\/guia-discapacidades-adquiridas-CAST.pdf\">Guia de discapacidad adquirida\u00a0<\/a><\/p>\n                        <\/div>\r\n                    <\/li>\r\n                                    <!-- FAQ 11 -->\r\n                    <li id=\"faq-10\">\r\n                        <div>\r\n                            <h3>Dispensaci\u00f3n de medicamentos para pacientes externos<\/h3>\r\n                        <\/div>\r\n                        <div>\r\n                            <p>Horario de recogida de medicamentos:<\/p>\n<p>&nbsp;<\/p>\n<ul>\n<li><strong>Ma\u00f1anas:<\/strong> de lunes a viernes laborables de 8 a 15 h<\/li>\n<li><strong>Tardes:<\/strong> los jueves laborables de 15 a 20 h<\/li>\n<li><strong>Tel\u00e9fono:<\/strong> 93 731 40 34<\/li>\n<\/ul>\n                        <\/div>\r\n                    <\/li>\r\n                            <\/ul>\r\n        <\/section>\r\n        <!-- end block: cst-faqs -->\r\n<\/div><\/div>\n","protected":false},"excerpt":{"rendered":"","protected":false},"author":2,"featured_media":0,"parent":0,"menu_order":0,"comment_status":"closed","ping_status":"closed","template":"","meta":{"_acf_changed":false,"footnotes":""},"class_list":["post-15612","page","type-page","status-publish","hentry"],"acf":[],"yoast_head":"<!-- This site is optimized with the Yoast SEO plugin v27.2 - https:\/\/yoast.com\/product\/yoast-seo-wordpress\/ -->\n<title>Preguntas Frecuentes - CST<\/title>\n<meta name=\"robots\" content=\"index, follow, max-snippet:-1, max-image-preview:large, max-video-preview:-1\" \/>\n<link rel=\"canonical\" href=\"https:\/\/cst.cat\/es\/preguntas-frecuentes\/\" \/>\n<meta property=\"og:locale\" content=\"es_ES\" \/>\n<meta property=\"og:type\" content=\"article\" \/>\n<meta property=\"og:title\" content=\"Preguntas Frecuentes - CST\" \/>\n<meta property=\"og:url\" content=\"https:\/\/cst.cat\/es\/preguntas-frecuentes\/\" \/>\n<meta property=\"og:site_name\" content=\"CST\" \/>\n<meta property=\"article:modified_time\" content=\"2025-11-27T11:10:17+00:00\" \/>\n<meta name=\"twitter:card\" content=\"summary_large_image\" \/>\n<script type=\"application\/ld+json\" class=\"yoast-schema-graph\">{\"@context\":\"https:\/\/schema.org\",\"@graph\":[{\"@type\":\"WebPage\",\"@id\":\"https:\/\/cst.cat\/es\/preguntas-frecuentes\/\",\"url\":\"https:\/\/cst.cat\/es\/preguntas-frecuentes\/\",\"name\":\"Preguntas Frecuentes - CST\",\"isPartOf\":{\"@id\":\"https:\/\/cst.cat\/es\/#website\"},\"datePublished\":\"2023-01-17T10:22:48+00:00\",\"dateModified\":\"2025-11-27T11:10:17+00:00\",\"breadcrumb\":{\"@id\":\"https:\/\/cst.cat\/es\/preguntas-frecuentes\/#breadcrumb\"},\"inLanguage\":\"es\",\"potentialAction\":[{\"@type\":\"ReadAction\",\"target\":[\"https:\/\/cst.cat\/es\/preguntas-frecuentes\/\"]}]},{\"@type\":\"BreadcrumbList\",\"@id\":\"https:\/\/cst.cat\/es\/preguntas-frecuentes\/#breadcrumb\",\"itemListElement\":[{\"@type\":\"ListItem\",\"position\":1,\"name\":\"Inici\",\"item\":\"https:\/\/cst.cat\/es\/\"},{\"@type\":\"ListItem\",\"position\":2,\"name\":\"Preguntas Frecuentes\"}]},{\"@type\":\"WebSite\",\"@id\":\"https:\/\/cst.cat\/es\/#website\",\"url\":\"https:\/\/cst.cat\/es\/\",\"name\":\"CST\",\"description\":\"\",\"publisher\":{\"@id\":\"https:\/\/cst.cat\/es\/#organization\"},\"potentialAction\":[{\"@type\":\"SearchAction\",\"target\":{\"@type\":\"EntryPoint\",\"urlTemplate\":\"https:\/\/cst.cat\/es\/?s={search_term_string}\"},\"query-input\":{\"@type\":\"PropertyValueSpecification\",\"valueRequired\":true,\"valueName\":\"search_term_string\"}}],\"inLanguage\":\"es\"},{\"@type\":\"Organization\",\"@id\":\"https:\/\/cst.cat\/es\/#organization\",\"name\":\"Consorci Sanitari de Terrassa\",\"url\":\"https:\/\/cst.cat\/es\/\",\"logo\":{\"@type\":\"ImageObject\",\"inLanguage\":\"es\",\"@id\":\"https:\/\/cst.cat\/es\/#\/schema\/logo\/image\/\",\"url\":\"https:\/\/cst.cat\/wp-content\/uploads\/2021\/09\/logo-header.svg\",\"contentUrl\":\"https:\/\/cst.cat\/wp-content\/uploads\/2021\/09\/logo-header.svg\",\"width\":90,\"height\":32,\"caption\":\"Consorci Sanitari de Terrassa\"},\"image\":{\"@id\":\"https:\/\/cst.cat\/es\/#\/schema\/logo\/image\/\"}}]}<\/script>\n<!-- \/ Yoast SEO plugin. -->","yoast_head_json":{"title":"Preguntas Frecuentes - CST","robots":{"index":"index","follow":"follow","max-snippet":"max-snippet:-1","max-image-preview":"max-image-preview:large","max-video-preview":"max-video-preview:-1"},"canonical":"https:\/\/cst.cat\/es\/preguntas-frecuentes\/","og_locale":"es_ES","og_type":"article","og_title":"Preguntas Frecuentes - CST","og_url":"https:\/\/cst.cat\/es\/preguntas-frecuentes\/","og_site_name":"CST","article_modified_time":"2025-11-27T11:10:17+00:00","twitter_card":"summary_large_image","schema":{"@context":"https:\/\/schema.org","@graph":[{"@type":"WebPage","@id":"https:\/\/cst.cat\/es\/preguntas-frecuentes\/","url":"https:\/\/cst.cat\/es\/preguntas-frecuentes\/","name":"Preguntas Frecuentes - CST","isPartOf":{"@id":"https:\/\/cst.cat\/es\/#website"},"datePublished":"2023-01-17T10:22:48+00:00","dateModified":"2025-11-27T11:10:17+00:00","breadcrumb":{"@id":"https:\/\/cst.cat\/es\/preguntas-frecuentes\/#breadcrumb"},"inLanguage":"es","potentialAction":[{"@type":"ReadAction","target":["https:\/\/cst.cat\/es\/preguntas-frecuentes\/"]}]},{"@type":"BreadcrumbList","@id":"https:\/\/cst.cat\/es\/preguntas-frecuentes\/#breadcrumb","itemListElement":[{"@type":"ListItem","position":1,"name":"Inici","item":"https:\/\/cst.cat\/es\/"},{"@type":"ListItem","position":2,"name":"Preguntas Frecuentes"}]},{"@type":"WebSite","@id":"https:\/\/cst.cat\/es\/#website","url":"https:\/\/cst.cat\/es\/","name":"CST","description":"","publisher":{"@id":"https:\/\/cst.cat\/es\/#organization"},"potentialAction":[{"@type":"SearchAction","target":{"@type":"EntryPoint","urlTemplate":"https:\/\/cst.cat\/es\/?s={search_term_string}"},"query-input":{"@type":"PropertyValueSpecification","valueRequired":true,"valueName":"search_term_string"}}],"inLanguage":"es"},{"@type":"Organization","@id":"https:\/\/cst.cat\/es\/#organization","name":"Consorci Sanitari de Terrassa","url":"https:\/\/cst.cat\/es\/","logo":{"@type":"ImageObject","inLanguage":"es","@id":"https:\/\/cst.cat\/es\/#\/schema\/logo\/image\/","url":"https:\/\/cst.cat\/wp-content\/uploads\/2021\/09\/logo-header.svg","contentUrl":"https:\/\/cst.cat\/wp-content\/uploads\/2021\/09\/logo-header.svg","width":90,"height":32,"caption":"Consorci Sanitari de Terrassa"},"image":{"@id":"https:\/\/cst.cat\/es\/#\/schema\/logo\/image\/"}}]}},"_links":{"self":[{"href":"https:\/\/cst.cat\/es\/wp-json\/wp\/v2\/pages\/15612","targetHints":{"allow":["GET"]}}],"collection":[{"href":"https:\/\/cst.cat\/es\/wp-json\/wp\/v2\/pages"}],"about":[{"href":"https:\/\/cst.cat\/es\/wp-json\/wp\/v2\/types\/page"}],"author":[{"embeddable":true,"href":"https:\/\/cst.cat\/es\/wp-json\/wp\/v2\/users\/2"}],"replies":[{"embeddable":true,"href":"https:\/\/cst.cat\/es\/wp-json\/wp\/v2\/comments?post=15612"}],"version-history":[{"count":0,"href":"https:\/\/cst.cat\/es\/wp-json\/wp\/v2\/pages\/15612\/revisions"}],"wp:attachment":[{"href":"https:\/\/cst.cat\/es\/wp-json\/wp\/v2\/media?parent=15612"}],"curies":[{"name":"wp","href":"https:\/\/api.w.org\/{rel}","templated":true}]}}