{"id":8739,"date":"2022-03-08T09:49:11","date_gmt":"2022-03-08T08:49:11","guid":{"rendered":"https:\/\/cst.cat\/cst-2\/plan-estrategico\/"},"modified":"2026-02-05T16:00:12","modified_gmt":"2026-02-05T15:00:12","slug":"plan-estrategico","status":"publish","type":"page","link":"https:\/\/cst.cat\/es\/cst-2\/plan-estrategico\/","title":{"rendered":"Plan estrat\u00e9gico"},"content":{"rendered":"\n<div class=\"wp-block-columns pla-estrategic-taula-botons is-layout-flex wp-container-core-columns-is-layout-9d6595d7 wp-block-columns-is-layout-flex\">\n<div class=\"wp-block-column is-layout-flow wp-block-column-is-layout-flow\" style=\"flex-basis:66.66%\">\n<figure class=\"wp-block-image size-large\"><img loading=\"lazy\" decoding=\"async\" width=\"716\" height=\"152\" src=\"https:\/\/cst.cat\/wp-content\/uploads\/2025\/10\/cst-pla-estrategic-titol.svg\" alt=\"PLA ESTRAT\u00c8GIC 2025-2028\nValorem el que valores\" class=\"wp-image-32847\"\/><\/figure>\n\n\n\n<div style=\"height:40px\" aria-hidden=\"true\" class=\"wp-block-spacer\"><\/div>\n\n\n\n<p class=\"but-content\"><a href=\"https:\/\/cst.cat\/wp-content\/uploads\/2026\/02\/CST-Pla-estrategic-2025-2028.pdf\" target=\"_blank\" rel=\"noreferrer noopener\">Plan&nbsp;Estrat\u00e9gico&nbsp;2025-2028&nbsp;(PDF en catal\u00e1n)<\/a><\/p>\n\n\n\n<p class=\"but-content\"><a href=\"https:\/\/youtu.be\/7NA7boGyOak\" target=\"_blank\" rel=\"noreferrer noopener\">Ver&nbsp;video&nbsp;(Catal\u00e1n)<\/a><\/p>\n<\/div>\n\n\n\n<div class=\"wp-block-column is-layout-flow wp-block-column-is-layout-flow\" style=\"flex-basis:33.33%\"><div class=\"wp-block-image\">\n<figure class=\"aligncenter size-large\"><img loading=\"lazy\" decoding=\"async\" width=\"348\" height=\"532\" src=\"https:\/\/cst.cat\/wp-content\/uploads\/2025\/10\/cst-pla-estrategic-victoria.svg\" alt=\"OK\" class=\"wp-image-32844\"\/><\/figure>\n<\/div><\/div>\n<\/div>\n\n\n\n<div style=\"height:16px\" aria-hidden=\"true\" class=\"wp-block-spacer\"><\/div>\n\n\n\n<hr class=\"wp-block-separator has-css-opacity\"\/>\n\n\n\n<h2 class=\"wp-block-heading\" id=\"els-9-grans-eixos-estrategics-del-cst\"><strong>Nuestros valores<\/strong><\/h2>\n\n\n\n<div style=\"height:20px\" aria-hidden=\"true\" class=\"wp-block-spacer\"><\/div>\n\n\n\n<p class=\"entradeta\"><b><strong>Lo que nos define. Lo que nos gu\u00eda.<\/strong><\/b><\/p>\n\n\n\n<p>Los valores del CST son mucho m\u00e1s que palabras: son la base sobre la que construimos la atenci\u00f3n, la gesti\u00f3n y el trabajo en equipo. Nos gu\u00edan, nos identifican y conectan con lo que realmente importa: <strong>las personas<\/strong>.<\/p>\n\n\n\n<div style=\"height:16px\" aria-hidden=\"true\" class=\"wp-block-spacer\"><\/div>\n\n\n\n<figure class=\"wp-block-image size-large\"><img loading=\"lazy\" decoding=\"async\" width=\"1440\" height=\"602\" src=\"https:\/\/cst.cat\/wp-content\/uploads\/2025\/10\/cst-pla-estrategic-valors.svg\" alt=\"TRACTE HUM\u00c0 I EMP\u00c0TIC\nRIGOR I COMPROM\u00cdS\nVISI\u00d3 INTEGRAL DE LA PERSONA\nRESPONSABILITAT I EQUITAT\nTALENT D'EQUIP MULTIPROFESSIONAL\nEFICI\u00c8NCIA I SOSTENIBILITAT\" class=\"wp-image-32809\"\/><\/figure>\n\n\n\n<div style=\"height:16px\" aria-hidden=\"true\" class=\"wp-block-spacer\"><\/div>\n\n\n\n<hr class=\"wp-block-separator has-css-opacity\"\/>\n\n\n\n<h2 class=\"wp-block-heading\" id=\"els-9-grans-eixos-estrategics-del-cst\"><strong><strong>Prop\u00f3sito<\/strong><\/strong><\/h2>\n\n\n\n<div style=\"height:20px\" aria-hidden=\"true\" class=\"wp-block-spacer\"><\/div>\n\n\n\n<p class=\"entradeta\"><b><strong><strong>Comprometidos con la salud y el bienestar de las personas<\/strong><\/strong><\/b><\/p>\n\n\n\n<p>En el CST tenemos un prop\u00f3sito claro y compartido: promover y contribuir a la salud y bienestar de las personas a lo largo de la vida.<\/p>\n\n\n\n<p>Es una mirada que va m\u00e1s all\u00e1 de la atenci\u00f3n sanitaria. Hablamos de <strong>resultados que importan<\/strong> para las personas, con una atenci\u00f3n humana, coordinada y eficiente.<\/p>\n\n\n\n<div style=\"height:16px\" aria-hidden=\"true\" class=\"wp-block-spacer\"><\/div>\n\n\n\n<hr class=\"wp-block-separator has-css-opacity\"\/>\n\n\n\n<h2 class=\"wp-block-heading\" id=\"els-9-grans-eixos-estrategics-del-cst\"><strong><strong><strong>Visi\u00f3<\/strong><\/strong><\/strong>n<\/h2>\n\n\n\n<div style=\"height:20px\" aria-hidden=\"true\" class=\"wp-block-spacer\"><\/div>\n\n\n\n<p class=\"entradeta\"><b><strong><strong><strong>Valor en salud para las personas y para la sociedad<\/strong><\/strong><\/strong><\/b><\/p>\n\n\n\n<p>Nuestra visi\u00f3n para los pr\u00f3ximos a\u00f1os se sustenta en un principio fundamental: <strong>ofrecer los mejores resultados en salud y bienestar para las personas y la sociedad, al menor coste posible y con equidad<\/strong>.<\/p>\n\n\n\n<div style=\"height:40px\" aria-hidden=\"true\" class=\"wp-block-spacer\"><\/div>\n","protected":false},"excerpt":{"rendered":"<p>Plan&nbsp;Estrat\u00e9gico&nbsp;2025-2028&nbsp;(PDF en catal\u00e1n) Ver&nbsp;video&nbsp;(Catal\u00e1n) Nuestros valores Lo que nos define. Lo que nos gu\u00eda. Los valores del CST son mucho m\u00e1s que palabras: son la base sobre la que construimos la atenci\u00f3n, la gesti\u00f3n y el trabajo en equipo. Nos gu\u00edan, nos identifican y conectan con lo que realmente importa: las personas. Prop\u00f3sito Comprometidos con [&hellip;]<\/p>\n","protected":false},"author":2,"featured_media":926,"parent":8733,"menu_order":4,"comment_status":"closed","ping_status":"closed","template":"page-templates\/pagina-menu-lateral.php","meta":{"_acf_changed":false,"footnotes":""},"class_list":["post-8739","page","type-page","status-publish","has-post-thumbnail","hentry"],"acf":[],"yoast_head":"<!-- This site is optimized with the Yoast SEO plugin v27.2 - https:\/\/yoast.com\/product\/yoast-seo-wordpress\/ -->\n<title>Plan estrat\u00e9gico - CST<\/title>\n<meta name=\"robots\" content=\"index, follow, max-snippet:-1, max-image-preview:large, max-video-preview:-1\" \/>\n<link rel=\"canonical\" href=\"https:\/\/cst.cat\/es\/cst-2\/plan-estrategico\/\" \/>\n<meta property=\"og:locale\" content=\"es_ES\" \/>\n<meta property=\"og:type\" content=\"article\" \/>\n<meta property=\"og:title\" content=\"Plan estrat\u00e9gico - CST\" \/>\n<meta property=\"og:description\" content=\"Plan&nbsp;Estrat\u00e9gico&nbsp;2025-2028&nbsp;(PDF en catal\u00e1n) Ver&nbsp;video&nbsp;(Catal\u00e1n) Nuestros valores Lo que nos define. Lo que nos gu\u00eda. Los valores del CST son mucho m\u00e1s que palabras: son la base sobre la que construimos la atenci\u00f3n, la gesti\u00f3n y el trabajo en equipo. Nos gu\u00edan, nos identifican y conectan con lo que realmente importa: las personas. Prop\u00f3sito Comprometidos con [&hellip;]\" \/>\n<meta property=\"og:url\" content=\"https:\/\/cst.cat\/es\/cst-2\/plan-estrategico\/\" \/>\n<meta property=\"og:site_name\" content=\"CST\" \/>\n<meta property=\"article:modified_time\" content=\"2026-02-05T15:00:12+00:00\" \/>\n<meta property=\"og:image\" content=\"https:\/\/cst.cat\/wp-content\/uploads\/2021\/10\/borsa.jpg\" \/>\n\t<meta property=\"og:image:width\" content=\"1366\" \/>\n\t<meta property=\"og:image:height\" content=\"250\" \/>\n\t<meta property=\"og:image:type\" content=\"image\/jpeg\" \/>\n<meta name=\"twitter:card\" content=\"summary_large_image\" \/>\n<meta name=\"twitter:label1\" content=\"Tiempo de lectura\" \/>\n\t<meta name=\"twitter:data1\" content=\"1 minuto\" \/>\n<script type=\"application\/ld+json\" class=\"yoast-schema-graph\">{\"@context\":\"https:\/\/schema.org\",\"@graph\":[{\"@type\":\"WebPage\",\"@id\":\"https:\/\/cst.cat\/es\/cst-2\/plan-estrategico\/\",\"url\":\"https:\/\/cst.cat\/es\/cst-2\/plan-estrategico\/\",\"name\":\"Plan estrat\u00e9gico - CST\",\"isPartOf\":{\"@id\":\"https:\/\/cst.cat\/es\/#website\"},\"primaryImageOfPage\":{\"@id\":\"https:\/\/cst.cat\/es\/cst-2\/plan-estrategico\/#primaryimage\"},\"image\":{\"@id\":\"https:\/\/cst.cat\/es\/cst-2\/plan-estrategico\/#primaryimage\"},\"thumbnailUrl\":\"https:\/\/cst.cat\/wp-content\/uploads\/2021\/10\/borsa.jpg\",\"datePublished\":\"2022-03-08T08:49:11+00:00\",\"dateModified\":\"2026-02-05T15:00:12+00:00\",\"breadcrumb\":{\"@id\":\"https:\/\/cst.cat\/es\/cst-2\/plan-estrategico\/#breadcrumb\"},\"inLanguage\":\"es\",\"potentialAction\":[{\"@type\":\"ReadAction\",\"target\":[\"https:\/\/cst.cat\/es\/cst-2\/plan-estrategico\/\"]}]},{\"@type\":\"ImageObject\",\"inLanguage\":\"es\",\"@id\":\"https:\/\/cst.cat\/es\/cst-2\/plan-estrategico\/#primaryimage\",\"url\":\"https:\/\/cst.cat\/wp-content\/uploads\/2021\/10\/borsa.jpg\",\"contentUrl\":\"https:\/\/cst.cat\/wp-content\/uploads\/2021\/10\/borsa.jpg\",\"width\":1366,\"height\":250},{\"@type\":\"BreadcrumbList\",\"@id\":\"https:\/\/cst.cat\/es\/cst-2\/plan-estrategico\/#breadcrumb\",\"itemListElement\":[{\"@type\":\"ListItem\",\"position\":1,\"name\":\"Inici\",\"item\":\"https:\/\/cst.cat\/es\/\"},{\"@type\":\"ListItem\",\"position\":2,\"name\":\"CST\",\"item\":\"https:\/\/cst.cat\/es\/cst-2\/\"},{\"@type\":\"ListItem\",\"position\":3,\"name\":\"Plan estrat\u00e9gico\"}]},{\"@type\":\"WebSite\",\"@id\":\"https:\/\/cst.cat\/es\/#website\",\"url\":\"https:\/\/cst.cat\/es\/\",\"name\":\"CST\",\"description\":\"\",\"publisher\":{\"@id\":\"https:\/\/cst.cat\/es\/#organization\"},\"potentialAction\":[{\"@type\":\"SearchAction\",\"target\":{\"@type\":\"EntryPoint\",\"urlTemplate\":\"https:\/\/cst.cat\/es\/?s={search_term_string}\"},\"query-input\":{\"@type\":\"PropertyValueSpecification\",\"valueRequired\":true,\"valueName\":\"search_term_string\"}}],\"inLanguage\":\"es\"},{\"@type\":\"Organization\",\"@id\":\"https:\/\/cst.cat\/es\/#organization\",\"name\":\"Consorci Sanitari de Terrassa\",\"url\":\"https:\/\/cst.cat\/es\/\",\"logo\":{\"@type\":\"ImageObject\",\"inLanguage\":\"es\",\"@id\":\"https:\/\/cst.cat\/es\/#\/schema\/logo\/image\/\",\"url\":\"https:\/\/cst.cat\/wp-content\/uploads\/2021\/09\/logo-header.svg\",\"contentUrl\":\"https:\/\/cst.cat\/wp-content\/uploads\/2021\/09\/logo-header.svg\",\"width\":90,\"height\":32,\"caption\":\"Consorci Sanitari de Terrassa\"},\"image\":{\"@id\":\"https:\/\/cst.cat\/es\/#\/schema\/logo\/image\/\"}}]}<\/script>\n<!-- \/ Yoast SEO plugin. -->","yoast_head_json":{"title":"Plan estrat\u00e9gico - CST","robots":{"index":"index","follow":"follow","max-snippet":"max-snippet:-1","max-image-preview":"max-image-preview:large","max-video-preview":"max-video-preview:-1"},"canonical":"https:\/\/cst.cat\/es\/cst-2\/plan-estrategico\/","og_locale":"es_ES","og_type":"article","og_title":"Plan estrat\u00e9gico - CST","og_description":"Plan&nbsp;Estrat\u00e9gico&nbsp;2025-2028&nbsp;(PDF en catal\u00e1n) Ver&nbsp;video&nbsp;(Catal\u00e1n) Nuestros valores Lo que nos define. Lo que nos gu\u00eda. Los valores del CST son mucho m\u00e1s que palabras: son la base sobre la que construimos la atenci\u00f3n, la gesti\u00f3n y el trabajo en equipo. Nos gu\u00edan, nos identifican y conectan con lo que realmente importa: las personas. Prop\u00f3sito Comprometidos con [&hellip;]","og_url":"https:\/\/cst.cat\/es\/cst-2\/plan-estrategico\/","og_site_name":"CST","article_modified_time":"2026-02-05T15:00:12+00:00","og_image":[{"width":1366,"height":250,"url":"https:\/\/cst.cat\/wp-content\/uploads\/2021\/10\/borsa.jpg","type":"image\/jpeg"}],"twitter_card":"summary_large_image","twitter_misc":{"Tiempo de lectura":"1 minuto"},"schema":{"@context":"https:\/\/schema.org","@graph":[{"@type":"WebPage","@id":"https:\/\/cst.cat\/es\/cst-2\/plan-estrategico\/","url":"https:\/\/cst.cat\/es\/cst-2\/plan-estrategico\/","name":"Plan estrat\u00e9gico - CST","isPartOf":{"@id":"https:\/\/cst.cat\/es\/#website"},"primaryImageOfPage":{"@id":"https:\/\/cst.cat\/es\/cst-2\/plan-estrategico\/#primaryimage"},"image":{"@id":"https:\/\/cst.cat\/es\/cst-2\/plan-estrategico\/#primaryimage"},"thumbnailUrl":"https:\/\/cst.cat\/wp-content\/uploads\/2021\/10\/borsa.jpg","datePublished":"2022-03-08T08:49:11+00:00","dateModified":"2026-02-05T15:00:12+00:00","breadcrumb":{"@id":"https:\/\/cst.cat\/es\/cst-2\/plan-estrategico\/#breadcrumb"},"inLanguage":"es","potentialAction":[{"@type":"ReadAction","target":["https:\/\/cst.cat\/es\/cst-2\/plan-estrategico\/"]}]},{"@type":"ImageObject","inLanguage":"es","@id":"https:\/\/cst.cat\/es\/cst-2\/plan-estrategico\/#primaryimage","url":"https:\/\/cst.cat\/wp-content\/uploads\/2021\/10\/borsa.jpg","contentUrl":"https:\/\/cst.cat\/wp-content\/uploads\/2021\/10\/borsa.jpg","width":1366,"height":250},{"@type":"BreadcrumbList","@id":"https:\/\/cst.cat\/es\/cst-2\/plan-estrategico\/#breadcrumb","itemListElement":[{"@type":"ListItem","position":1,"name":"Inici","item":"https:\/\/cst.cat\/es\/"},{"@type":"ListItem","position":2,"name":"CST","item":"https:\/\/cst.cat\/es\/cst-2\/"},{"@type":"ListItem","position":3,"name":"Plan estrat\u00e9gico"}]},{"@type":"WebSite","@id":"https:\/\/cst.cat\/es\/#website","url":"https:\/\/cst.cat\/es\/","name":"CST","description":"","publisher":{"@id":"https:\/\/cst.cat\/es\/#organization"},"potentialAction":[{"@type":"SearchAction","target":{"@type":"EntryPoint","urlTemplate":"https:\/\/cst.cat\/es\/?s={search_term_string}"},"query-input":{"@type":"PropertyValueSpecification","valueRequired":true,"valueName":"search_term_string"}}],"inLanguage":"es"},{"@type":"Organization","@id":"https:\/\/cst.cat\/es\/#organization","name":"Consorci Sanitari de Terrassa","url":"https:\/\/cst.cat\/es\/","logo":{"@type":"ImageObject","inLanguage":"es","@id":"https:\/\/cst.cat\/es\/#\/schema\/logo\/image\/","url":"https:\/\/cst.cat\/wp-content\/uploads\/2021\/09\/logo-header.svg","contentUrl":"https:\/\/cst.cat\/wp-content\/uploads\/2021\/09\/logo-header.svg","width":90,"height":32,"caption":"Consorci Sanitari de Terrassa"},"image":{"@id":"https:\/\/cst.cat\/es\/#\/schema\/logo\/image\/"}}]}},"_links":{"self":[{"href":"https:\/\/cst.cat\/es\/wp-json\/wp\/v2\/pages\/8739","targetHints":{"allow":["GET"]}}],"collection":[{"href":"https:\/\/cst.cat\/es\/wp-json\/wp\/v2\/pages"}],"about":[{"href":"https:\/\/cst.cat\/es\/wp-json\/wp\/v2\/types\/page"}],"author":[{"embeddable":true,"href":"https:\/\/cst.cat\/es\/wp-json\/wp\/v2\/users\/2"}],"replies":[{"embeddable":true,"href":"https:\/\/cst.cat\/es\/wp-json\/wp\/v2\/comments?post=8739"}],"version-history":[{"count":0,"href":"https:\/\/cst.cat\/es\/wp-json\/wp\/v2\/pages\/8739\/revisions"}],"up":[{"embeddable":true,"href":"https:\/\/cst.cat\/es\/wp-json\/wp\/v2\/pages\/8733"}],"wp:featuredmedia":[{"embeddable":true,"href":"https:\/\/cst.cat\/es\/wp-json\/wp\/v2\/media\/926"}],"wp:attachment":[{"href":"https:\/\/cst.cat\/es\/wp-json\/wp\/v2\/media?parent=8739"}],"curies":[{"name":"wp","href":"https:\/\/api.w.org\/{rel}","templated":true}]}}