{"id":8748,"date":"2022-03-08T09:49:12","date_gmt":"2022-03-08T08:49:12","guid":{"rendered":"https:\/\/cst.cat\/espacio-mujer\/"},"modified":"2024-06-19T10:20:36","modified_gmt":"2024-06-19T08:20:36","slug":"espacio-mujer","status":"publish","type":"page","link":"https:\/\/cst.cat\/es\/espacio-mujer\/","title":{"rendered":"Espacio Mujer"},"content":{"rendered":"\n<p><\/p>\n\n\n\r\n    <!-- block: breadcum header -->\r\n    <section class=\"block-breadcum-header  agenda-title-sec\">\r\n        <div class=\"row\">\r\n            <div class=\"bred-crum\">\r\n                <ul><li><a href='https:\/\/cst.cat\/es\/'>Inicio<\/a><\/li><li><a href='https:\/\/cst.cat\/es\/espacio-mujer\/'>Espacio Mujer<\/a><\/li><\/ul>            <\/div>\r\n            <div class=\"clear:both;\"><\/div>\r\n            \n\n<h1 class=\"wp-block-heading\" id=\"espai-dona-1\">Espacio Mujer<\/h1>\n\n\r\n        <\/div>\r\n    <\/section>\r\n    <!-- end block: breadcum header -->\r\n\n\n\n<div class=\"wp-block-columns is-style-default is-layout-flex wp-container-core-columns-is-layout-9d6595d7 wp-block-columns-is-layout-flex\">\n<div class=\"wp-block-column is-layout-flow wp-block-column-is-layout-flow\">\r\n    \r\n    <!-- block: banner-header -->\r\n    <style>\r\n        @media screen and (max-width: 767px) {\r\n            .block-banner-header.inner-banner {\r\n                height: auto !important;\r\n            }\r\n        }\r\n    <\/style>\r\n    <section class=\"block-banner-header  left inner-banner\">\r\n        <div>\r\n            <img decoding=\"async\" width=\"100%\" height=\"100%\" loading=\"lazy\" src=\"https:\/\/cst.cat\/wp-content\/uploads\/2022\/01\/header-espai-dona-2.jpg\" srcset=\"https:\/\/cst.cat\/wp-content\/uploads\/2022\/01\/header-espai-dona-2.jpg 1600w, https:\/\/cst.cat\/wp-content\/uploads\/2022\/01\/header-espai-dona-2-600x113.jpg 600w, https:\/\/cst.cat\/wp-content\/uploads\/2022\/01\/header-espai-dona-2-1366x256.jpg 1366w, https:\/\/cst.cat\/wp-content\/uploads\/2022\/01\/header-espai-dona-2-768x144.jpg 768w, https:\/\/cst.cat\/wp-content\/uploads\/2022\/01\/header-espai-dona-2-1536x288.jpg 1536w\" alt=\"\">\r\n        <\/div>\r\n        <div class=\"inner-banner-cnt\">\r\n            <div class=\"row\">\r\n                <h2><\/h2>\r\n                <p><\/p>\r\n                <div class=\"aero\">\r\n                    <a href=\"javascript:void(0);\">\r\n                        <img decoding=\"async\" src=\"https:\/\/cst.cat\/wp-content\/themes\/cst\/inc\/blocks\/cst\/banner-header\/images\/double-arrw-down.svg\">\r\n                    <\/a>\r\n                <\/div>\r\n            <\/div>\r\n        <\/div>\r\n    <\/section>\r\n    <!-- end block: banner-header -->\r\n<\/div>\n<\/div>\n\n\n\n<div class=\"wp-block-columns columns-menu-lateral is-style-columns-marge espai-dona-minisite is-layout-flex wp-container-core-columns-is-layout-9d6595d7 wp-block-columns-is-layout-flex\">\n<div class=\"wp-block-column is-layout-flow wp-block-column-is-layout-flow\" style=\"flex-basis:26%\">\r\n    <!-- block: cst-menu-lateral -->\r\n            <section class=\"block-cst-menu-lateral \">\r\n\r\n            <!-- Accordion begin -->\r\n            <div class=\"desktop-show\">\r\n                <div class=\"p-cst\">\r\n                                            <ul class=\"demo-accordion accordionjs acc-com\" id=\"acc-style-3\" data-active-index=\"false\">\r\n                                                            <li class=\"\">\r\n                                    <div>\r\n                                        <h3>\r\n                                                                                            <a href=\"https:\/\/cst.cat\/espai-dona\/\">\r\n                                                                                                Espai Dona                                                                                                <\/a>\r\n                                                                                    <\/h3>\r\n                                    <\/div>\r\n                                                                    <\/li>\r\n                                                            <li class=\"\">\r\n                                    <div>\r\n                                        <h3>\r\n                                                                                            <a href=\"https:\/\/cst.cat\/obstetricia\/\">\r\n                                                                                                Obstetr\u00edcia                                                                                                <\/a>\r\n                                                                                    <\/h3>\r\n                                    <\/div>\r\n                                                                    <\/li>\r\n                                                            <li class=\"\">\r\n                                    <div>\r\n                                        <h3>\r\n                                                                                            <a href=\"https:\/\/cst.cat\/ginecologia\/\">\r\n                                                                                                Ginecologia                                                                                                <\/a>\r\n                                                                                    <\/h3>\r\n                                    <\/div>\r\n                                                                    <\/li>\r\n                                                    <\/ul>\r\n                                    <\/div>\r\n            <\/div>\r\n\r\n            <div class=\"mobile-show\">\r\n                <div class=\"mob-pres\">\r\n                                            <ul>\r\n                                                            <li class=\"\">\r\n                                    <a href=\"https:\/\/cst.cat\/espai-dona\/\">Espai Dona<\/a>\r\n                                <\/li>\r\n                                                            <li class=\"\">\r\n                                    <a href=\"https:\/\/cst.cat\/obstetricia\/\">Obstetr\u00edcia<\/a>\r\n                                <\/li>\r\n                                                            <li class=\"\">\r\n                                    <a href=\"https:\/\/cst.cat\/ginecologia\/\">Ginecologia<\/a>\r\n                                <\/li>\r\n                                                    <\/ul>\r\n                                    <\/div>\r\n            <\/div>\r\n            <!-- Accordion end -->\r\n\r\n        <\/section>\r\n        <!-- end block: cst-menu-lateral -->\r\n<\/div>\n\n\n\n<div class=\"wp-block-column is-layout-flow wp-block-column-is-layout-flow\" style=\"flex-basis:74%\">\n<div style=\"height:40px\" aria-hidden=\"true\" class=\"wp-block-spacer\"><\/div>\n\n\n\n<h1 class=\"wp-block-heading\" id=\"espai-dona\">Espacio Mujer<\/h1>\n\n\n\n<div style=\"height:10px\" aria-hidden=\"true\" class=\"wp-block-spacer\"><\/div>\n\n\n\n<p class=\"has-medium-font-size\">En el Consorcio Sanitario de Terrassa ofrecemos una <strong>atenci\u00f3n integrada de todo el proceso de gestaci\u00f3n, parto y posparto<\/strong> desde el ASSIR (Centros de Atenci\u00f3n Primaria), hasta la atenci\u00f3n especializada en el Hospital de Terrassa. Esto supone la gran ventaja de poder disponer de personal sanitario (m\u00e9dicos y comadronas) integrado, con protocolos de actuaci\u00f3n, sesiones cl\u00ednicas y una historia cl\u00ednica compartida que permitir\u00e1n optimizar su control gestacional.<\/p>\n\n\n\n<div class=\"wp-block-columns is-style-default is-layout-flex wp-container-core-columns-is-layout-9d6595d7 wp-block-columns-is-layout-flex\">\n<div class=\"wp-block-column is-layout-flow wp-block-column-is-layout-flow\">\n<figure class=\"wp-block-image size-full is-style-default\"><img loading=\"lazy\" decoding=\"async\" width=\"595\" height=\"458\" src=\"https:\/\/cst.cat\/wp-content\/uploads\/2024\/06\/IMG_0021-1.jpg\" alt=\"\" class=\"wp-image-25435\" style=\"aspect-ratio:3\/2;object-fit:cover\" srcset=\"https:\/\/cst.cat\/wp-content\/uploads\/2024\/06\/IMG_0021-1.jpg 595w, https:\/\/cst.cat\/wp-content\/uploads\/2024\/06\/IMG_0021-1-300x231.jpg 300w\" sizes=\"auto, (max-width: 595px) 100vw, 595px\" \/><\/figure>\n\n\n\n<div style=\"height:20px\" aria-hidden=\"true\" class=\"wp-block-spacer\"><\/div>\n\n\n\n<div class=\"wp-block-buttons is-content-justification-center is-layout-flex wp-container-core-buttons-is-layout-16018d1d wp-block-buttons-is-layout-flex\">\n<div class=\"wp-block-button is-style-button-blau\"><a class=\"wp-block-button__link wp-element-button\" href=\"https:\/\/cst.cat\/es\/ginecologia-2\/\">Ginecolog\u00eda<\/a><\/div>\n<\/div>\n<\/div>\n\n\n\n<div class=\"wp-block-column is-layout-flow wp-block-column-is-layout-flow\">\n<figure class=\"wp-block-image size-full is-style-default\"><img loading=\"lazy\" decoding=\"async\" width=\"612\" height=\"395\" src=\"https:\/\/cst.cat\/wp-content\/uploads\/2024\/06\/obstetricia.jpg\" alt=\"\" class=\"wp-image-25442\" style=\"aspect-ratio:3\/2;object-fit:cover\" srcset=\"https:\/\/cst.cat\/wp-content\/uploads\/2024\/06\/obstetricia.jpg 612w, https:\/\/cst.cat\/wp-content\/uploads\/2024\/06\/obstetricia-600x387.jpg 600w, https:\/\/cst.cat\/wp-content\/uploads\/2024\/06\/obstetricia-300x194.jpg 300w\" sizes=\"auto, (max-width: 612px) 100vw, 612px\" \/><\/figure>\n\n\n\n<div style=\"height:20px\" aria-hidden=\"true\" class=\"wp-block-spacer\"><\/div>\n\n\n\n<div class=\"wp-block-buttons is-content-justification-center is-layout-flex wp-container-core-buttons-is-layout-16018d1d wp-block-buttons-is-layout-flex\">\n<div class=\"wp-block-button is-style-button-blau\"><a class=\"wp-block-button__link wp-element-button\" href=\"https:\/\/cst.cat\/es\/ginecologia-2\/\">Ginecolog\u00eda<\/a><\/div>\n<\/div>\n<\/div>\n<\/div>\n\n\n\n<div style=\"height:50px\" aria-hidden=\"true\" class=\"wp-block-spacer\"><\/div>\n\n\n\n<hr class=\"wp-block-separator has-css-opacity\"\/>\n\n\n\n<h2 class=\"wp-block-heading\" id=\"els-professionals\">Los profesionales<\/h2>\n\n\n\n<div style=\"height:25px\" aria-hidden=\"true\" class=\"wp-block-spacer\"><\/div>\n\n\n\n<div class=\"wp-block-columns is-style-default is-layout-flex wp-container-core-columns-is-layout-9d6595d7 wp-block-columns-is-layout-flex\">\n<div class=\"wp-block-column is-layout-flow wp-block-column-is-layout-flow\">\n<p><strong>Jefe de Servicio de Ginecolog\u00eda y Obstetricia:<\/strong><br>\u00c1ngeles Vives<\/p>\n\n\n\n<div style=\"height:20px\" aria-hidden=\"true\" class=\"wp-block-spacer\"><\/div>\n\n\n\n<p><strong>Responsable del \u00c1rea de Obstetricia:<\/strong><br>\u00c1ngeles Vives<br><\/p>\n\n\n\n<div style=\"height:20px\" aria-hidden=\"true\" class=\"wp-block-spacer\"><\/div>\n\n\n\n<p><strong>Responsable del \u00c1rea de Ginecolog\u00eda:<\/strong><br>Dolores Mateos<\/p>\n<\/div>\n\n\n\n<div class=\"wp-block-column is-layout-flow wp-block-column-is-layout-flow\">\n<p><strong>Coordinador del \u00c1rea de Atenci\u00f3n Primaria:<\/strong><br>Mabel Cayuela<\/p>\n\n\n\n<div style=\"height:25px\" aria-hidden=\"true\" class=\"wp-block-spacer\"><\/div>\n\n\n\n<p><strong>Coordinadora de Enfermer\u00eda de Sala de Partos y Planta de Maternidad:<\/strong><br>Mireia Alguersuari<\/p>\n\n\n\n<div style=\"height:25px\" aria-hidden=\"true\" class=\"wp-block-spacer\"><\/div>\n\n\n\n<p><strong>Coordinadora de comadronas del ASSIR:<\/strong><br>Marta Gallego<\/p>\n<\/div>\n<\/div>\n\n\n\n<div class=\"wp-block-buttons is-layout-flex wp-block-buttons-is-layout-flex\">\n<div class=\"wp-block-button is-style-button-blau\"><a class=\"wp-block-button__link wp-element-button\" href=\"https:\/\/cst.cat\/wp-content\/uploads\/2024\/06\/professionals_ca.pdf\" target=\"_blank\" rel=\"noreferrer noopener\">Ver todos los profesionales<\/a><\/div>\n<\/div>\n\n\n\n<div style=\"height:60px\" aria-hidden=\"true\" class=\"wp-block-spacer\"><\/div>\n\n\n\n<hr class=\"wp-block-separator has-css-opacity\"\/>\n\n\n\n<h2 class=\"wp-block-heading\" id=\"contacta-amb-espai-dona\">Noticias destacadas de Espai Dona<\/h2>\n\n\n\n<div style=\"height:20px\" aria-hidden=\"true\" class=\"wp-block-spacer\"><\/div>\n\n\n\r\n    <!-- block: noticia-list -->\r\n    <section class=\"block-noticia-list block-noticia-list-columns-2  destacat-noticies-recerca\">\r\n        <ul class=\"item-list\"><\/ul>\r\n        <div class=\"btn-ctr\">\r\n            <div class=\"loader\" style=\"display:none;\"><\/div>\r\n            <a class=\"carr-btn veure-mes-btn\" href=\"javascript:void(0);\">CARGAR +<\/a>\r\n        <\/div>\r\n    <\/section>\r\n    <!-- end block: noticia-list -->\r\n\n\n\n<div style=\"height:40px\" aria-hidden=\"true\" class=\"wp-block-spacer\"><\/div>\n\n\n\n<hr class=\"wp-block-separator has-css-opacity\"\/>\n\n\n\n<h2 class=\"wp-block-heading\" id=\"contacta-amb-espai-dona\">Contacta con Espai Dona<\/h2>\n\n\n\r\n    <!-- block: contactar enlaces -->\r\n            <section class=\"block-contactar-enlaces  contact-sec \">\r\n            <div class=\"row\">\r\n                                <ul class=\"contact-lst\">\r\n                                            <li class=\"phn \">\r\n                                                            <h2>Secretaria de Ginecologia<\/h2>\r\n                                                        <p>3a Planta. Hospital de Terrassa.<br \/>\nCtra. Torrebonica s\/n. 08227 Terrassa<\/p>\n<p>T. 93 731 41 38<\/p>\n<p><a href=\"mailto:sginecologia@cst.cat\" rel=\"noopener\" target=\"_blank\">sginecologia@cst.cat<\/a><\/p>\n                        <\/li>\r\n                                            <li class=\"mail \">\r\n                                                            <h2>Sol\u00b7licitar o canviar una visita<\/h2>\r\n                                                        <p>T. 93 700 36 10<\/p>\n<p><a href=\"mailto:admissionsgine@cst.cat\" rel=\"noopener\" target=\"_blank\">admissionsgine@cst.cat<\/a><\/p>\n                        <\/li>\r\n                                    <\/ul>\r\n            <\/div>\r\n        <\/section>\r\n        <!-- end block: contactar enlaces -->\r\n\n\n\n<div style=\"height:20px\" aria-hidden=\"true\" class=\"wp-block-spacer\"><\/div>\n<\/div>\n<\/div>\n\n\n\n<div style=\"height:10px\" aria-hidden=\"true\" class=\"wp-block-spacer\"><\/div>\n\n\n\n<div class=\"wp-block-columns is-style-default background-gris is-layout-flex wp-container-core-columns-is-layout-9d6595d7 wp-block-columns-is-layout-flex\">\n<div class=\"wp-block-column is-layout-flow wp-block-column-is-layout-flow\">\n<div class=\"wp-block-columns is-style-columns-marge is-layout-flex wp-container-core-columns-is-layout-9d6595d7 wp-block-columns-is-layout-flex\">\n<div class=\"wp-block-column is-layout-flow wp-block-column-is-layout-flow\">\n<h2 class=\"wp-block-heading\" id=\"troba-espai-dona-als-seguents-centres\">Encuentra Espai Dona en los siguientes centros:<\/h2>\n\n\n\r\n    <!-- block: centre-list-slider -->\r\n    <section class=\"block-centre-list-slider  wp-block-acf-centre-list-slider contact-centres-sec\">\r\n        <div class=\"row\">\r\n                                        <div class=\"centres-div\">\r\n                    <div class=\"owl-carousel\">\r\n                                                    <div class=\"item\">\r\n                                <div class=\"centre-out\">\r\n                                    <div class=\"centre-img\">\r\n                                                                                    <img decoding=\"async\" width=\"100%\" height=\"100%\" loading=\"lazy\" src=\"https:\/\/cst.cat\/wp-content\/uploads\/2021\/09\/cap-sant-llatzer.jpg\" srcset=\"\" alt=\"\">\r\n                                                                            <\/div>\r\n                                    <div class=\"centre-cont\">\r\n                                        <h2>CAP Sant Ll\u00e0tzer<\/h2>\r\n                                        <ul>\r\n                                                                                            <li>C. Riba, 62 \u00b7 08221 &#8211; Terrassa<\/li>\r\n                                                                                                                                        <li>T. <a href='tel:93 731 01 37'>93 731 01 37<\/a><\/li>\r\n                                                                                                                                        <li><p>Altres tel\u00e8fons d\u2019inter\u00e8s: CatSalut 061 \/ Ajuntament 010<br \/>\n<strong><a href=\"mailto:admissionssll@cst.cat\">capsantllatzer@cst.cat<\/a><\/strong><\/p>\n<p>&nbsp;<\/p>\n<\/li>\r\n                                                                                    <\/ul>\r\n\t\t\t\t\t\t\t\t\t\t\r\n                                    <!--   <a href=\"https:\/\/cst.cat\/centre\/cap-sant-llatzer\/\" class=\"info-btn\">+ INFO<\/a>-->\r\n\t\t\t\t\t\t\t\t\t\r\n\t\t\t\t\t\t\t\t\t\t\r\n\t\t\t\t\t\t\t\t\t\t\t\t\t\t\t\t\t\t\t\t<a href=\"https:\/\/cst.cat\/es\/centros-del-cst\/\" class=\"info-btn\">+ INFO<\/a>\r\n\t\t\t\t\t\t\t\t\t\t\t\t\t\t\t\t\t\t\t\r\n\t\t\t\t\t\t\t\t\t\t\r\n\t\t\t\t\t\t\t\t\t\t\r\n\t\t\t\t\t\t\t\t\t\t                                    \r\n\t\t\t\t\t\t\t\t\t<\/div>\r\n                                <\/div>\r\n                            <\/div>\r\n                                                    <div class=\"item\">\r\n                                <div class=\"centre-out\">\r\n                                    <div class=\"centre-img\">\r\n                                                                                    <img decoding=\"async\" width=\"100%\" height=\"100%\" loading=\"lazy\" src=\"https:\/\/cst.cat\/wp-content\/uploads\/2021\/09\/sant-genis-web.png\" srcset=\"\" alt=\"\">\r\n                                                                            <\/div>\r\n                                    <div class=\"centre-cont\">\r\n                                        <h2>CAP Sant Gen\u00eds<\/h2>\r\n                                        <ul>\r\n                                                                                            <li>C. Miquel Mumany Campderr\u00f3s 11-19 \u00b7 08191 &#8211; Rub\u00ed<\/li>\r\n                                                                                                                                        <li>T. <a href='tel:93 699 17 29'>93 699 17 29<\/a><\/li>\r\n                                                                                                                                        <li><p>Altres tel\u00e8fons d\u2019inter\u00e8s: CatSalut 061<br \/>\n<strong><a href=\"mailto:admissionscsg@cst.cat\">capsantgenis@cst.cat<\/a><\/strong><\/p>\n<p>&nbsp;<\/p>\n<\/li>\r\n                                                                                    <\/ul>\r\n\t\t\t\t\t\t\t\t\t\t\r\n                                    <!--   <a href=\"https:\/\/cst.cat\/centre\/cap-sant-genis\/\" class=\"info-btn\">+ INFO<\/a>-->\r\n\t\t\t\t\t\t\t\t\t\r\n\t\t\t\t\t\t\t\t\t\t\r\n\t\t\t\t\t\t\t\t\t\t\t\t\t\t\t\t\t\t\t\t<a href=\"https:\/\/cst.cat\/es\/centros-del-cst\/\" class=\"info-btn\">+ INFO<\/a>\r\n\t\t\t\t\t\t\t\t\t\t\t\t\t\t\t\t\t\t\t\r\n\t\t\t\t\t\t\t\t\t\t\r\n\t\t\t\t\t\t\t\t\t\t\r\n\t\t\t\t\t\t\t\t\t\t                                    \r\n\t\t\t\t\t\t\t\t\t<\/div>\r\n                                <\/div>\r\n                            <\/div>\r\n                                                    <div class=\"item\">\r\n                                <div class=\"centre-out\">\r\n                                    <div class=\"centre-img\">\r\n                                                                                    <img decoding=\"async\" width=\"100%\" height=\"100%\" loading=\"lazy\" src=\"https:\/\/cst.cat\/wp-content\/uploads\/2021\/10\/castellbisbal.png\" srcset=\"\" alt=\"\">\r\n                                                                            <\/div>\r\n                                    <div class=\"centre-cont\">\r\n                                        <h2>CAP Doctor Joan Planas<\/h2>\r\n                                        <ul>\r\n                                                                                            <li>Avda. Pau Casals 12 \u00b7 08755 \u2013 Castellbisbal<\/li>\r\n                                                                                                                                        <li>T. <a href='tel:93 772 03 56'>93 772 03 56<\/a><\/li>\r\n                                                                                                                                        <li><p>Altres tel\u00e8fons d\u2019inter\u00e8s: CatSalut 061<br \/>\n<strong><a href=\"mailto:admissionscsb@cst.cat\">capcastellbisbal@cst.cat<\/a><\/strong><\/p>\n<p>&nbsp;<\/p>\n<\/li>\r\n                                                                                    <\/ul>\r\n\t\t\t\t\t\t\t\t\t\t\r\n                                    <!--   <a href=\"https:\/\/cst.cat\/centre\/cap-doctor-joan-planas\/\" class=\"info-btn\">+ INFO<\/a>-->\r\n\t\t\t\t\t\t\t\t\t\r\n\t\t\t\t\t\t\t\t\t\t\r\n\t\t\t\t\t\t\t\t\t\t\t\t\t\t\t\t\t\t\t\t<a href=\"https:\/\/cst.cat\/es\/centros-del-cst\/\" class=\"info-btn\">+ INFO<\/a>\r\n\t\t\t\t\t\t\t\t\t\t\t\t\t\t\t\t\t\t\t\r\n\t\t\t\t\t\t\t\t\t\t\r\n\t\t\t\t\t\t\t\t\t\t\r\n\t\t\t\t\t\t\t\t\t\t                                    \r\n\t\t\t\t\t\t\t\t\t<\/div>\r\n                                <\/div>\r\n                            <\/div>\r\n                                            <\/div>\r\n                <\/div>\r\n                    <\/div>\r\n    <\/section>\r\n    <!-- end block: centre-list-slider -->\r\n\n\n\n<div style=\"height:30px\" aria-hidden=\"true\" class=\"wp-block-spacer\"><\/div>\n<\/div>\n<\/div>\n<\/div>\n<\/div>\n","protected":false},"excerpt":{"rendered":"<p>Espacio Mujer En el Consorcio Sanitario de Terrassa ofrecemos una atenci\u00f3n integrada de todo el proceso de gestaci\u00f3n, parto y posparto desde el ASSIR (Centros de Atenci\u00f3n Primaria), hasta la atenci\u00f3n especializada en el Hospital de Terrassa. Esto supone la gran ventaja de poder disponer de personal sanitario (m\u00e9dicos y comadronas) integrado, con protocolos de [&hellip;]<\/p>\n","protected":false},"author":2,"featured_media":0,"parent":0,"menu_order":0,"comment_status":"closed","ping_status":"closed","template":"","meta":{"_acf_changed":false,"footnotes":""},"class_list":["post-8748","page","type-page","status-publish","hentry"],"acf":[],"yoast_head":"<!-- This site is optimized with the Yoast SEO plugin v27.2 - https:\/\/yoast.com\/product\/yoast-seo-wordpress\/ -->\n<title>Espacio Mujer - CST<\/title>\n<meta name=\"robots\" content=\"index, follow, max-snippet:-1, max-image-preview:large, max-video-preview:-1\" \/>\n<link rel=\"canonical\" href=\"https:\/\/cst.cat\/es\/espacio-mujer\/\" \/>\n<meta property=\"og:locale\" content=\"es_ES\" \/>\n<meta property=\"og:type\" content=\"article\" \/>\n<meta property=\"og:title\" content=\"Espacio Mujer - CST\" \/>\n<meta property=\"og:description\" content=\"Espacio Mujer En el Consorcio Sanitario de Terrassa ofrecemos una atenci\u00f3n integrada de todo el proceso de gestaci\u00f3n, parto y posparto desde el ASSIR (Centros de Atenci\u00f3n Primaria), hasta la atenci\u00f3n especializada en el Hospital de Terrassa. Esto supone la gran ventaja de poder disponer de personal sanitario (m\u00e9dicos y comadronas) integrado, con protocolos de [&hellip;]\" \/>\n<meta property=\"og:url\" content=\"https:\/\/cst.cat\/es\/espacio-mujer\/\" \/>\n<meta property=\"og:site_name\" content=\"CST\" \/>\n<meta property=\"article:modified_time\" content=\"2024-06-19T08:20:36+00:00\" \/>\n<meta property=\"og:image\" content=\"https:\/\/cst.cat\/wp-content\/uploads\/2024\/06\/IMG_0021-1.jpg\" \/>\n<meta name=\"twitter:card\" content=\"summary_large_image\" \/>\n<meta name=\"twitter:label1\" content=\"Tiempo de lectura\" \/>\n\t<meta name=\"twitter:data1\" content=\"1 minuto\" \/>\n<script type=\"application\/ld+json\" class=\"yoast-schema-graph\">{\"@context\":\"https:\/\/schema.org\",\"@graph\":[{\"@type\":\"WebPage\",\"@id\":\"https:\/\/cst.cat\/es\/espacio-mujer\/\",\"url\":\"https:\/\/cst.cat\/es\/espacio-mujer\/\",\"name\":\"Espacio Mujer - CST\",\"isPartOf\":{\"@id\":\"https:\/\/cst.cat\/es\/#website\"},\"primaryImageOfPage\":{\"@id\":\"https:\/\/cst.cat\/es\/espacio-mujer\/#primaryimage\"},\"image\":{\"@id\":\"https:\/\/cst.cat\/es\/espacio-mujer\/#primaryimage\"},\"thumbnailUrl\":\"https:\/\/cst.cat\/wp-content\/uploads\/2024\/06\/IMG_0021-1.jpg\",\"datePublished\":\"2022-03-08T08:49:12+00:00\",\"dateModified\":\"2024-06-19T08:20:36+00:00\",\"breadcrumb\":{\"@id\":\"https:\/\/cst.cat\/es\/espacio-mujer\/#breadcrumb\"},\"inLanguage\":\"es\",\"potentialAction\":[{\"@type\":\"ReadAction\",\"target\":[\"https:\/\/cst.cat\/es\/espacio-mujer\/\"]}]},{\"@type\":\"ImageObject\",\"inLanguage\":\"es\",\"@id\":\"https:\/\/cst.cat\/es\/espacio-mujer\/#primaryimage\",\"url\":\"https:\/\/cst.cat\/wp-content\/uploads\/2024\/06\/IMG_0021-1.jpg\",\"contentUrl\":\"https:\/\/cst.cat\/wp-content\/uploads\/2024\/06\/IMG_0021-1.jpg\"},{\"@type\":\"BreadcrumbList\",\"@id\":\"https:\/\/cst.cat\/es\/espacio-mujer\/#breadcrumb\",\"itemListElement\":[{\"@type\":\"ListItem\",\"position\":1,\"name\":\"Inici\",\"item\":\"https:\/\/cst.cat\/es\/\"},{\"@type\":\"ListItem\",\"position\":2,\"name\":\"Espacio Mujer\"}]},{\"@type\":\"WebSite\",\"@id\":\"https:\/\/cst.cat\/es\/#website\",\"url\":\"https:\/\/cst.cat\/es\/\",\"name\":\"CST\",\"description\":\"\",\"publisher\":{\"@id\":\"https:\/\/cst.cat\/es\/#organization\"},\"potentialAction\":[{\"@type\":\"SearchAction\",\"target\":{\"@type\":\"EntryPoint\",\"urlTemplate\":\"https:\/\/cst.cat\/es\/?s={search_term_string}\"},\"query-input\":{\"@type\":\"PropertyValueSpecification\",\"valueRequired\":true,\"valueName\":\"search_term_string\"}}],\"inLanguage\":\"es\"},{\"@type\":\"Organization\",\"@id\":\"https:\/\/cst.cat\/es\/#organization\",\"name\":\"Consorci Sanitari de Terrassa\",\"url\":\"https:\/\/cst.cat\/es\/\",\"logo\":{\"@type\":\"ImageObject\",\"inLanguage\":\"es\",\"@id\":\"https:\/\/cst.cat\/es\/#\/schema\/logo\/image\/\",\"url\":\"https:\/\/cst.cat\/wp-content\/uploads\/2021\/09\/logo-header.svg\",\"contentUrl\":\"https:\/\/cst.cat\/wp-content\/uploads\/2021\/09\/logo-header.svg\",\"width\":90,\"height\":32,\"caption\":\"Consorci Sanitari de Terrassa\"},\"image\":{\"@id\":\"https:\/\/cst.cat\/es\/#\/schema\/logo\/image\/\"}}]}<\/script>\n<!-- \/ Yoast SEO plugin. -->","yoast_head_json":{"title":"Espacio Mujer - CST","robots":{"index":"index","follow":"follow","max-snippet":"max-snippet:-1","max-image-preview":"max-image-preview:large","max-video-preview":"max-video-preview:-1"},"canonical":"https:\/\/cst.cat\/es\/espacio-mujer\/","og_locale":"es_ES","og_type":"article","og_title":"Espacio Mujer - CST","og_description":"Espacio Mujer En el Consorcio Sanitario de Terrassa ofrecemos una atenci\u00f3n integrada de todo el proceso de gestaci\u00f3n, parto y posparto desde el ASSIR (Centros de Atenci\u00f3n Primaria), hasta la atenci\u00f3n especializada en el Hospital de Terrassa. Esto supone la gran ventaja de poder disponer de personal sanitario (m\u00e9dicos y comadronas) integrado, con protocolos de [&hellip;]","og_url":"https:\/\/cst.cat\/es\/espacio-mujer\/","og_site_name":"CST","article_modified_time":"2024-06-19T08:20:36+00:00","og_image":[{"url":"https:\/\/cst.cat\/wp-content\/uploads\/2024\/06\/IMG_0021-1.jpg","type":"","width":"","height":""}],"twitter_card":"summary_large_image","twitter_misc":{"Tiempo de lectura":"1 minuto"},"schema":{"@context":"https:\/\/schema.org","@graph":[{"@type":"WebPage","@id":"https:\/\/cst.cat\/es\/espacio-mujer\/","url":"https:\/\/cst.cat\/es\/espacio-mujer\/","name":"Espacio Mujer - CST","isPartOf":{"@id":"https:\/\/cst.cat\/es\/#website"},"primaryImageOfPage":{"@id":"https:\/\/cst.cat\/es\/espacio-mujer\/#primaryimage"},"image":{"@id":"https:\/\/cst.cat\/es\/espacio-mujer\/#primaryimage"},"thumbnailUrl":"https:\/\/cst.cat\/wp-content\/uploads\/2024\/06\/IMG_0021-1.jpg","datePublished":"2022-03-08T08:49:12+00:00","dateModified":"2024-06-19T08:20:36+00:00","breadcrumb":{"@id":"https:\/\/cst.cat\/es\/espacio-mujer\/#breadcrumb"},"inLanguage":"es","potentialAction":[{"@type":"ReadAction","target":["https:\/\/cst.cat\/es\/espacio-mujer\/"]}]},{"@type":"ImageObject","inLanguage":"es","@id":"https:\/\/cst.cat\/es\/espacio-mujer\/#primaryimage","url":"https:\/\/cst.cat\/wp-content\/uploads\/2024\/06\/IMG_0021-1.jpg","contentUrl":"https:\/\/cst.cat\/wp-content\/uploads\/2024\/06\/IMG_0021-1.jpg"},{"@type":"BreadcrumbList","@id":"https:\/\/cst.cat\/es\/espacio-mujer\/#breadcrumb","itemListElement":[{"@type":"ListItem","position":1,"name":"Inici","item":"https:\/\/cst.cat\/es\/"},{"@type":"ListItem","position":2,"name":"Espacio Mujer"}]},{"@type":"WebSite","@id":"https:\/\/cst.cat\/es\/#website","url":"https:\/\/cst.cat\/es\/","name":"CST","description":"","publisher":{"@id":"https:\/\/cst.cat\/es\/#organization"},"potentialAction":[{"@type":"SearchAction","target":{"@type":"EntryPoint","urlTemplate":"https:\/\/cst.cat\/es\/?s={search_term_string}"},"query-input":{"@type":"PropertyValueSpecification","valueRequired":true,"valueName":"search_term_string"}}],"inLanguage":"es"},{"@type":"Organization","@id":"https:\/\/cst.cat\/es\/#organization","name":"Consorci Sanitari de Terrassa","url":"https:\/\/cst.cat\/es\/","logo":{"@type":"ImageObject","inLanguage":"es","@id":"https:\/\/cst.cat\/es\/#\/schema\/logo\/image\/","url":"https:\/\/cst.cat\/wp-content\/uploads\/2021\/09\/logo-header.svg","contentUrl":"https:\/\/cst.cat\/wp-content\/uploads\/2021\/09\/logo-header.svg","width":90,"height":32,"caption":"Consorci Sanitari de Terrassa"},"image":{"@id":"https:\/\/cst.cat\/es\/#\/schema\/logo\/image\/"}}]}},"_links":{"self":[{"href":"https:\/\/cst.cat\/es\/wp-json\/wp\/v2\/pages\/8748","targetHints":{"allow":["GET"]}}],"collection":[{"href":"https:\/\/cst.cat\/es\/wp-json\/wp\/v2\/pages"}],"about":[{"href":"https:\/\/cst.cat\/es\/wp-json\/wp\/v2\/types\/page"}],"author":[{"embeddable":true,"href":"https:\/\/cst.cat\/es\/wp-json\/wp\/v2\/users\/2"}],"replies":[{"embeddable":true,"href":"https:\/\/cst.cat\/es\/wp-json\/wp\/v2\/comments?post=8748"}],"version-history":[{"count":0,"href":"https:\/\/cst.cat\/es\/wp-json\/wp\/v2\/pages\/8748\/revisions"}],"wp:attachment":[{"href":"https:\/\/cst.cat\/es\/wp-json\/wp\/v2\/media?parent=8748"}],"curies":[{"name":"wp","href":"https:\/\/api.w.org\/{rel}","templated":true}]}}