{"id":8935,"date":"2022-03-08T09:56:12","date_gmt":"2022-03-08T08:56:12","guid":{"rendered":"https:\/\/cst.cat\/servei\/servicio-de-fisioterapia-y-rehabilitacion\/"},"modified":"2026-01-22T08:18:07","modified_gmt":"2026-01-22T07:18:07","slug":"servicio-de-fisioterapia-y-rehabilitacion","status":"publish","type":"servei","link":"https:\/\/cst.cat\/es\/servei\/servicio-de-fisioterapia-y-rehabilitacion\/","title":{"rendered":"Servicio de Fisioterapia y Rehabilitaci\u00f3n"},"content":{"rendered":"\n<p>El Servicio de Rehabilitaci\u00f3n del Consorcio Sanitario de Terrassa atiende a un gran abanico de patolog\u00edas. Entre ellas, se encuentran las lesiones traumatol\u00f3gicas y ortop\u00e9dicas, neurol\u00f3gicas y respiratorias, entre las m\u00e1s prevalentes, y tambi\u00e9n otras como las relacionadas con las afectaciones del sol p\u00e9lvico. <\/p>\n\n<p>Mayoritariamente se tratan patolog\u00edas del aparato locomotor y predominantemente en forma ambulatoria, si bien es muy relevante la atenci\u00f3n terap\u00e9utica complementaria de pacientes hospitalizados en los que se realizan actuaciones destinadas a mejorar los d\u00e9ficits funcionales relacionados con la enfermedad o la propia estancia hospitalaria. <\/p>\n\n<p>El tratamiento rehabilitador est\u00e1 orientado a alcanzar el m\u00e1ximo nivel de autonom\u00eda, de la capacidad funcional y de la calidad de vida. Para la realizaci\u00f3n de los tratamientos se incorporan agentes f\u00edsicos terap\u00e9uticos, terapias manuales y readaptaci\u00f3n f\u00edsica y funcional mediante ejercicio, campos electromagn\u00e9ticos, electroterapia, termoterapia, crioterapia, agentes f\u00edsicos funcionales, cinesiterapia y ejercicio instrumentalizado. Todos ellos dirigidos a la atenci\u00f3n del paciente con dolor, p\u00e9rdida funcional y\/o alteraciones de la calidad de vida derivadas de una enfermedad o lesi\u00f3n.<\/p>\n\n<p>El equipo asistencial realiza una valoraci\u00f3n previa y personalizada a partir del diagn\u00f3stico m\u00e9dico, realizando una evaluaci\u00f3n funcional integral, a partir de la que se dise\u00f1ar\u00e1 el plan terap\u00e9utico. <\/p>\n\n<p>Se promueve la participaci\u00f3n activa del paciente, adiestrando en la correcta realizaci\u00f3n de los ejercicios m\u00e1s adecuados a su proceso de recuperaci\u00f3n.<\/p>\n\n<p>La Rehabilitaci\u00f3n se lleva a cabo varios dispositivos asistenciales del CST:<\/p>\n\n<ul class=\"is-style-punts-blaus wp-block-list\">\n<li>Rehabilitaci\u00f3n Hospitalaria<\/li>\n\n\n\n<li>Rehabilitaci\u00f3n en Convalecencia y Rehabilitaci\u00f3n en Larga Estancia (Hospital de St. Ll\u00e0tzer)<\/li>\n\n\n\n<li>Rehabilitaci\u00f3n Ambulatoria<\/li>\n<\/ul>\n\n<div style=\"height:20px\" aria-hidden=\"true\" class=\"wp-block-spacer\"><\/div>\n\n<hr class=\"wp-block-separator has-css-opacity\"\/>\n\n<div style=\"height:30px\" aria-hidden=\"true\" class=\"wp-block-spacer\"><\/div>\n\n<h2 class=\"wp-block-heading\" id=\"cartera-de-serveis-i-especialitats\">\n          <strong>Cartera de Servicios<\/strong>\n        <\/h2>\n\n<div style=\"height:30px\" aria-hidden=\"true\" class=\"wp-block-spacer\"><\/div>\n\n<div style=\"height:29px\" aria-hidden=\"true\" class=\"wp-block-spacer\"><\/div>\n\n<ul class=\"is-style-punts-blaus wp-block-list\">\n<li>RHB traumatol\u00f3gica y deportiva <\/li>\n\n\n\n<li>RHB pedi\u00e1trica<\/li>\n\n\n\n<li>RHB respiratoria<\/li>\n\n\n\n<li>Pre-rehabilitaci\u00f3n y fast-track<\/li>\n\n\n\n<li>RHB post-COVID y COVID persistente<\/li>\n\n\n\n<li>Grupo de entrenamiento en el esfuerzo con pacientes EPOC<\/li>\n\n\n\n<li>RHB card\u00edaca<\/li>\n\n\n\n<li>RHB del sol p\u00e9lvico<\/li>\n\n\n\n<li>RHB neurol\u00f3gica <\/li>\n\n\n\n<li>Escuela de hombro<\/li>\n\n\n\n<li>Escuela de columna y cervicales<\/li>\n\n\n\n<li>Escuela perineal<\/li>\n\n\n\n<li>Linfedemas de miembros superiores e inferiores<\/li>\n<\/ul>\n\n<div style=\"height:29px\" aria-hidden=\"true\" class=\"wp-block-spacer\"><\/div>\n\n<hr class=\"wp-block-separator has-css-opacity\"\/>\n\n<div style=\"height:29px\" aria-hidden=\"true\" class=\"wp-block-spacer\"><\/div>\n\n<h2 class=\"wp-block-heading\" id=\"cartera-de-serveis-i-especialitats\">\n          <strong>Docencia<\/strong>\n        <\/h2>\n\n<div style=\"height:29px\" aria-hidden=\"true\" class=\"wp-block-spacer\"><\/div>\n\n<ul class=\"is-style-punts-blaus wp-block-list\">\n<li>Formaci\u00f3n Pregrado de pr\u00e1cticum de alumnos de Fisioterapia de diferentes universidades (EU Gimbernat, UIC, UM, UdL, FCS Blanquerna)<\/li>\n\n\n\n<li>Formaci\u00f3n pr\u00e1cticum de alumnos del M\u00e1ster Universitario de Sol Pelvi\u00e0 (UM)<\/li>\n<\/ul>\n\n<div style=\"height:10px\" aria-hidden=\"true\" class=\"wp-block-spacer\"><\/div>\n","protected":false},"template":"","tags":[],"cartera_de_servei":[],"categoria_servei":[197],"class_list":["post-8935","servei","type-servei","status-publish","hentry","categoria_servei-medicina-del-deporte-rehabilitacion-y-fisioterapia-es"],"acf":[],"yoast_head":"<!-- This site is optimized with the Yoast SEO plugin v27.2 - https:\/\/yoast.com\/product\/yoast-seo-wordpress\/ -->\n<title>Servicio de Fisioterapia y Rehabilitaci\u00f3n - CST<\/title>\n<meta name=\"robots\" content=\"index, follow, max-snippet:-1, max-image-preview:large, max-video-preview:-1\" \/>\n<link rel=\"canonical\" href=\"https:\/\/cst.cat\/es\/servei\/servicio-de-fisioterapia-y-rehabilitacion\/\" \/>\n<meta property=\"og:locale\" content=\"es_ES\" \/>\n<meta property=\"og:type\" content=\"article\" \/>\n<meta property=\"og:title\" content=\"Servicio de Fisioterapia y Rehabilitaci\u00f3n - CST\" \/>\n<meta property=\"og:description\" content=\"El Servicio de Rehabilitaci\u00f3n del Consorcio Sanitario de Terrassa atiende a un gran abanico de patolog\u00edas. Entre ellas, se encuentran las lesiones traumatol\u00f3gicas y ortop\u00e9dicas, neurol\u00f3gicas y respiratorias, entre las m\u00e1s prevalentes, y tambi\u00e9n otras como las relacionadas con las afectaciones del sol p\u00e9lvico. Mayoritariamente se tratan patolog\u00edas del aparato locomotor y predominantemente en forma [&hellip;]\" \/>\n<meta property=\"og:url\" content=\"https:\/\/cst.cat\/es\/servei\/servicio-de-fisioterapia-y-rehabilitacion\/\" \/>\n<meta property=\"og:site_name\" content=\"CST\" \/>\n<meta property=\"article:modified_time\" content=\"2026-01-22T07:18:07+00:00\" \/>\n<meta name=\"twitter:card\" content=\"summary_large_image\" \/>\n<meta name=\"twitter:label1\" content=\"Tiempo de lectura\" \/>\n\t<meta name=\"twitter:data1\" content=\"2 minutos\" \/>\n<script type=\"application\/ld+json\" class=\"yoast-schema-graph\">{\"@context\":\"https:\/\/schema.org\",\"@graph\":[{\"@type\":\"WebPage\",\"@id\":\"https:\/\/cst.cat\/es\/servei\/servicio-de-fisioterapia-y-rehabilitacion\/\",\"url\":\"https:\/\/cst.cat\/es\/servei\/servicio-de-fisioterapia-y-rehabilitacion\/\",\"name\":\"Servicio de Fisioterapia y Rehabilitaci\u00f3n - CST\",\"isPartOf\":{\"@id\":\"https:\/\/cst.cat\/es\/#website\"},\"datePublished\":\"2022-03-08T08:56:12+00:00\",\"dateModified\":\"2026-01-22T07:18:07+00:00\",\"breadcrumb\":{\"@id\":\"https:\/\/cst.cat\/es\/servei\/servicio-de-fisioterapia-y-rehabilitacion\/#breadcrumb\"},\"inLanguage\":\"es\",\"potentialAction\":[{\"@type\":\"ReadAction\",\"target\":[\"https:\/\/cst.cat\/es\/servei\/servicio-de-fisioterapia-y-rehabilitacion\/\"]}]},{\"@type\":\"BreadcrumbList\",\"@id\":\"https:\/\/cst.cat\/es\/servei\/servicio-de-fisioterapia-y-rehabilitacion\/#breadcrumb\",\"itemListElement\":[{\"@type\":\"ListItem\",\"position\":1,\"name\":\"Inici\",\"item\":\"https:\/\/cst.cat\/es\/\"},{\"@type\":\"ListItem\",\"position\":2,\"name\":\"Servicio de Fisioterapia y Rehabilitaci\u00f3n\"}]},{\"@type\":\"WebSite\",\"@id\":\"https:\/\/cst.cat\/es\/#website\",\"url\":\"https:\/\/cst.cat\/es\/\",\"name\":\"CST\",\"description\":\"\",\"publisher\":{\"@id\":\"https:\/\/cst.cat\/es\/#organization\"},\"potentialAction\":[{\"@type\":\"SearchAction\",\"target\":{\"@type\":\"EntryPoint\",\"urlTemplate\":\"https:\/\/cst.cat\/es\/?s={search_term_string}\"},\"query-input\":{\"@type\":\"PropertyValueSpecification\",\"valueRequired\":true,\"valueName\":\"search_term_string\"}}],\"inLanguage\":\"es\"},{\"@type\":\"Organization\",\"@id\":\"https:\/\/cst.cat\/es\/#organization\",\"name\":\"Consorci Sanitari de Terrassa\",\"url\":\"https:\/\/cst.cat\/es\/\",\"logo\":{\"@type\":\"ImageObject\",\"inLanguage\":\"es\",\"@id\":\"https:\/\/cst.cat\/es\/#\/schema\/logo\/image\/\",\"url\":\"https:\/\/cst.cat\/wp-content\/uploads\/2021\/09\/logo-header.svg\",\"contentUrl\":\"https:\/\/cst.cat\/wp-content\/uploads\/2021\/09\/logo-header.svg\",\"width\":90,\"height\":32,\"caption\":\"Consorci Sanitari de Terrassa\"},\"image\":{\"@id\":\"https:\/\/cst.cat\/es\/#\/schema\/logo\/image\/\"}}]}<\/script>\n<!-- \/ Yoast SEO plugin. -->","yoast_head_json":{"title":"Servicio de Fisioterapia y Rehabilitaci\u00f3n - CST","robots":{"index":"index","follow":"follow","max-snippet":"max-snippet:-1","max-image-preview":"max-image-preview:large","max-video-preview":"max-video-preview:-1"},"canonical":"https:\/\/cst.cat\/es\/servei\/servicio-de-fisioterapia-y-rehabilitacion\/","og_locale":"es_ES","og_type":"article","og_title":"Servicio de Fisioterapia y Rehabilitaci\u00f3n - CST","og_description":"El Servicio de Rehabilitaci\u00f3n del Consorcio Sanitario de Terrassa atiende a un gran abanico de patolog\u00edas. Entre ellas, se encuentran las lesiones traumatol\u00f3gicas y ortop\u00e9dicas, neurol\u00f3gicas y respiratorias, entre las m\u00e1s prevalentes, y tambi\u00e9n otras como las relacionadas con las afectaciones del sol p\u00e9lvico. Mayoritariamente se tratan patolog\u00edas del aparato locomotor y predominantemente en forma [&hellip;]","og_url":"https:\/\/cst.cat\/es\/servei\/servicio-de-fisioterapia-y-rehabilitacion\/","og_site_name":"CST","article_modified_time":"2026-01-22T07:18:07+00:00","twitter_card":"summary_large_image","twitter_misc":{"Tiempo de lectura":"2 minutos"},"schema":{"@context":"https:\/\/schema.org","@graph":[{"@type":"WebPage","@id":"https:\/\/cst.cat\/es\/servei\/servicio-de-fisioterapia-y-rehabilitacion\/","url":"https:\/\/cst.cat\/es\/servei\/servicio-de-fisioterapia-y-rehabilitacion\/","name":"Servicio de Fisioterapia y Rehabilitaci\u00f3n - CST","isPartOf":{"@id":"https:\/\/cst.cat\/es\/#website"},"datePublished":"2022-03-08T08:56:12+00:00","dateModified":"2026-01-22T07:18:07+00:00","breadcrumb":{"@id":"https:\/\/cst.cat\/es\/servei\/servicio-de-fisioterapia-y-rehabilitacion\/#breadcrumb"},"inLanguage":"es","potentialAction":[{"@type":"ReadAction","target":["https:\/\/cst.cat\/es\/servei\/servicio-de-fisioterapia-y-rehabilitacion\/"]}]},{"@type":"BreadcrumbList","@id":"https:\/\/cst.cat\/es\/servei\/servicio-de-fisioterapia-y-rehabilitacion\/#breadcrumb","itemListElement":[{"@type":"ListItem","position":1,"name":"Inici","item":"https:\/\/cst.cat\/es\/"},{"@type":"ListItem","position":2,"name":"Servicio de Fisioterapia y Rehabilitaci\u00f3n"}]},{"@type":"WebSite","@id":"https:\/\/cst.cat\/es\/#website","url":"https:\/\/cst.cat\/es\/","name":"CST","description":"","publisher":{"@id":"https:\/\/cst.cat\/es\/#organization"},"potentialAction":[{"@type":"SearchAction","target":{"@type":"EntryPoint","urlTemplate":"https:\/\/cst.cat\/es\/?s={search_term_string}"},"query-input":{"@type":"PropertyValueSpecification","valueRequired":true,"valueName":"search_term_string"}}],"inLanguage":"es"},{"@type":"Organization","@id":"https:\/\/cst.cat\/es\/#organization","name":"Consorci Sanitari de Terrassa","url":"https:\/\/cst.cat\/es\/","logo":{"@type":"ImageObject","inLanguage":"es","@id":"https:\/\/cst.cat\/es\/#\/schema\/logo\/image\/","url":"https:\/\/cst.cat\/wp-content\/uploads\/2021\/09\/logo-header.svg","contentUrl":"https:\/\/cst.cat\/wp-content\/uploads\/2021\/09\/logo-header.svg","width":90,"height":32,"caption":"Consorci Sanitari de Terrassa"},"image":{"@id":"https:\/\/cst.cat\/es\/#\/schema\/logo\/image\/"}}]}},"_links":{"self":[{"href":"https:\/\/cst.cat\/es\/wp-json\/wp\/v2\/servei\/8935","targetHints":{"allow":["GET"]}}],"collection":[{"href":"https:\/\/cst.cat\/es\/wp-json\/wp\/v2\/servei"}],"about":[{"href":"https:\/\/cst.cat\/es\/wp-json\/wp\/v2\/types\/servei"}],"wp:attachment":[{"href":"https:\/\/cst.cat\/es\/wp-json\/wp\/v2\/media?parent=8935"}],"wp:term":[{"taxonomy":"post_tag","embeddable":true,"href":"https:\/\/cst.cat\/es\/wp-json\/wp\/v2\/tags?post=8935"},{"taxonomy":"cartera_de_servei","embeddable":true,"href":"https:\/\/cst.cat\/es\/wp-json\/wp\/v2\/cartera_de_servei?post=8935"},{"taxonomy":"categoria_servei","embeddable":true,"href":"https:\/\/cst.cat\/es\/wp-json\/wp\/v2\/categoria_servei?post=8935"}],"curies":[{"name":"wp","href":"https:\/\/api.w.org\/{rel}","templated":true}]}}