{"id":9031,"date":"2022-03-08T09:57:02","date_gmt":"2022-03-08T08:57:02","guid":{"rendered":"https:\/\/cst.cat\/servei\/servicio-de-pediatria-y-sus-areas-especificas\/"},"modified":"2026-01-21T11:48:24","modified_gmt":"2026-01-21T10:48:24","slug":"servicio-de-pediatria-y-sus-areas-especificas","status":"publish","type":"servei","link":"https:\/\/cst.cat\/es\/servei\/servicio-de-pediatria-y-sus-areas-especificas\/","title":{"rendered":"Servicio de Pediatr\u00eda y sus \u00e1reas espec\u00edficas"},"content":{"rendered":"\n<p class=\"has-medium-font-size\">La Pediatr\u00eda es la especialidad m\u00e9dica que estudia al ni\u00f1o y sus enfermedades, basado en un enfoque biopsicosocial de su salud.<\/p>\n\n<p>Cronol\u00f3gicamente la Pediatr\u00eda abarca desde el nacimiento hasta la adolescencia, distinguiendo diversas etapas: neonatolog\u00eda, lactante, preescolar, escolar y adolescencia. <\/p>\n\n<p>El Servicio de Pediatr\u00eda del CST est\u00e1 preparado para la atenci\u00f3n de situaciones de salud tanto agudas como cr\u00f3nicas, adaptando sus circuitos y ubicaciones a las necesidades de los pacientes y familias.<\/p>\n\n<p>Cuenta con un amplio abanico de especialidades m\u00e9dicas y quir\u00fargicas dando servicio a toda la poblaci\u00f3n de referencia y una amplia oferta asistencial, que en la mayor\u00eda de procesos llega hasta la edad de 18 a\u00f1os.<\/p>\n\n<p>En el entorno hospitalario, el Servicio de Pediatr\u00eda aplica un programa de humanizaci\u00f3n, con el fin de mejorar la estancia de los ni\u00f1os y ni\u00f1as ingresados en las plantas, sometidos a intervenciones quir\u00fargicas y tambi\u00e9n a los atendidos en las Urgencias Pedi\u00e1tricas.<\/p>\n\n<p>De este programa destacan aspectos como el acompa\u00f1amiento familiar en todo momento y el uso de habitaciones individuales, espacios y actividades l\u00fadicas y culturales durante el ingreso, t\u00e9cnicas de disminuci\u00f3n del estr\u00e9s en caso de procedimientos invasivos y preparaci\u00f3n para la cirug\u00eda, altas precoces y disminuci\u00f3n del tiempo de ingreso.<\/p>\n\n<p>Para poder ofrecer un adecuado continuum asistencial, los profesionales del Servicio de Pediatr\u00eda disponen de un sistema de coordinaci\u00f3n de la red que forma a los diferentes centros y dispositivos de atenci\u00f3n.<\/p>\n\n<div style=\"height:20px\" aria-hidden=\"true\" class=\"wp-block-spacer\"><\/div>\n\n<hr class=\"wp-block-separator\"\/>\n\n<div style=\"height:30px\" aria-hidden=\"true\" class=\"wp-block-spacer\"><\/div>\n\n<h2 class=\"wp-block-heading\" id=\"cartera-de-serveis\">\n          <strong>Cartera de servicios<\/strong>\n        <\/h2>\n\n<div style=\"height:30px\" aria-hidden=\"true\" class=\"wp-block-spacer\"><\/div>\n\n<ul class=\"is-style-punts-blaus wp-block-list\"><li>Centros de atenci\u00f3n primaria donde se realizan actividades preventivas y de salud comunitaria, propias de la edad pedi\u00e1trica, as\u00ed como asistencia a situaciones de salud no demorables.<\/li><li>Hospital de Terrassa<ul><li>Servicio de Urgencias de Pediatr\u00eda, atendiendo a urgencias hasta los 18 a\u00f1os<\/li><li>Sala de hospitalizaci\u00f3n, para lactantes, ni\u00f1os, adolescentes y j\u00f3venes hasta 18 a\u00f1os<\/li><li>Cirug\u00eda pedi\u00e1trica<\/li><li>Hospital de D\u00eda<\/li><li>Consultas externas de especialidades<\/li><li>\u00c1rea MaternoInfantil, que agrupa a la Unidad de Neonatolog\u00eda y Obstetricia<\/li><li>\u00c1rea de Hospitalizaci\u00f3n:<ul><li>La Unidad de Neonatolog\u00eda. Dispone de 2 camas de cuidados intensivos y 12 de cuidados intermedios, y material de monitorizaci\u00f3n, que permite el tratamiento de las patolog\u00edas propias de la edad. As\u00ed como acceso al banco de leche materna.<\/li><li>Tres habitaciones por ingreso conjunto madre\/hijo (para completar tratamiento antibi\u00f3tico, alimentaci\u00f3n con el prematuro, fototerapia. Y preparaci\u00f3n al alta).<\/li><\/ul><\/li><li>Maternidad, dispone de:<ul><li>16 habitaciones individuales que permite estancia continua con la madre y donde se realizan todos los cuidados del beb\u00e9 sano, visitas, pruebas, t\u00e9cnicas.<\/li><\/ul><\/li><li>\u00c1rea Ambulatoria, dispone de:<ul><li>Consulta externa por control y seguimiento de patolog\u00edas neonatales<\/li><li>Consulta de seguimiento r\u00e1pido: alta precoz maternidad, controles de peso, ictericias&#8230;<\/li><\/ul><\/li><\/ul><\/li><\/ul>\n<div style=\"height:10px\" aria-hidden=\"true\" class=\"wp-block-spacer\"><\/div>\n\n<hr class=\"wp-block-separator\"\/>\n\n<div style=\"height:30px\" aria-hidden=\"true\" class=\"wp-block-spacer\"><\/div>\n\n<h2 class=\"wp-block-heading\" id=\"cartera-de-serveis\">\n          <strong>Cartera de especialidades<\/strong>\n        <\/h2>\n\n<div style=\"height:30px\" aria-hidden=\"true\" class=\"wp-block-spacer\"><\/div>\n\n<ul class=\"is-style-punts-blaus wp-block-list\"><li>Cardiolog\u00eda pedi\u00e1trica<\/li><li>Endocrinolog\u00eda y nutrici\u00f3n infantil<\/li><li>Gastroenterolog\u00eda pedi\u00e1trica<\/li><li>Hematolog\u00eda pedi\u00e1trica<\/li><li>Nefrolog\u00eda pedi\u00e1trica<\/li><li>Neuropediatr\u00eda<\/li><li>Neumolog\u00eda Pedi\u00e1trica<\/li><li>Pediatr\u00eda y actividad f\u00edsica<\/li><li>Pediatr\u00eda Social<\/li><li>Pediatr\u00eda Medioambiental<\/li><li>Patolog\u00eda Infecciosa Pedi\u00e1trica<\/li><li>Atenci\u00f3n al paciente pedi\u00e1trico cr\u00f3nico complejo<\/li><li>Cirug\u00eda pedi\u00e1trica<\/li><li>Pediatr\u00eda General<\/li><li>Otros<ul><li>Atenci\u00f3n Primaria<\/li><li>Cuidados Paliativos<\/li><li>Alergolog\u00eda infantil<\/li><li>ORL<\/li><li>Dermatolog\u00eda<\/li><li>Oftalmolog\u00eda<\/li><li>Traumatolog\u00eda y Ortopedia<\/li><li>Salud Internacional<\/li><li>Salud Mental Infantil Juvenil (psicolog\u00eda cl\u00ednica \/ psiquiatr\u00eda)<\/li><\/ul><\/li><\/ul>\n<div style=\"height:30px\" aria-hidden=\"true\" class=\"wp-block-spacer\"><\/div>\n\n<hr class=\"wp-block-separator\"\/>\n\n<div style=\"height:30px\" aria-hidden=\"true\" class=\"wp-block-spacer\"><\/div>\n\n<h2 class=\"wp-block-heading\" id=\"docencia\">\n          <strong>Docencia<\/strong>\n        <\/h2>\n\n<div style=\"height:30px\" aria-hidden=\"true\" class=\"wp-block-spacer\"><\/div>\n\n<p>El servicio dispone de un programa docente, con formaci\u00f3n (MIR) de m\u00e9dicos especialistas en Pediatr\u00eda y en Medicina Familiar y Comunitaria. Est\u00e1 constituido como Unidad Docente Multi-profesional desde el a\u00f1o 2021 incorporando la formaci\u00f3n de la especialidad de Enfermer\u00eda de Pediatr\u00eda. El servicio tambi\u00e9n asume la formaci\u00f3n de estudiantes de la licenciatura de medicina, de grado de psicolog\u00eda y enfermer\u00eda.<\/p>\n\n<div style=\"height:30px\" aria-hidden=\"true\" class=\"wp-block-spacer\"><\/div>\n\n<hr class=\"wp-block-separator\"\/>\n\n<div style=\"height:30px\" aria-hidden=\"true\" class=\"wp-block-spacer\"><\/div>\n\n<h2 class=\"wp-block-heading\" id=\"recerca\">\n          <strong>B\u00fasqueda<\/strong>\n        <\/h2>\n\n<div style=\"height:30px\" aria-hidden=\"true\" class=\"wp-block-spacer\"><\/div>\n\n<p>Participa en investigaci\u00f3n cl\u00ednica y proyectos de innovaci\u00f3n tanto a nivel de atenci\u00f3n primaria, como hospitalizaci\u00f3n y urgencias.<\/p>\n\n<div style=\"height:10px\" aria-hidden=\"true\" class=\"wp-block-spacer\"><\/div>\n","protected":false},"template":"","tags":[],"cartera_de_servei":[],"categoria_servei":[190],"class_list":["post-9031","servei","type-servei","status-publish","hentry","categoria_servei-atencion-materno-infantil"],"acf":[],"yoast_head":"<!-- This site is optimized with the Yoast SEO plugin v27.2 - https:\/\/yoast.com\/product\/yoast-seo-wordpress\/ -->\n<title>Servicio de Pediatr\u00eda y sus \u00e1reas espec\u00edficas - CST<\/title>\n<meta name=\"robots\" content=\"index, follow, max-snippet:-1, max-image-preview:large, max-video-preview:-1\" \/>\n<link rel=\"canonical\" href=\"https:\/\/cst.cat\/es\/servei\/servicio-de-pediatria-y-sus-areas-especificas\/\" \/>\n<meta property=\"og:locale\" content=\"es_ES\" \/>\n<meta property=\"og:type\" content=\"article\" \/>\n<meta property=\"og:title\" content=\"Servicio de Pediatr\u00eda y sus \u00e1reas espec\u00edficas - CST\" \/>\n<meta property=\"og:description\" content=\"La Pediatr\u00eda es la especialidad m\u00e9dica que estudia al ni\u00f1o y sus enfermedades, basado en un enfoque biopsicosocial de su salud. Cronol\u00f3gicamente la Pediatr\u00eda abarca desde el nacimiento hasta la adolescencia, distinguiendo diversas etapas: neonatolog\u00eda, lactante, preescolar, escolar y adolescencia. El Servicio de Pediatr\u00eda del CST est\u00e1 preparado para la atenci\u00f3n de situaciones de salud [&hellip;]\" \/>\n<meta property=\"og:url\" content=\"https:\/\/cst.cat\/es\/servei\/servicio-de-pediatria-y-sus-areas-especificas\/\" \/>\n<meta property=\"og:site_name\" content=\"CST\" \/>\n<meta property=\"article:modified_time\" content=\"2026-01-21T10:48:24+00:00\" \/>\n<meta name=\"twitter:card\" content=\"summary_large_image\" \/>\n<meta name=\"twitter:label1\" content=\"Tiempo de lectura\" \/>\n\t<meta name=\"twitter:data1\" content=\"3 minutos\" \/>\n<script type=\"application\/ld+json\" class=\"yoast-schema-graph\">{\"@context\":\"https:\/\/schema.org\",\"@graph\":[{\"@type\":\"WebPage\",\"@id\":\"https:\/\/cst.cat\/es\/servei\/servicio-de-pediatria-y-sus-areas-especificas\/\",\"url\":\"https:\/\/cst.cat\/es\/servei\/servicio-de-pediatria-y-sus-areas-especificas\/\",\"name\":\"Servicio de Pediatr\u00eda y sus \u00e1reas espec\u00edficas - CST\",\"isPartOf\":{\"@id\":\"https:\/\/cst.cat\/es\/#website\"},\"datePublished\":\"2022-03-08T08:57:02+00:00\",\"dateModified\":\"2026-01-21T10:48:24+00:00\",\"breadcrumb\":{\"@id\":\"https:\/\/cst.cat\/es\/servei\/servicio-de-pediatria-y-sus-areas-especificas\/#breadcrumb\"},\"inLanguage\":\"es\",\"potentialAction\":[{\"@type\":\"ReadAction\",\"target\":[\"https:\/\/cst.cat\/es\/servei\/servicio-de-pediatria-y-sus-areas-especificas\/\"]}]},{\"@type\":\"BreadcrumbList\",\"@id\":\"https:\/\/cst.cat\/es\/servei\/servicio-de-pediatria-y-sus-areas-especificas\/#breadcrumb\",\"itemListElement\":[{\"@type\":\"ListItem\",\"position\":1,\"name\":\"Inici\",\"item\":\"https:\/\/cst.cat\/es\/\"},{\"@type\":\"ListItem\",\"position\":2,\"name\":\"Servicio de Pediatr\u00eda y sus \u00e1reas espec\u00edficas\"}]},{\"@type\":\"WebSite\",\"@id\":\"https:\/\/cst.cat\/es\/#website\",\"url\":\"https:\/\/cst.cat\/es\/\",\"name\":\"CST\",\"description\":\"\",\"publisher\":{\"@id\":\"https:\/\/cst.cat\/es\/#organization\"},\"potentialAction\":[{\"@type\":\"SearchAction\",\"target\":{\"@type\":\"EntryPoint\",\"urlTemplate\":\"https:\/\/cst.cat\/es\/?s={search_term_string}\"},\"query-input\":{\"@type\":\"PropertyValueSpecification\",\"valueRequired\":true,\"valueName\":\"search_term_string\"}}],\"inLanguage\":\"es\"},{\"@type\":\"Organization\",\"@id\":\"https:\/\/cst.cat\/es\/#organization\",\"name\":\"Consorci Sanitari de Terrassa\",\"url\":\"https:\/\/cst.cat\/es\/\",\"logo\":{\"@type\":\"ImageObject\",\"inLanguage\":\"es\",\"@id\":\"https:\/\/cst.cat\/es\/#\/schema\/logo\/image\/\",\"url\":\"https:\/\/cst.cat\/wp-content\/uploads\/2021\/09\/logo-header.svg\",\"contentUrl\":\"https:\/\/cst.cat\/wp-content\/uploads\/2021\/09\/logo-header.svg\",\"width\":90,\"height\":32,\"caption\":\"Consorci Sanitari de Terrassa\"},\"image\":{\"@id\":\"https:\/\/cst.cat\/es\/#\/schema\/logo\/image\/\"}}]}<\/script>\n<!-- \/ Yoast SEO plugin. -->","yoast_head_json":{"title":"Servicio de Pediatr\u00eda y sus \u00e1reas espec\u00edficas - CST","robots":{"index":"index","follow":"follow","max-snippet":"max-snippet:-1","max-image-preview":"max-image-preview:large","max-video-preview":"max-video-preview:-1"},"canonical":"https:\/\/cst.cat\/es\/servei\/servicio-de-pediatria-y-sus-areas-especificas\/","og_locale":"es_ES","og_type":"article","og_title":"Servicio de Pediatr\u00eda y sus \u00e1reas espec\u00edficas - CST","og_description":"La Pediatr\u00eda es la especialidad m\u00e9dica que estudia al ni\u00f1o y sus enfermedades, basado en un enfoque biopsicosocial de su salud. Cronol\u00f3gicamente la Pediatr\u00eda abarca desde el nacimiento hasta la adolescencia, distinguiendo diversas etapas: neonatolog\u00eda, lactante, preescolar, escolar y adolescencia. El Servicio de Pediatr\u00eda del CST est\u00e1 preparado para la atenci\u00f3n de situaciones de salud [&hellip;]","og_url":"https:\/\/cst.cat\/es\/servei\/servicio-de-pediatria-y-sus-areas-especificas\/","og_site_name":"CST","article_modified_time":"2026-01-21T10:48:24+00:00","twitter_card":"summary_large_image","twitter_misc":{"Tiempo de lectura":"3 minutos"},"schema":{"@context":"https:\/\/schema.org","@graph":[{"@type":"WebPage","@id":"https:\/\/cst.cat\/es\/servei\/servicio-de-pediatria-y-sus-areas-especificas\/","url":"https:\/\/cst.cat\/es\/servei\/servicio-de-pediatria-y-sus-areas-especificas\/","name":"Servicio de Pediatr\u00eda y sus \u00e1reas espec\u00edficas - CST","isPartOf":{"@id":"https:\/\/cst.cat\/es\/#website"},"datePublished":"2022-03-08T08:57:02+00:00","dateModified":"2026-01-21T10:48:24+00:00","breadcrumb":{"@id":"https:\/\/cst.cat\/es\/servei\/servicio-de-pediatria-y-sus-areas-especificas\/#breadcrumb"},"inLanguage":"es","potentialAction":[{"@type":"ReadAction","target":["https:\/\/cst.cat\/es\/servei\/servicio-de-pediatria-y-sus-areas-especificas\/"]}]},{"@type":"BreadcrumbList","@id":"https:\/\/cst.cat\/es\/servei\/servicio-de-pediatria-y-sus-areas-especificas\/#breadcrumb","itemListElement":[{"@type":"ListItem","position":1,"name":"Inici","item":"https:\/\/cst.cat\/es\/"},{"@type":"ListItem","position":2,"name":"Servicio de Pediatr\u00eda y sus \u00e1reas espec\u00edficas"}]},{"@type":"WebSite","@id":"https:\/\/cst.cat\/es\/#website","url":"https:\/\/cst.cat\/es\/","name":"CST","description":"","publisher":{"@id":"https:\/\/cst.cat\/es\/#organization"},"potentialAction":[{"@type":"SearchAction","target":{"@type":"EntryPoint","urlTemplate":"https:\/\/cst.cat\/es\/?s={search_term_string}"},"query-input":{"@type":"PropertyValueSpecification","valueRequired":true,"valueName":"search_term_string"}}],"inLanguage":"es"},{"@type":"Organization","@id":"https:\/\/cst.cat\/es\/#organization","name":"Consorci Sanitari de Terrassa","url":"https:\/\/cst.cat\/es\/","logo":{"@type":"ImageObject","inLanguage":"es","@id":"https:\/\/cst.cat\/es\/#\/schema\/logo\/image\/","url":"https:\/\/cst.cat\/wp-content\/uploads\/2021\/09\/logo-header.svg","contentUrl":"https:\/\/cst.cat\/wp-content\/uploads\/2021\/09\/logo-header.svg","width":90,"height":32,"caption":"Consorci Sanitari de Terrassa"},"image":{"@id":"https:\/\/cst.cat\/es\/#\/schema\/logo\/image\/"}}]}},"_links":{"self":[{"href":"https:\/\/cst.cat\/es\/wp-json\/wp\/v2\/servei\/9031","targetHints":{"allow":["GET"]}}],"collection":[{"href":"https:\/\/cst.cat\/es\/wp-json\/wp\/v2\/servei"}],"about":[{"href":"https:\/\/cst.cat\/es\/wp-json\/wp\/v2\/types\/servei"}],"wp:attachment":[{"href":"https:\/\/cst.cat\/es\/wp-json\/wp\/v2\/media?parent=9031"}],"wp:term":[{"taxonomy":"post_tag","embeddable":true,"href":"https:\/\/cst.cat\/es\/wp-json\/wp\/v2\/tags?post=9031"},{"taxonomy":"cartera_de_servei","embeddable":true,"href":"https:\/\/cst.cat\/es\/wp-json\/wp\/v2\/cartera_de_servei?post=9031"},{"taxonomy":"categoria_servei","embeddable":true,"href":"https:\/\/cst.cat\/es\/wp-json\/wp\/v2\/categoria_servei?post=9031"}],"curies":[{"name":"wp","href":"https:\/\/api.w.org\/{rel}","templated":true}]}}