{"id":9358,"date":"2022-03-08T16:16:42","date_gmt":"2022-03-08T15:16:42","guid":{"rendered":"https:\/\/cst.cat\/transparencia\/%transparencies%\/funcionamiento\/organos-de-gestion\/comite-de-direccion\/"},"modified":"2025-11-24T14:57:51","modified_gmt":"2025-11-24T13:57:51","slug":"comite-de-direccion","status":"publish","type":"transparencia","link":"https:\/\/cst.cat\/es\/transparencia\/portal-de-transparencia-es\/funcionamiento\/organos-de-gestion\/comite-de-direccion\/","title":{"rendered":"Comit\u00e9 de Direcci\u00f3n"},"content":{"rendered":"\n<div style=\"height:10px\" aria-hidden=\"true\" class=\"wp-block-spacer\"><\/div>\n\n\n\n<h2 class=\"wp-block-heading\" id=\"curriculum-vitae-d-alts-carrecs-i-directius\"><strong>Curr\u00edculum vitae de altos cargos y directivos<\/strong><\/h2>\n\n\n\n<div style=\"height:20px\" aria-hidden=\"true\" class=\"wp-block-spacer\"><\/div>\n\n\n\n<div class=\"wp-block-columns is-style-default is-layout-flex wp-container-core-columns-is-layout-9d6595d7 wp-block-columns-is-layout-flex\">\n<div class=\"wp-block-column is-layout-flow wp-block-column-is-layout-flow\">\n<figure class=\"size-full ombra-img\"><img decoding=\"async\" src=\"https:\/\/cst.cat\/wp-content\/uploads\/2023\/03\/ferran-garcia-cardona-1.jpg\" alt=\"\" class=\"\"><\/figure>\n\n\n\n<div style=\"height:25px\" aria-hidden=\"true\" class=\"wp-block-spacer\"><\/div>\n\n\n\n<p class=\"cv-nom\">Ferran Garcia Cardona<\/p>\n\n\n\n<p class=\"cv-carrec\">Director Gerente<\/p>\n\n\n\n<div class=\"wp-block-buttons is-layout-flex wp-block-buttons-is-layout-flex\">\n<div class=\"wp-block-button has-custom-font-size is-style-button-blau\" style=\"font-size:12px\"><a class=\"wp-block-button__link wp-element-button\" href=\"https:\/\/cst.cat\/wp-content\/uploads\/2024\/09\/Ferran-Garcia-Cardona-CV.pdf\" target=\"_blank\" rel=\"noreferrer noopener\">Perfil y trayectoria profesional<\/a><\/div>\n<\/div>\n<\/div>\n\n\n\n<div class=\"wp-block-column is-layout-flow wp-block-column-is-layout-flow\">\n<figure class=\"size-full ombra-img\"><img decoding=\"async\" src=\"https:\/\/cst.cat\/wp-content\/uploads\/2024\/09\/botta-web-1.png\" alt=\"\" class=\"\"><\/figure>\n\n\n\n<div style=\"height:25px\" aria-hidden=\"true\" class=\"wp-block-spacer\"><\/div>\n\n\n\n<p class=\"cv-nom\">M\u00f2nica Botta Santasuana<\/p>\n\n\n\n<p class=\"cv-carrec\">Directora Asistencial<\/p>\n\n\n\n<div class=\"wp-block-buttons is-layout-flex wp-block-buttons-is-layout-flex\">\n<div class=\"wp-block-button has-custom-font-size is-style-button-blau\" style=\"font-size:12px\"><a class=\"wp-block-button__link wp-element-button\" href=\"https:\/\/cst.cat\/wp-content\/uploads\/2024\/09\/Monica-Botta-Santasuana-CV.pdf\" target=\"_blank\" rel=\"noreferrer noopener\">Perfil y trayectoria profesional<\/a><\/div>\n<\/div>\n<\/div>\n\n\n\n<div class=\"wp-block-column is-layout-flow wp-block-column-is-layout-flow\">\n<figure class=\"size-full ombra-img\"><img decoding=\"async\" src=\"https:\/\/cst.cat\/wp-content\/uploads\/2025\/03\/mida-web.png\" alt=\"\" class=\"\"><\/figure>\n\n\n\n<div style=\"height:25px\" aria-hidden=\"true\" class=\"wp-block-spacer\"><\/div>\n\n\n\n<p class=\"cv-nom\">Adri\u00e0 Sard\u00e0 Ventosa<\/p>\n\n\n\n<p class=\"cv-carrec\">Director Econ\u00f3mico <br>Financiero<\/p>\n\n\n\n<div class=\"wp-block-buttons is-layout-flex wp-block-buttons-is-layout-flex\">\n<div class=\"wp-block-button has-custom-font-size is-style-button-blau\" style=\"font-size:12px\"><a class=\"wp-block-button__link wp-element-button\" href=\"https:\/\/cst.cat\/wp-content\/uploads\/2025\/03\/Adria-Sarda-Ventosa-CV-es.pdf\" target=\"_blank\" rel=\"noreferrer noopener\">Perfil y trayectoria profesional<\/a><\/div>\n<\/div>\n<\/div>\n<\/div>\n\n\n\n<div style=\"height:60px\" aria-hidden=\"true\" class=\"wp-block-spacer\"><\/div>\n\n\n\n<div class=\"wp-block-columns is-style-default is-layout-flex wp-container-core-columns-is-layout-9d6595d7 wp-block-columns-is-layout-flex\">\n<div class=\"wp-block-column is-layout-flow wp-block-column-is-layout-flow\">\n<figure class=\"size-full ombra-img\"><img decoding=\"async\" src=\"https:\/\/cst.cat\/wp-content\/uploads\/2022\/01\/antonia-villalba.jpg\" alt=\"\" class=\"\"><\/figure>\n\n\n\n<div style=\"height:25px\" aria-hidden=\"true\" class=\"wp-block-spacer\"><\/div>\n\n\n\n<p class=\"cv-nom\">Antonia Villalba Cervantes<\/p>\n\n\n\n<p class=\"cv-carrec\">Directora de Enfermer\u00eda<\/p>\n\n\n\n<div class=\"wp-block-buttons is-layout-flex wp-block-buttons-is-layout-flex\">\n<div class=\"wp-block-button has-custom-font-size is-style-button-blau\" style=\"font-size:12px\"><a class=\"wp-block-button__link wp-element-button\" href=\"https:\/\/cst.cat\/wp-content\/uploads\/2024\/09\/Antonia-Villalba-CV.pdf\" target=\"_blank\" rel=\"noreferrer noopener\">Perfil y trayectoria profesional<\/a><\/div>\n<\/div>\n<\/div>\n\n\n\n<div class=\"wp-block-column is-layout-flow wp-block-column-is-layout-flow\">\n<figure class=\"size-full ombra-img\"><img decoding=\"async\" src=\"https:\/\/cst.cat\/wp-content\/uploads\/2022\/01\/cristina-roure.jpg\" alt=\"\" class=\"\"><\/figure>\n\n\n\n<div style=\"height:25px\" aria-hidden=\"true\" class=\"wp-block-spacer\"><\/div>\n\n\n\n<p class=\"cv-nom\">Cristina Roure Nuez<\/p>\n\n\n\n<p class=\"cv-carrec\">Directora de Estrategia<\/p>\n\n\n\n<div class=\"wp-block-buttons is-layout-flex wp-block-buttons-is-layout-flex\">\n<div class=\"wp-block-button has-custom-font-size is-style-button-blau\" style=\"font-size:12px\"><a class=\"wp-block-button__link wp-element-button\" href=\"https:\/\/cst.cat\/wp-content\/uploads\/2024\/09\/Cristina-Roure-CV.pdf\" target=\"_blank\" rel=\"noreferrer noopener\">Perfil y trayectoria profesional<\/a><\/div>\n<\/div>\n<\/div>\n\n\n\n<div class=\"wp-block-column is-layout-flow wp-block-column-is-layout-flow\">\n<figure class=\"size-full ombra-img\"><img loading=\"lazy\" decoding=\"async\" src=\"https:\/\/cst.cat\/wp-content\/uploads\/2025\/03\/carmen-carmona.jpg\" alt=\"\" class=\"\" height=\"230\" width=\"230\"><\/figure>\n\n\n\n<div style=\"height:25px\" aria-hidden=\"true\" class=\"wp-block-spacer\"><\/div>\n\n\n\n<p class=\"cv-nom\">Carmen Carmona Gallardo<\/p>\n\n\n\n<p class=\"cv-carrec\">Direcci\u00f3n de infraestructuras <br>y medio ambiente<\/p>\n\n\n\n<div class=\"wp-block-buttons is-layout-flex wp-block-buttons-is-layout-flex\">\n<div class=\"wp-block-button has-custom-font-size is-style-button-blau\" style=\"font-size:12px\"><a class=\"wp-block-button__link wp-element-button\" href=\"https:\/\/cst.cat\/wp-content\/uploads\/2025\/03\/Carmen-Carmona-Gallardo-CV-ca.pdf\" target=\"_blank\" rel=\"noreferrer noopener\">Perfil y trayectoria profesional<\/a><\/div>\n<\/div>\n<\/div>\n<\/div>\n\n\n\n<div style=\"height:60px\" aria-hidden=\"true\" class=\"wp-block-spacer\"><\/div>\n\n\n\n<div class=\"wp-block-columns is-style-default is-layout-flex wp-container-core-columns-is-layout-9d6595d7 wp-block-columns-is-layout-flex\">\n<div class=\"wp-block-column is-layout-flow wp-block-column-is-layout-flow\">\n<figure class=\"size-full ombra-img\"><img loading=\"lazy\" decoding=\"async\" src=\"https:\/\/cst.cat\/wp-content\/uploads\/2025\/08\/albert-marquez.jpg\" alt=\"\" class=\"\" width=\"230\" height=\"230\"><\/figure>\n\n\n\n<div style=\"height:25px\" aria-hidden=\"true\" class=\"wp-block-spacer\"><\/div>\n\n\n\n<p class=\"cv-nom\">Albert M\u00e0rquez Colom\u00e9<\/p>\n\n\n\n<p class=\"cv-carrec\">Director en Sistemas de Informaci\u00f3n y Nuevas Tecnolog\u00edas<\/p>\n\n\n\n<div class=\"wp-block-buttons is-layout-flex wp-block-buttons-is-layout-flex\">\n<div class=\"wp-block-button has-custom-font-size is-style-button-blau\" style=\"font-size:12px\"><a class=\"wp-block-button__link wp-element-button\" href=\"https:\/\/cst.cat\/wp-content\/uploads\/2025\/08\/Albert-Marquez-Colome-CV.pdf\" target=\"_blank\" rel=\"noreferrer noopener\">Perfil y trayectoria profesional<\/a><\/div>\n<\/div>\n<\/div>\n\n\n\n<div class=\"wp-block-column is-layout-flow wp-block-column-is-layout-flow\">\n<figure class=\"size-full ombra-img\"><img decoding=\"async\" src=\"https:\/\/cst.cat\/wp-content\/uploads\/2023\/11\/isabel-arrieta.jpeg\"  alt=\"\" class=\"\"><\/figure>\n\n\n\n<div style=\"height:25px\" aria-hidden=\"true\" class=\"wp-block-spacer\"><\/div>\n\n\n\n<p class=\"cv-nom\">Isabel Arrieta Segura<\/p>\n\n\n\n<p class=\"cv-carrec\">Directora de Recursos Humanos y Gesti\u00f3n de Personas<\/p>\n\n\n\n<div class=\"wp-block-buttons is-layout-flex wp-block-buttons-is-layout-flex\">\n<div class=\"wp-block-button has-custom-font-size is-style-button-blau\" style=\"font-size:12px\"><a class=\"wp-block-button__link wp-element-button\" href=\"https:\/\/cst.cat\/wp-content\/uploads\/2024\/09\/Isabel-Arrieta-CV.pdf\" target=\"_blank\" rel=\"noreferrer noopener\">Perfil y trayectoria profesional<\/a><\/div>\n<\/div>\n<\/div>\n\n\n\n<div class=\"wp-block-column is-layout-flow wp-block-column-is-layout-flow\">\n<figure class=\"size-full ombra-img\"><img decoding=\"async\" src=\"https:\/\/cst.cat\/wp-content\/uploads\/2023\/03\/antonia-olivares-hortal.jpg\" alt=\"\" class=\"\"><\/figure>\n\n\n\n<div style=\"height:25px\" aria-hidden=\"true\" class=\"wp-block-spacer\"><\/div>\n\n\n\n<p class=\"cv-nom\">Antonia Olivares Hortal<\/p>\n\n\n\n<p class=\"cv-carrec\">Directora de asuntos jur\u00eddicos y protecci\u00f3n de datos<\/p>\n\n\n\n<div class=\"wp-block-buttons is-layout-flex wp-block-buttons-is-layout-flex\">\n<div class=\"wp-block-button has-custom-font-size is-style-button-blau\" style=\"font-size:12px\"><a class=\"wp-block-button__link wp-element-button\" href=\"https:\/\/cst.cat\/wp-content\/uploads\/2024\/09\/Antonia-Olivares-Hortal-CV.pdf\" target=\"_blank\" rel=\"noreferrer noopener\">Perfil y trayectoria profesional<\/a><\/div>\n<\/div>\n<\/div>\n<\/div>\n\n\n\n<div style=\"height:60px\" aria-hidden=\"true\" class=\"wp-block-spacer\"><\/div>\n\n\n\n<div class=\"wp-block-columns is-style-default is-layout-flex wp-container-core-columns-is-layout-9d6595d7 wp-block-columns-is-layout-flex\">\n<div class=\"wp-block-column is-layout-flow wp-block-column-is-layout-flow\"><\/div>\n\n\n\n<div class=\"wp-block-column is-layout-flow wp-block-column-is-layout-flow\"><\/div>\n<\/div>\n\n\n\n<div style=\"height:60px\" aria-hidden=\"true\" class=\"wp-block-spacer\"><\/div>\n","protected":false},"parent":9348,"menu_order":0,"template":"","tags":[],"transparencies":[206],"class_list":["post-9358","transparencia","type-transparencia","status-publish","hentry","transparencies-portal-de-transparencia-es"],"acf":[],"yoast_head":"<!-- This site is optimized with the Yoast SEO plugin v27.2 - https:\/\/yoast.com\/product\/yoast-seo-wordpress\/ -->\n<title>Comit\u00e9 de Direcci\u00f3n - CST<\/title>\n<meta name=\"robots\" content=\"index, follow, max-snippet:-1, max-image-preview:large, max-video-preview:-1\" \/>\n<link rel=\"canonical\" href=\"https:\/\/cst.cat\/es\/transparencia\/portal-de-transparencia-es\/funcionamiento\/organos-de-gestion\/comite-de-direccion\/\" \/>\n<meta property=\"og:locale\" content=\"es_ES\" \/>\n<meta property=\"og:type\" content=\"article\" \/>\n<meta property=\"og:title\" content=\"Comit\u00e9 de Direcci\u00f3n - CST\" \/>\n<meta property=\"og:description\" content=\"Curr\u00edculum vitae de altos cargos y directivos Ferran Garcia Cardona Director Gerente M\u00f2nica Botta Santasuana Directora Asistencial Adri\u00e0 Sard\u00e0 Ventosa Director Econ\u00f3mico Financiero Antonia Villalba Cervantes Directora de Enfermer\u00eda Cristina Roure Nuez Directora de Estrategia Carmen Carmona Gallardo Direcci\u00f3n de infraestructuras y medio ambiente Albert M\u00e0rquez Colom\u00e9 Director en Sistemas de Informaci\u00f3n y Nuevas Tecnolog\u00edas [&hellip;]\" \/>\n<meta property=\"og:url\" content=\"https:\/\/cst.cat\/es\/transparencia\/portal-de-transparencia-es\/funcionamiento\/organos-de-gestion\/comite-de-direccion\/\" \/>\n<meta property=\"og:site_name\" content=\"CST\" \/>\n<meta property=\"article:modified_time\" content=\"2025-11-24T13:57:51+00:00\" \/>\n<meta property=\"og:image\" content=\"https:\/\/cst.cat\/wp-content\/uploads\/2023\/03\/ferran-garcia-cardona-1.jpg\" \/>\n<meta name=\"twitter:card\" content=\"summary_large_image\" \/>\n<meta name=\"twitter:label1\" content=\"Tiempo de lectura\" \/>\n\t<meta name=\"twitter:data1\" content=\"3 minutos\" \/>\n<script type=\"application\/ld+json\" class=\"yoast-schema-graph\">{\"@context\":\"https:\/\/schema.org\",\"@graph\":[{\"@type\":\"WebPage\",\"@id\":\"https:\/\/cst.cat\/es\/transparencia\/portal-de-transparencia-es\/funcionamiento\/organos-de-gestion\/comite-de-direccion\/\",\"url\":\"https:\/\/cst.cat\/es\/transparencia\/portal-de-transparencia-es\/funcionamiento\/organos-de-gestion\/comite-de-direccion\/\",\"name\":\"Comit\u00e9 de Direcci\u00f3n - CST\",\"isPartOf\":{\"@id\":\"https:\/\/cst.cat\/es\/#website\"},\"primaryImageOfPage\":{\"@id\":\"https:\/\/cst.cat\/es\/transparencia\/portal-de-transparencia-es\/funcionamiento\/organos-de-gestion\/comite-de-direccion\/#primaryimage\"},\"image\":{\"@id\":\"https:\/\/cst.cat\/es\/transparencia\/portal-de-transparencia-es\/funcionamiento\/organos-de-gestion\/comite-de-direccion\/#primaryimage\"},\"thumbnailUrl\":\"https:\/\/cst.cat\/wp-content\/uploads\/2023\/03\/ferran-garcia-cardona-1.jpg\",\"datePublished\":\"2022-03-08T15:16:42+00:00\",\"dateModified\":\"2025-11-24T13:57:51+00:00\",\"breadcrumb\":{\"@id\":\"https:\/\/cst.cat\/es\/transparencia\/portal-de-transparencia-es\/funcionamiento\/organos-de-gestion\/comite-de-direccion\/#breadcrumb\"},\"inLanguage\":\"es\",\"potentialAction\":[{\"@type\":\"ReadAction\",\"target\":[\"https:\/\/cst.cat\/es\/transparencia\/portal-de-transparencia-es\/funcionamiento\/organos-de-gestion\/comite-de-direccion\/\"]}]},{\"@type\":\"ImageObject\",\"inLanguage\":\"es\",\"@id\":\"https:\/\/cst.cat\/es\/transparencia\/portal-de-transparencia-es\/funcionamiento\/organos-de-gestion\/comite-de-direccion\/#primaryimage\",\"url\":\"https:\/\/cst.cat\/wp-content\/uploads\/2023\/03\/ferran-garcia-cardona-1.jpg\",\"contentUrl\":\"https:\/\/cst.cat\/wp-content\/uploads\/2023\/03\/ferran-garcia-cardona-1.jpg\"},{\"@type\":\"BreadcrumbList\",\"@id\":\"https:\/\/cst.cat\/es\/transparencia\/portal-de-transparencia-es\/funcionamiento\/organos-de-gestion\/comite-de-direccion\/#breadcrumb\",\"itemListElement\":[{\"@type\":\"ListItem\",\"position\":1,\"name\":\"Inici\",\"item\":\"https:\/\/cst.cat\/es\/\"},{\"@type\":\"ListItem\",\"position\":2,\"name\":\"Funcionamiento\",\"item\":\"https:\/\/cst.cat\/es\/transparencia\/portal-de-transparencia-es\/funcionamiento\/\"},{\"@type\":\"ListItem\",\"position\":3,\"name\":\"\u00d3rganos de gesti\u00f3n\",\"item\":\"https:\/\/cst.cat\/es\/transparencia\/portal-de-transparencia-es\/funcionamiento\/organos-de-gestion\/\"},{\"@type\":\"ListItem\",\"position\":4,\"name\":\"Comit\u00e9 de Direcci\u00f3n\"}]},{\"@type\":\"WebSite\",\"@id\":\"https:\/\/cst.cat\/es\/#website\",\"url\":\"https:\/\/cst.cat\/es\/\",\"name\":\"CST\",\"description\":\"\",\"publisher\":{\"@id\":\"https:\/\/cst.cat\/es\/#organization\"},\"potentialAction\":[{\"@type\":\"SearchAction\",\"target\":{\"@type\":\"EntryPoint\",\"urlTemplate\":\"https:\/\/cst.cat\/es\/?s={search_term_string}\"},\"query-input\":{\"@type\":\"PropertyValueSpecification\",\"valueRequired\":true,\"valueName\":\"search_term_string\"}}],\"inLanguage\":\"es\"},{\"@type\":\"Organization\",\"@id\":\"https:\/\/cst.cat\/es\/#organization\",\"name\":\"Consorci Sanitari de Terrassa\",\"url\":\"https:\/\/cst.cat\/es\/\",\"logo\":{\"@type\":\"ImageObject\",\"inLanguage\":\"es\",\"@id\":\"https:\/\/cst.cat\/es\/#\/schema\/logo\/image\/\",\"url\":\"https:\/\/cst.cat\/wp-content\/uploads\/2021\/09\/logo-header.svg\",\"contentUrl\":\"https:\/\/cst.cat\/wp-content\/uploads\/2021\/09\/logo-header.svg\",\"width\":90,\"height\":32,\"caption\":\"Consorci Sanitari de Terrassa\"},\"image\":{\"@id\":\"https:\/\/cst.cat\/es\/#\/schema\/logo\/image\/\"}}]}<\/script>\n<!-- \/ Yoast SEO plugin. -->","yoast_head_json":{"title":"Comit\u00e9 de Direcci\u00f3n - CST","robots":{"index":"index","follow":"follow","max-snippet":"max-snippet:-1","max-image-preview":"max-image-preview:large","max-video-preview":"max-video-preview:-1"},"canonical":"https:\/\/cst.cat\/es\/transparencia\/portal-de-transparencia-es\/funcionamiento\/organos-de-gestion\/comite-de-direccion\/","og_locale":"es_ES","og_type":"article","og_title":"Comit\u00e9 de Direcci\u00f3n - CST","og_description":"Curr\u00edculum vitae de altos cargos y directivos Ferran Garcia Cardona Director Gerente M\u00f2nica Botta Santasuana Directora Asistencial Adri\u00e0 Sard\u00e0 Ventosa Director Econ\u00f3mico Financiero Antonia Villalba Cervantes Directora de Enfermer\u00eda Cristina Roure Nuez Directora de Estrategia Carmen Carmona Gallardo Direcci\u00f3n de infraestructuras y medio ambiente Albert M\u00e0rquez Colom\u00e9 Director en Sistemas de Informaci\u00f3n y Nuevas Tecnolog\u00edas [&hellip;]","og_url":"https:\/\/cst.cat\/es\/transparencia\/portal-de-transparencia-es\/funcionamiento\/organos-de-gestion\/comite-de-direccion\/","og_site_name":"CST","article_modified_time":"2025-11-24T13:57:51+00:00","og_image":[{"url":"https:\/\/cst.cat\/wp-content\/uploads\/2023\/03\/ferran-garcia-cardona-1.jpg","type":"","width":"","height":""}],"twitter_card":"summary_large_image","twitter_misc":{"Tiempo de lectura":"3 minutos"},"schema":{"@context":"https:\/\/schema.org","@graph":[{"@type":"WebPage","@id":"https:\/\/cst.cat\/es\/transparencia\/portal-de-transparencia-es\/funcionamiento\/organos-de-gestion\/comite-de-direccion\/","url":"https:\/\/cst.cat\/es\/transparencia\/portal-de-transparencia-es\/funcionamiento\/organos-de-gestion\/comite-de-direccion\/","name":"Comit\u00e9 de Direcci\u00f3n - CST","isPartOf":{"@id":"https:\/\/cst.cat\/es\/#website"},"primaryImageOfPage":{"@id":"https:\/\/cst.cat\/es\/transparencia\/portal-de-transparencia-es\/funcionamiento\/organos-de-gestion\/comite-de-direccion\/#primaryimage"},"image":{"@id":"https:\/\/cst.cat\/es\/transparencia\/portal-de-transparencia-es\/funcionamiento\/organos-de-gestion\/comite-de-direccion\/#primaryimage"},"thumbnailUrl":"https:\/\/cst.cat\/wp-content\/uploads\/2023\/03\/ferran-garcia-cardona-1.jpg","datePublished":"2022-03-08T15:16:42+00:00","dateModified":"2025-11-24T13:57:51+00:00","breadcrumb":{"@id":"https:\/\/cst.cat\/es\/transparencia\/portal-de-transparencia-es\/funcionamiento\/organos-de-gestion\/comite-de-direccion\/#breadcrumb"},"inLanguage":"es","potentialAction":[{"@type":"ReadAction","target":["https:\/\/cst.cat\/es\/transparencia\/portal-de-transparencia-es\/funcionamiento\/organos-de-gestion\/comite-de-direccion\/"]}]},{"@type":"ImageObject","inLanguage":"es","@id":"https:\/\/cst.cat\/es\/transparencia\/portal-de-transparencia-es\/funcionamiento\/organos-de-gestion\/comite-de-direccion\/#primaryimage","url":"https:\/\/cst.cat\/wp-content\/uploads\/2023\/03\/ferran-garcia-cardona-1.jpg","contentUrl":"https:\/\/cst.cat\/wp-content\/uploads\/2023\/03\/ferran-garcia-cardona-1.jpg"},{"@type":"BreadcrumbList","@id":"https:\/\/cst.cat\/es\/transparencia\/portal-de-transparencia-es\/funcionamiento\/organos-de-gestion\/comite-de-direccion\/#breadcrumb","itemListElement":[{"@type":"ListItem","position":1,"name":"Inici","item":"https:\/\/cst.cat\/es\/"},{"@type":"ListItem","position":2,"name":"Funcionamiento","item":"https:\/\/cst.cat\/es\/transparencia\/portal-de-transparencia-es\/funcionamiento\/"},{"@type":"ListItem","position":3,"name":"\u00d3rganos de gesti\u00f3n","item":"https:\/\/cst.cat\/es\/transparencia\/portal-de-transparencia-es\/funcionamiento\/organos-de-gestion\/"},{"@type":"ListItem","position":4,"name":"Comit\u00e9 de Direcci\u00f3n"}]},{"@type":"WebSite","@id":"https:\/\/cst.cat\/es\/#website","url":"https:\/\/cst.cat\/es\/","name":"CST","description":"","publisher":{"@id":"https:\/\/cst.cat\/es\/#organization"},"potentialAction":[{"@type":"SearchAction","target":{"@type":"EntryPoint","urlTemplate":"https:\/\/cst.cat\/es\/?s={search_term_string}"},"query-input":{"@type":"PropertyValueSpecification","valueRequired":true,"valueName":"search_term_string"}}],"inLanguage":"es"},{"@type":"Organization","@id":"https:\/\/cst.cat\/es\/#organization","name":"Consorci Sanitari de Terrassa","url":"https:\/\/cst.cat\/es\/","logo":{"@type":"ImageObject","inLanguage":"es","@id":"https:\/\/cst.cat\/es\/#\/schema\/logo\/image\/","url":"https:\/\/cst.cat\/wp-content\/uploads\/2021\/09\/logo-header.svg","contentUrl":"https:\/\/cst.cat\/wp-content\/uploads\/2021\/09\/logo-header.svg","width":90,"height":32,"caption":"Consorci Sanitari de Terrassa"},"image":{"@id":"https:\/\/cst.cat\/es\/#\/schema\/logo\/image\/"}}]}},"_links":{"self":[{"href":"https:\/\/cst.cat\/es\/wp-json\/wp\/v2\/transparencia\/9358","targetHints":{"allow":["GET"]}}],"collection":[{"href":"https:\/\/cst.cat\/es\/wp-json\/wp\/v2\/transparencia"}],"about":[{"href":"https:\/\/cst.cat\/es\/wp-json\/wp\/v2\/types\/transparencia"}],"up":[{"embeddable":true,"href":"https:\/\/cst.cat\/es\/wp-json\/wp\/v2\/transparencia\/9348"}],"wp:attachment":[{"href":"https:\/\/cst.cat\/es\/wp-json\/wp\/v2\/media?parent=9358"}],"wp:term":[{"taxonomy":"post_tag","embeddable":true,"href":"https:\/\/cst.cat\/es\/wp-json\/wp\/v2\/tags?post=9358"},{"taxonomy":"transparencies","embeddable":true,"href":"https:\/\/cst.cat\/es\/wp-json\/wp\/v2\/transparencies?post=9358"}],"curies":[{"name":"wp","href":"https:\/\/api.w.org\/{rel}","templated":true}]}}